{"id":12425,"date":"2023-06-30T10:45:08","date_gmt":"2023-06-30T09:59:34","guid":{"rendered":"https:\/\/www.andrefrereditions.com\/?post_type=product&#038;p=12425"},"modified":"2025-06-26T11:18:49","modified_gmt":"2025-06-26T09:18:49","slug":"alltags-fantasie","status":"publish","type":"product","link":"https:\/\/www.andrefrereditions.com\/en\/books\/photography\/alltags-fantasie\/","title":{"rendered":"Alltagsfantasie"},"content":{"rendered":"<ul class=\"infos-livre\">\n<li>Photographs : Joanna Szproch<\/li>\n<li>Texts: Agata Ciasto\u0144<\/li>\n<li>Design: Nora Cristea<\/li>\n<li>Translations: AGIT Translations and Mariia Zin<\/li>\n<li>144 pages<\/li>\n<li>24 x 32 cm<\/li>\n<li>Open-spine + silk-screened jacket with phosphorescent ink<\/li>\n<li>90 colour pictures<\/li>\n<li>Polish, English, French, German<\/li>\n<li>ISBN : 978-2-492696-15-2<\/li>\n<li>\u20ac 45 \u2014 \u20ac 200<\/li>\n<li>This book was supported by the Berlin Senate Department for Culture and Europe and the Stiftung Kunstfonds.<\/li>\n<\/ul>\n<p>A publication that itself becomes a work of art: <em>Alltagsfantasie<\/em> \u00a0(Everyday Fantasy)\u00a0by Joanna Szproch. An ode to sexual autonomy and celebrated female sensuality that questions patriarchal structures in the process. With Everyday Fantasy, Joanna Szproch has succeeded in creating a bold debut work, a cohesive work of art that focuses on the pleasurable pursuit of self-empowerment.<\/p>\n<h2>A limited edition of 45 copies<\/h2>\n<p>Order your book numbered and signed by Joanna Szproch <strong>+ a signed 15 x 18 cm print<\/strong> C-Print &#8211; \u20ac120<strong><br \/>\n<a class=\"in_page_button\" href=\"\/panier\/?add-to-cart=12392&amp;variation_id=12435&amp;attribute_pa_version=limited-edition&amp;quantity=1\">Add to cart<\/a><\/strong><br \/>\n<img loading=\"lazy\" decoding=\"async\" class=\"alignnone wp-image-12395 size-full\" src=\"https:\/\/www.andrefrereditions.com\/wp-content\/uploads\/2023\/06\/alltags-fantasie-joanna-szproch-2.jpg\" alt=\"\" width=\"430\" height=\"573\" srcset=\"https:\/\/www.andrefrereditions.com\/wp-content\/uploads\/2023\/06\/alltags-fantasie-joanna-szproch-2.jpg 430w, https:\/\/www.andrefrereditions.com\/wp-content\/uploads\/2023\/06\/alltags-fantasie-joanna-szproch-2-225x300.jpg 225w, https:\/\/www.andrefrereditions.com\/wp-content\/uploads\/2023\/06\/alltags-fantasie-joanna-szproch-2-420x560.jpg 420w\" sizes=\"auto, (max-width: 430px) 100vw, 430px\" \/><\/p>\n<h2>2 special editions in 6 copies<\/h2>\n<p>Order your book signed by the author <strong>+ a 20 x 30 cm print, numbered from 1 to 6 and signed.<\/strong> C-Print &#8211; 250 \u20ac<\/p>\n<p><strong>PICTURE #1<\/strong> <strong><a class=\"in_page_button\" href=\"\/panier\/?add-to-cart=12392&amp;variation_id=12436&amp;attribute_pa_version=special-edition-picture-1&amp;quantity=1\">Add to cart<\/a><\/strong><br \/>\n<img loading=\"lazy\" decoding=\"async\" class=\"alignnone size-full wp-image-12415\" src=\"https:\/\/www.andrefrereditions.com\/wp-content\/uploads\/2023\/06\/alltags-fantasie-joanna-szproch-12.jpg\" alt=\"\" width=\"430\" height=\"595\" srcset=\"https:\/\/www.andrefrereditions.com\/wp-content\/uploads\/2023\/06\/alltags-fantasie-joanna-szproch-12.jpg 430w, https:\/\/www.andrefrereditions.com\/wp-content\/uploads\/2023\/06\/alltags-fantasie-joanna-szproch-12-217x300.jpg 217w, https:\/\/www.andrefrereditions.com\/wp-content\/uploads\/2023\/06\/alltags-fantasie-joanna-szproch-12-420x581.jpg 420w\" sizes=\"auto, (max-width: 430px) 100vw, 430px\" \/><\/p>\n<p><strong>PICTURE #2<\/strong> <strong><a class=\"in_page_button\" href=\"\/panier\/?add-to-cart=12392&amp;variation_id=12437&amp;attribute_pa_version=special-edition-picture-2&amp;quantity=1\">Add to cart<\/a><\/strong><br \/>\n<img loading=\"lazy\" decoding=\"async\" class=\"alignnone size-full wp-image-12401\" src=\"https:\/\/www.andrefrereditions.com\/wp-content\/uploads\/2023\/06\/alltags-fantasie-joanna-szproch-5.jpg\" alt=\"\" width=\"430\" height=\"287\" srcset=\"https:\/\/www.andrefrereditions.com\/wp-content\/uploads\/2023\/06\/alltags-fantasie-joanna-szproch-5.jpg 430w, https:\/\/www.andrefrereditions.com\/wp-content\/uploads\/2023\/06\/alltags-fantasie-joanna-szproch-5-300x200.jpg 300w, https:\/\/www.andrefrereditions.com\/wp-content\/uploads\/2023\/06\/alltags-fantasie-joanna-szproch-5-420x280.jpg 420w\" sizes=\"auto, (max-width: 430px) 100vw, 430px\" \/><\/p>\n<h2>AlltagsFantasie, the book!<\/h2>\n<p>In her lengthy and multi-stage creative process, which began in 2010 and continued until 2021, Joanna Szproch has created more than just a remarkable excerpt of her biography: It is a condensation of temporal layers, a staging of control beliefs, and a work of art that transcends conventional categories.<\/p>\n<p><img loading=\"lazy\" decoding=\"async\" class=\"alignnone size-full wp-image-12405\" src=\"https:\/\/www.andrefrereditions.com\/wp-content\/uploads\/2023\/06\/alltags-fantasie-joanna-szproch-7.jpg\" alt=\"\" width=\"430\" height=\"282\" srcset=\"https:\/\/www.andrefrereditions.com\/wp-content\/uploads\/2023\/06\/alltags-fantasie-joanna-szproch-7.jpg 430w, https:\/\/www.andrefrereditions.com\/wp-content\/uploads\/2023\/06\/alltags-fantasie-joanna-szproch-7-300x197.jpg 300w, https:\/\/www.andrefrereditions.com\/wp-content\/uploads\/2023\/06\/alltags-fantasie-joanna-szproch-7-420x275.jpg 420w\" sizes=\"auto, (max-width: 430px) 100vw, 430px\" \/><\/p>\n<p>The book that emerged from this complex process can be seen above all as an extended and multi-layered self-portrait. It refers to both the self and the self that appears in the context of social and cultural relations.<\/p>\n<p><img loading=\"lazy\" decoding=\"async\" class=\"alignnone size-full wp-image-12413\" src=\"https:\/\/www.andrefrereditions.com\/wp-content\/uploads\/2023\/06\/alltags-fantasie-joanna-szproch-11.jpg\" alt=\"\" width=\"430\" height=\"296\" srcset=\"https:\/\/www.andrefrereditions.com\/wp-content\/uploads\/2023\/06\/alltags-fantasie-joanna-szproch-11.jpg 430w, https:\/\/www.andrefrereditions.com\/wp-content\/uploads\/2023\/06\/alltags-fantasie-joanna-szproch-11-300x207.jpg 300w, https:\/\/www.andrefrereditions.com\/wp-content\/uploads\/2023\/06\/alltags-fantasie-joanna-szproch-11-420x289.jpg 420w\" sizes=\"auto, (max-width: 430px) 100vw, 430px\" \/><\/p>\n<p>Among the various techniques of self-portraiture, photography occupies a special place. In today&#8217;s world, marked by the global use of selfies on social media, the deceptive simultaneity of roles becomes clear.<\/p>\n<p><img loading=\"lazy\" decoding=\"async\" class=\"alignnone size-full wp-image-12409\" src=\"https:\/\/www.andrefrereditions.com\/wp-content\/uploads\/2023\/06\/alltags-fantasie-joanna-szproch-9.jpg\" alt=\"\" width=\"430\" height=\"296\" srcset=\"https:\/\/www.andrefrereditions.com\/wp-content\/uploads\/2023\/06\/alltags-fantasie-joanna-szproch-9.jpg 430w, https:\/\/www.andrefrereditions.com\/wp-content\/uploads\/2023\/06\/alltags-fantasie-joanna-szproch-9-300x207.jpg 300w, https:\/\/www.andrefrereditions.com\/wp-content\/uploads\/2023\/06\/alltags-fantasie-joanna-szproch-9-420x289.jpg 420w\" sizes=\"auto, (max-width: 430px) 100vw, 430px\" \/><\/p>\n<p>It is possible to be a muse as well as a model and creator at the same time. Yet it is impossible to view one&#8217;s own person objectively, as we also wear masks for ourselves. It is precisely in these in-between worlds of &#8216;female&#8217; and &#8216;male gaze,&#8217; these boundaries between self and the outside, that Szproch explores her <em>AlltagsFantasie<\/em>.<\/p>\n<p><img loading=\"lazy\" decoding=\"async\" class=\"alignnone size-full wp-image-12411\" src=\"https:\/\/www.andrefrereditions.com\/wp-content\/uploads\/2023\/06\/alltags-fantasie-joanna-szproch-10.jpg\" alt=\"\" width=\"430\" height=\"295\" srcset=\"https:\/\/www.andrefrereditions.com\/wp-content\/uploads\/2023\/06\/alltags-fantasie-joanna-szproch-10.jpg 430w, https:\/\/www.andrefrereditions.com\/wp-content\/uploads\/2023\/06\/alltags-fantasie-joanna-szproch-10-300x206.jpg 300w, https:\/\/www.andrefrereditions.com\/wp-content\/uploads\/2023\/06\/alltags-fantasie-joanna-szproch-10-420x288.jpg 420w\" sizes=\"auto, (max-width: 430px) 100vw, 430px\" \/><\/p>\n<p>More than pure escapism: How A Fantasy Becomes Form. &#8220;Each of us has that right, that possibility, to invent ourselves daily. If a person does not invent herself, she will be invented. So, to be bodacious enough to invent ourselves is wise.&#8221; Dr. Maya Angelou.<\/p>\n<p><img loading=\"lazy\" decoding=\"async\" class=\"alignnone size-full wp-image-12397\" src=\"https:\/\/www.andrefrereditions.com\/wp-content\/uploads\/2023\/06\/alltags-fantasie-joanna-szproch-3.jpg\" alt=\"\" width=\"430\" height=\"287\" srcset=\"https:\/\/www.andrefrereditions.com\/wp-content\/uploads\/2023\/06\/alltags-fantasie-joanna-szproch-3.jpg 430w, https:\/\/www.andrefrereditions.com\/wp-content\/uploads\/2023\/06\/alltags-fantasie-joanna-szproch-3-300x200.jpg 300w, https:\/\/www.andrefrereditions.com\/wp-content\/uploads\/2023\/06\/alltags-fantasie-joanna-szproch-3-420x280.jpg 420w\" sizes=\"auto, (max-width: 430px) 100vw, 430px\" \/><\/p>\n<p>Six years after the social outcry of #metoo, influential men&#8217;s rights activists are still suggesting,that rape is not a crime against the woman herself, but rather a property crime.<\/p>\n<p><img loading=\"lazy\" decoding=\"async\" class=\"alignnone size-full wp-image-12399\" src=\"https:\/\/www.andrefrereditions.com\/wp-content\/uploads\/2023\/06\/alltags-fantasie-joanna-szproch-4.jpg\" alt=\"\" width=\"430\" height=\"287\" srcset=\"https:\/\/www.andrefrereditions.com\/wp-content\/uploads\/2023\/06\/alltags-fantasie-joanna-szproch-4.jpg 430w, https:\/\/www.andrefrereditions.com\/wp-content\/uploads\/2023\/06\/alltags-fantasie-joanna-szproch-4-300x200.jpg 300w, https:\/\/www.andrefrereditions.com\/wp-content\/uploads\/2023\/06\/alltags-fantasie-joanna-szproch-4-420x280.jpg 420w\" sizes=\"auto, (max-width: 430px) 100vw, 430px\" \/><\/p>\n<p>In the midst of these inhumane debates, Joanna Szproch fights this archaic and dysfunctional system in her fantasies on a daily basis. It is a battle against a particularly tenacious ignorance that must be fought again and again to bring about much-needed change. Proceeds from sales of various\u00a0<em>Alltagsfantasie<\/em> merch products will be donated to LARA &#8211; Rape Crisis and Counselling Centre in Berlin.<\/p>\n<p><img loading=\"lazy\" decoding=\"async\" class=\"alignnone size-full wp-image-12407\" src=\"https:\/\/www.andrefrereditions.com\/wp-content\/uploads\/2023\/06\/alltags-fantasie-joanna-szproch-8.jpg\" alt=\"\" width=\"430\" height=\"296\" srcset=\"https:\/\/www.andrefrereditions.com\/wp-content\/uploads\/2023\/06\/alltags-fantasie-joanna-szproch-8.jpg 430w, https:\/\/www.andrefrereditions.com\/wp-content\/uploads\/2023\/06\/alltags-fantasie-joanna-szproch-8-300x207.jpg 300w, https:\/\/www.andrefrereditions.com\/wp-content\/uploads\/2023\/06\/alltags-fantasie-joanna-szproch-8-420x289.jpg 420w\" sizes=\"auto, (max-width: 430px) 100vw, 430px\" \/><\/p>\n<p><em>Alltagsfantasie<\/em> is an illustrated performance in which the artist uses the medium of photography. It is an impressive work that invites us to reconsider our ideas of identity, gender roles and self-dramatization. It sharpens our view of the individual and societal search for self-empowerment and opens up space for a critical examination of existing power structures and norms.<\/p>\n<p><img loading=\"lazy\" decoding=\"async\" class=\"alignnone size-full wp-image-12393\" src=\"https:\/\/www.andrefrereditions.com\/wp-content\/uploads\/2023\/06\/alltags-fantasie-joanna-szproch-1.jpg\" alt=\"\" width=\"430\" height=\"573\" srcset=\"https:\/\/www.andrefrereditions.com\/wp-content\/uploads\/2023\/06\/alltags-fantasie-joanna-szproch-1.jpg 430w, https:\/\/www.andrefrereditions.com\/wp-content\/uploads\/2023\/06\/alltags-fantasie-joanna-szproch-1-225x300.jpg 225w, https:\/\/www.andrefrereditions.com\/wp-content\/uploads\/2023\/06\/alltags-fantasie-joanna-szproch-1-420x560.jpg 420w\" sizes=\"auto, (max-width: 430px) 100vw, 430px\" \/><img loading=\"lazy\" decoding=\"async\" class=\"alignnone size-full wp-image-12403\" src=\"https:\/\/www.andrefrereditions.com\/wp-content\/uploads\/2023\/06\/alltags-fantasie-joanna-szproch-6.jpg\" alt=\"\" width=\"430\" height=\"573\" srcset=\"https:\/\/www.andrefrereditions.com\/wp-content\/uploads\/2023\/06\/alltags-fantasie-joanna-szproch-6.jpg 430w, https:\/\/www.andrefrereditions.com\/wp-content\/uploads\/2023\/06\/alltags-fantasie-joanna-szproch-6-225x300.jpg 225w, https:\/\/www.andrefrereditions.com\/wp-content\/uploads\/2023\/06\/alltags-fantasie-joanna-szproch-6-420x560.jpg 420w\" sizes=\"auto, (max-width: 430px) 100vw, 430px\" \/><\/p>\n","protected":false},"excerpt":{"rendered":"<p>Photographs : Joanna Szproch Texts: Agata Ciasto\u0144 Design: Nora Cristea Translations: AGIT Translations and Mariia Zin 144 pages 24 x 32 cm Open-spine + silk-screened jacket with phosphorescent ink 90 colour pictures Polish, English, French, German ISBN : 978-2-492696-15-2 \u20ac 45 \u2014 \u20ac 200 This book was supported by the Berlin Senate Department for Culture [&hellip;]<\/p>\n","protected":false},"featured_media":12609,"template":"","meta":[],"product_brand":[],"product_cat":[43,37],"product_tag":[],"class_list":{"0":"post-12425","1":"product","2":"type-product","3":"status-publish","4":"has-post-thumbnail","6":"product_cat-new-books","7":"product_cat-photography","8":"product_shipping_class-c3-en","10":"first","11":"instock","12":"shipping-taxable","13":"purchasable","14":"product-type-variable"},"yoast_head":"<!-- This site is optimized with the Yoast SEO plugin v27.5 - https:\/\/yoast.com\/product\/yoast-seo-wordpress\/ -->\n<title>Alltagsfantasie | Andr\u00e9 Fr\u00e8re \u00c9ditions<\/title>\n<meta name=\"description\" content=\"Alltagsfantasie par Joanna Szproch dans la cat\u00e9gorie New books, Photography. Publi\u00e9 par Andr\u00e9 Fr\u00e8re \u00c9ditions.\" \/>\n<meta name=\"robots\" content=\"index, follow, max-snippet:-1, max-image-preview:large, max-video-preview:-1\" \/>\n<link rel=\"canonical\" href=\"https:\/\/www.andrefrereditions.com\/en\/books\/photography\/alltags-fantasie\/\" \/>\n<meta property=\"og:locale\" content=\"en_US\" \/>\n<meta property=\"og:type\" content=\"article\" \/>\n<meta property=\"og:title\" content=\"Alltagsfantasie | Andr\u00e9 Fr\u00e8re \u00c9ditions\" \/>\n<meta property=\"og:description\" content=\"Alltagsfantasie par Joanna Szproch dans la cat\u00e9gorie New books, Photography. Publi\u00e9 par Andr\u00e9 Fr\u00e8re \u00c9ditions.\" \/>\n<meta property=\"og:url\" content=\"https:\/\/www.andrefrereditions.com\/en\/books\/photography\/alltags-fantasie\/\" \/>\n<meta property=\"og:site_name\" content=\"Andr\u00e9 Fr\u00e8re \u00c9ditions\" \/>\n<meta property=\"article:modified_time\" content=\"2025-06-26T09:18:49+00:00\" \/>\n<meta property=\"og:image\" content=\"https:\/\/www.andrefrereditions.com\/wp-content\/uploads\/2023\/06\/alltags-fantasie-joanna-szproch-couv-3.jpg\" \/>\n\t<meta property=\"og:image:width\" content=\"420\" \/>\n\t<meta property=\"og:image:height\" content=\"442\" \/>\n\t<meta property=\"og:image:type\" content=\"image\/jpeg\" \/>\n<meta name=\"twitter:label1\" content=\"Est. reading time\" \/>\n\t<meta name=\"twitter:data1\" content=\"6 minutes\" \/>\n<script type=\"application\/ld+json\" class=\"yoast-schema-graph\">{\"@context\":\"https:\\\/\\\/schema.org\",\"@graph\":[{\"@type\":\"WebPage\",\"@id\":\"https:\\\/\\\/www.andrefrereditions.com\\\/en\\\/books\\\/photography\\\/alltags-fantasie\\\/\",\"url\":\"https:\\\/\\\/www.andrefrereditions.com\\\/en\\\/books\\\/photography\\\/alltags-fantasie\\\/\",\"name\":\"Alltagsfantasie | Andr\u00e9 Fr\u00e8re \u00c9ditions\",\"isPartOf\":{\"@id\":\"https:\\\/\\\/www.andrefrereditions.com\\\/en\\\/#website\"},\"primaryImageOfPage\":{\"@id\":\"https:\\\/\\\/www.andrefrereditions.com\\\/en\\\/books\\\/photography\\\/alltags-fantasie\\\/#primaryimage\"},\"image\":{\"@id\":\"https:\\\/\\\/www.andrefrereditions.com\\\/en\\\/books\\\/photography\\\/alltags-fantasie\\\/#primaryimage\"},\"thumbnailUrl\":\"https:\\\/\\\/www.andrefrereditions.com\\\/wp-content\\\/uploads\\\/2023\\\/06\\\/alltags-fantasie-joanna-szproch-couv-3.jpg\",\"datePublished\":\"2023-06-30T09:59:34+00:00\",\"dateModified\":\"2025-06-26T09:18:49+00:00\",\"description\":\"Alltagsfantasie par Joanna Szproch dans la cat\u00e9gorie New books, Photography. Publi\u00e9 par Andr\u00e9 Fr\u00e8re \u00c9ditions.\",\"breadcrumb\":{\"@id\":\"https:\\\/\\\/www.andrefrereditions.com\\\/en\\\/books\\\/photography\\\/alltags-fantasie\\\/#breadcrumb\"},\"inLanguage\":\"en-US\",\"potentialAction\":[{\"@type\":\"ReadAction\",\"target\":[\"https:\\\/\\\/www.andrefrereditions.com\\\/en\\\/books\\\/photography\\\/alltags-fantasie\\\/\"]}]},{\"@type\":\"ImageObject\",\"inLanguage\":\"en-US\",\"@id\":\"https:\\\/\\\/www.andrefrereditions.com\\\/en\\\/books\\\/photography\\\/alltags-fantasie\\\/#primaryimage\",\"url\":\"https:\\\/\\\/www.andrefrereditions.com\\\/wp-content\\\/uploads\\\/2023\\\/06\\\/alltags-fantasie-joanna-szproch-couv-3.jpg\",\"contentUrl\":\"https:\\\/\\\/www.andrefrereditions.com\\\/wp-content\\\/uploads\\\/2023\\\/06\\\/alltags-fantasie-joanna-szproch-couv-3.jpg\",\"width\":420,\"height\":442},{\"@type\":\"BreadcrumbList\",\"@id\":\"https:\\\/\\\/www.andrefrereditions.com\\\/en\\\/books\\\/photography\\\/alltags-fantasie\\\/#breadcrumb\",\"itemListElement\":[{\"@type\":\"ListItem\",\"position\":1,\"name\":\"Home\",\"item\":\"https:\\\/\\\/www.andrefrereditions.com\\\/en\\\/\"},{\"@type\":\"ListItem\",\"position\":2,\"name\":\"Books\",\"item\":\"https:\\\/\\\/www.andrefrereditions.com\\\/en\\\/books\\\/\"},{\"@type\":\"ListItem\",\"position\":3,\"name\":\"Alltagsfantasie\"}]},{\"@type\":\"WebSite\",\"@id\":\"https:\\\/\\\/www.andrefrereditions.com\\\/en\\\/#website\",\"url\":\"https:\\\/\\\/www.andrefrereditions.com\\\/en\\\/\",\"name\":\"Andr\u00e9 Fr\u00e8re \u00c9ditions\",\"description\":\"\u00c9dition ind\u00e9pendante de photographie et d\u2019art\",\"publisher\":{\"@id\":\"https:\\\/\\\/www.andrefrereditions.com\\\/en\\\/#organization\"},\"potentialAction\":[{\"@type\":\"SearchAction\",\"target\":{\"@type\":\"EntryPoint\",\"urlTemplate\":\"https:\\\/\\\/www.andrefrereditions.com\\\/en\\\/?s={search_term_string}\"},\"query-input\":{\"@type\":\"PropertyValueSpecification\",\"valueRequired\":true,\"valueName\":\"search_term_string\"}}],\"inLanguage\":\"en-US\"},{\"@type\":\"Organization\",\"@id\":\"https:\\\/\\\/www.andrefrereditions.com\\\/en\\\/#organization\",\"name\":\"Andr\u00e9 Fr\u00e8re \u00c9ditions\",\"url\":\"https:\\\/\\\/www.andrefrereditions.com\\\/en\\\/\",\"logo\":{\"@type\":\"ImageObject\",\"inLanguage\":\"en-US\",\"@id\":\"https:\\\/\\\/www.andrefrereditions.com\\\/en\\\/#\\\/schema\\\/logo\\\/image\\\/\",\"url\":\"https:\\\/\\\/www.andrefrereditions.com\\\/wp-content\\\/uploads\\\/2014\\\/12\\\/andre-frere-editions-logo.png\",\"contentUrl\":\"https:\\\/\\\/www.andrefrereditions.com\\\/wp-content\\\/uploads\\\/2014\\\/12\\\/andre-frere-editions-logo.png\",\"width\":80,\"height\":79,\"caption\":\"Andr\u00e9 Fr\u00e8re \u00c9ditions\"},\"image\":{\"@id\":\"https:\\\/\\\/www.andrefrereditions.com\\\/en\\\/#\\\/schema\\\/logo\\\/image\\\/\"}}]}<\/script>\n<!-- \/ Yoast SEO plugin. -->","yoast_head_json":{"title":"Alltagsfantasie | Andr\u00e9 Fr\u00e8re \u00c9ditions","description":"Alltagsfantasie par Joanna Szproch dans la cat\u00e9gorie New books, Photography. Publi\u00e9 par Andr\u00e9 Fr\u00e8re \u00c9ditions.","robots":{"index":"index","follow":"follow","max-snippet":"max-snippet:-1","max-image-preview":"max-image-preview:large","max-video-preview":"max-video-preview:-1"},"canonical":"https:\/\/www.andrefrereditions.com\/en\/books\/photography\/alltags-fantasie\/","og_locale":"en_US","og_type":"article","og_title":"Alltagsfantasie | Andr\u00e9 Fr\u00e8re \u00c9ditions","og_description":"Alltagsfantasie par Joanna Szproch dans la cat\u00e9gorie New books, Photography. Publi\u00e9 par Andr\u00e9 Fr\u00e8re \u00c9ditions.","og_url":"https:\/\/www.andrefrereditions.com\/en\/books\/photography\/alltags-fantasie\/","og_site_name":"Andr\u00e9 Fr\u00e8re \u00c9ditions","article_modified_time":"2025-06-26T09:18:49+00:00","og_image":[{"width":420,"height":442,"url":"https:\/\/www.andrefrereditions.com\/wp-content\/uploads\/2023\/06\/alltags-fantasie-joanna-szproch-couv-3.jpg","type":"image\/jpeg"}],"twitter_misc":{"Est. reading time":"6 minutes"},"schema":{"@context":"https:\/\/schema.org","@graph":[{"@type":"WebPage","@id":"https:\/\/www.andrefrereditions.com\/en\/books\/photography\/alltags-fantasie\/","url":"https:\/\/www.andrefrereditions.com\/en\/books\/photography\/alltags-fantasie\/","name":"Alltagsfantasie | Andr\u00e9 Fr\u00e8re \u00c9ditions","isPartOf":{"@id":"https:\/\/www.andrefrereditions.com\/en\/#website"},"primaryImageOfPage":{"@id":"https:\/\/www.andrefrereditions.com\/en\/books\/photography\/alltags-fantasie\/#primaryimage"},"image":{"@id":"https:\/\/www.andrefrereditions.com\/en\/books\/photography\/alltags-fantasie\/#primaryimage"},"thumbnailUrl":"https:\/\/www.andrefrereditions.com\/wp-content\/uploads\/2023\/06\/alltags-fantasie-joanna-szproch-couv-3.jpg","datePublished":"2023-06-30T09:59:34+00:00","dateModified":"2025-06-26T09:18:49+00:00","description":"Alltagsfantasie par Joanna Szproch dans la cat\u00e9gorie New books, Photography. Publi\u00e9 par Andr\u00e9 Fr\u00e8re \u00c9ditions.","breadcrumb":{"@id":"https:\/\/www.andrefrereditions.com\/en\/books\/photography\/alltags-fantasie\/#breadcrumb"},"inLanguage":"en-US","potentialAction":[{"@type":"ReadAction","target":["https:\/\/www.andrefrereditions.com\/en\/books\/photography\/alltags-fantasie\/"]}]},{"@type":"ImageObject","inLanguage":"en-US","@id":"https:\/\/www.andrefrereditions.com\/en\/books\/photography\/alltags-fantasie\/#primaryimage","url":"https:\/\/www.andrefrereditions.com\/wp-content\/uploads\/2023\/06\/alltags-fantasie-joanna-szproch-couv-3.jpg","contentUrl":"https:\/\/www.andrefrereditions.com\/wp-content\/uploads\/2023\/06\/alltags-fantasie-joanna-szproch-couv-3.jpg","width":420,"height":442},{"@type":"BreadcrumbList","@id":"https:\/\/www.andrefrereditions.com\/en\/books\/photography\/alltags-fantasie\/#breadcrumb","itemListElement":[{"@type":"ListItem","position":1,"name":"Home","item":"https:\/\/www.andrefrereditions.com\/en\/"},{"@type":"ListItem","position":2,"name":"Books","item":"https:\/\/www.andrefrereditions.com\/en\/books\/"},{"@type":"ListItem","position":3,"name":"Alltagsfantasie"}]},{"@type":"WebSite","@id":"https:\/\/www.andrefrereditions.com\/en\/#website","url":"https:\/\/www.andrefrereditions.com\/en\/","name":"Andr\u00e9 Fr\u00e8re \u00c9ditions","description":"\u00c9dition ind\u00e9pendante de photographie et d\u2019art","publisher":{"@id":"https:\/\/www.andrefrereditions.com\/en\/#organization"},"potentialAction":[{"@type":"SearchAction","target":{"@type":"EntryPoint","urlTemplate":"https:\/\/www.andrefrereditions.com\/en\/?s={search_term_string}"},"query-input":{"@type":"PropertyValueSpecification","valueRequired":true,"valueName":"search_term_string"}}],"inLanguage":"en-US"},{"@type":"Organization","@id":"https:\/\/www.andrefrereditions.com\/en\/#organization","name":"Andr\u00e9 Fr\u00e8re \u00c9ditions","url":"https:\/\/www.andrefrereditions.com\/en\/","logo":{"@type":"ImageObject","inLanguage":"en-US","@id":"https:\/\/www.andrefrereditions.com\/en\/#\/schema\/logo\/image\/","url":"https:\/\/www.andrefrereditions.com\/wp-content\/uploads\/2014\/12\/andre-frere-editions-logo.png","contentUrl":"https:\/\/www.andrefrereditions.com\/wp-content\/uploads\/2014\/12\/andre-frere-editions-logo.png","width":80,"height":79,"caption":"Andr\u00e9 Fr\u00e8re \u00c9ditions"},"image":{"@id":"https:\/\/www.andrefrereditions.com\/en\/#\/schema\/logo\/image\/"}}]}},"_links":{"self":[{"href":"https:\/\/www.andrefrereditions.com\/en\/wp-json\/wp\/v2\/product\/12425","targetHints":{"allow":["GET"]}}],"collection":[{"href":"https:\/\/www.andrefrereditions.com\/en\/wp-json\/wp\/v2\/product"}],"about":[{"href":"https:\/\/www.andrefrereditions.com\/en\/wp-json\/wp\/v2\/types\/product"}],"wp:featuredmedia":[{"embeddable":true,"href":"https:\/\/www.andrefrereditions.com\/en\/wp-json\/wp\/v2\/media\/12609"}],"wp:attachment":[{"href":"https:\/\/www.andrefrereditions.com\/en\/wp-json\/wp\/v2\/media?parent=12425"}],"wp:term":[{"taxonomy":"product_brand","embeddable":true,"href":"https:\/\/www.andrefrereditions.com\/en\/wp-json\/wp\/v2\/product_brand?post=12425"},{"taxonomy":"product_cat","embeddable":true,"href":"https:\/\/www.andrefrereditions.com\/en\/wp-json\/wp\/v2\/product_cat?post=12425"},{"taxonomy":"product_tag","embeddable":true,"href":"https:\/\/www.andrefrereditions.com\/en\/wp-json\/wp\/v2\/product_tag?post=12425"}],"curies":[{"name":"wp","href":"https:\/\/api.w.org\/{rel}","templated":true}]}}