{"id":13702,"date":"2025-05-27T23:09:30","date_gmt":"2025-05-27T21:09:30","guid":{"rendered":"https:\/\/www.andrefrereditions.com\/?post_type=product&#038;p=13702"},"modified":"2025-07-21T10:06:57","modified_gmt":"2025-07-21T08:06:57","slug":"azov-horizons","status":"publish","type":"product","link":"https:\/\/www.andrefrereditions.com\/en\/books\/photography\/azov-horizons\/","title":{"rendered":"Azov horizons"},"content":{"rendered":"<ul class=\"infos-livre\">\n<li>Release July 2025<\/li>\n<li>Photographs: Patrick Wack<\/li>\n<li>Design: Kakkalaki<\/li>\n<li>87 color photographs<\/li>\n<li>152 pages<\/li>\n<li>24 x 29 cm, Hardcover<\/li>\n<li>French\/english<\/li>\n<li>ISBN : 978-2-492696-26-8<\/li>\n<li>65 \u20ac<\/li>\n<li>This book was supported by the R\u00e9gion Sud<\/li>\n<\/ul>\n<p>With an approach that blends symbolism and documentary, Azov Horizons explores the backstage of a geographical area now engulfed in the violent struggle for Russian control of southern Ukraine, while evoking the transformations underway in the societies of both countries, one sinking into bellicose authoritarianism, the other struggling for survival.<\/p>\n<h2>A limited edition of 30 copies<\/h2>\n<p>Order your book signed by Patrick Wack + a 15 \u00a0x 15 cm print numbered from 1 to 30 and signed, Photo Pigmentary (Fine Art) print on Baryta Hahnem\u00fchle paper \u2014 <strong>\u20ac165<\/strong><\/p>\n<p><strong><a class=\"in_page_button\" href=\"\/panier\/?add-to-cart=13702&amp;variation_id=13704&amp;attribute_pa_version=limited-edition&amp;quantity=1\">Add to cart<\/a><\/strong><\/p>\n<p><img loading=\"lazy\" decoding=\"async\" class=\"alignnone size-full wp-image-13677\" src=\"https:\/\/www.andrefrereditions.com\/wp-content\/uploads\/2025\/05\/azov-horizons-patrick-wack-andre-frere-editions-3.jpg\" alt=\"\" width=\"430\" height=\"430\" srcset=\"https:\/\/www.andrefrereditions.com\/wp-content\/uploads\/2025\/05\/azov-horizons-patrick-wack-andre-frere-editions-3.jpg 430w, https:\/\/www.andrefrereditions.com\/wp-content\/uploads\/2025\/05\/azov-horizons-patrick-wack-andre-frere-editions-3-300x300.jpg 300w, https:\/\/www.andrefrereditions.com\/wp-content\/uploads\/2025\/05\/azov-horizons-patrick-wack-andre-frere-editions-3-420x420.jpg 420w, https:\/\/www.andrefrereditions.com\/wp-content\/uploads\/2025\/05\/azov-horizons-patrick-wack-andre-frere-editions-3-100x100.jpg 100w\" sizes=\"auto, (max-width: 430px) 100vw, 430px\" \/><\/p>\n<p>&nbsp;<\/p>\n<h2>one of 3 head print avalaible<\/h2>\n<p>Order your book signed by Patrick Wack + a 20 \u00a0x 20 cm print, numbered from 1 to 7 and signed by the author, Photo Pigmentary (Fine Art) print on Baryta Hahnem\u00fchle paper \u2014 <strong>450 \u20ac<\/strong><\/p>\n<p><strong>N\u00b01<\/strong> <strong><a class=\"in_page_button\" href=\"\/panier\/?add-to-cart=13702&amp;variation_id=13705&amp;attribute_pa_version=special-edition-1&amp;quantity=1\">Add to cart<\/a><\/strong><\/p>\n<p><img loading=\"lazy\" decoding=\"async\" class=\"alignnone size-full wp-image-13681\" src=\"https:\/\/www.andrefrereditions.com\/wp-content\/uploads\/2025\/05\/azov-horizons-patrick-wack-andre-frere-editions-5.jpg\" alt=\"\" width=\"430\" height=\"430\" srcset=\"https:\/\/www.andrefrereditions.com\/wp-content\/uploads\/2025\/05\/azov-horizons-patrick-wack-andre-frere-editions-5.jpg 430w, https:\/\/www.andrefrereditions.com\/wp-content\/uploads\/2025\/05\/azov-horizons-patrick-wack-andre-frere-editions-5-300x300.jpg 300w, https:\/\/www.andrefrereditions.com\/wp-content\/uploads\/2025\/05\/azov-horizons-patrick-wack-andre-frere-editions-5-420x420.jpg 420w, https:\/\/www.andrefrereditions.com\/wp-content\/uploads\/2025\/05\/azov-horizons-patrick-wack-andre-frere-editions-5-100x100.jpg 100w\" sizes=\"auto, (max-width: 430px) 100vw, 430px\" \/><\/p>\n<p><strong>N\u00b02<\/strong> <strong><a class=\"in_page_button\" href=\"\/panier\/?add-to-cart=13702&amp;variation_id=13706&amp;attribute_pa_version=special-edition-2&amp;quantity=1\">Add to cart<\/a><\/strong><\/p>\n<p><img loading=\"lazy\" decoding=\"async\" class=\"alignnone size-full wp-image-13679\" src=\"https:\/\/www.andrefrereditions.com\/wp-content\/uploads\/2025\/05\/azov-horizons-patrick-wack-andre-frere-editions-4.jpg\" alt=\"\" width=\"430\" height=\"430\" srcset=\"https:\/\/www.andrefrereditions.com\/wp-content\/uploads\/2025\/05\/azov-horizons-patrick-wack-andre-frere-editions-4.jpg 430w, https:\/\/www.andrefrereditions.com\/wp-content\/uploads\/2025\/05\/azov-horizons-patrick-wack-andre-frere-editions-4-300x300.jpg 300w, https:\/\/www.andrefrereditions.com\/wp-content\/uploads\/2025\/05\/azov-horizons-patrick-wack-andre-frere-editions-4-420x420.jpg 420w, https:\/\/www.andrefrereditions.com\/wp-content\/uploads\/2025\/05\/azov-horizons-patrick-wack-andre-frere-editions-4-100x100.jpg 100w\" sizes=\"auto, (max-width: 430px) 100vw, 430px\" \/><\/p>\n<p><strong>N\u00b03<\/strong> <strong><a class=\"in_page_button\" href=\"\/panier\/?add-to-cart=13702&amp;variation_id=13707&amp;attribute_pa_version=special-edition-3&amp;quantity=1\">Add to cart<\/a><\/strong><\/p>\n<p><img loading=\"lazy\" decoding=\"async\" class=\"alignnone size-full wp-image-13677\" src=\"https:\/\/www.andrefrereditions.com\/wp-content\/uploads\/2025\/05\/azov-horizons-patrick-wack-andre-frere-editions-3.jpg\" alt=\"\" width=\"430\" height=\"430\" srcset=\"https:\/\/www.andrefrereditions.com\/wp-content\/uploads\/2025\/05\/azov-horizons-patrick-wack-andre-frere-editions-3.jpg 430w, https:\/\/www.andrefrereditions.com\/wp-content\/uploads\/2025\/05\/azov-horizons-patrick-wack-andre-frere-editions-3-300x300.jpg 300w, https:\/\/www.andrefrereditions.com\/wp-content\/uploads\/2025\/05\/azov-horizons-patrick-wack-andre-frere-editions-3-420x420.jpg 420w, https:\/\/www.andrefrereditions.com\/wp-content\/uploads\/2025\/05\/azov-horizons-patrick-wack-andre-frere-editions-3-100x100.jpg 100w\" sizes=\"auto, (max-width: 430px) 100vw, 430px\" \/><\/p>\n<h2>AzoV Horizons the book<\/h2>\n<p>\u201cThe Sea of Azov appeared to me in a flash of light. It is that very special light, soft and colourful, that guided my first steps on the shores of this little sister of the Black Sea, to which I have returned every summer since 2019.<\/p>\n<p><img loading=\"lazy\" decoding=\"async\" class=\"alignnone size-full wp-image-13675\" src=\"https:\/\/www.andrefrereditions.com\/wp-content\/uploads\/2025\/05\/azov-horizons-patrick-wack-andre-frere-editions-2.jpg\" alt=\"\" width=\"430\" height=\"439\" srcset=\"https:\/\/www.andrefrereditions.com\/wp-content\/uploads\/2025\/05\/azov-horizons-patrick-wack-andre-frere-editions-2.jpg 430w, https:\/\/www.andrefrereditions.com\/wp-content\/uploads\/2025\/05\/azov-horizons-patrick-wack-andre-frere-editions-2-294x300.jpg 294w, https:\/\/www.andrefrereditions.com\/wp-content\/uploads\/2025\/05\/azov-horizons-patrick-wack-andre-frere-editions-2-420x429.jpg 420w\" sizes=\"auto, (max-width: 430px) 100vw, 430px\" \/><\/p>\n<p>It was these gradations of horizons, colliding with our visual imagination of these regions, that I promised myself I would photograph, year after year in Ukraine and Russia, like a formal thread guiding my steps. But this summer narrative, which I had hoped would be filled with light, is also the chronicle of a world on the brink of disappearing, consumed by the war that would soon break out.<\/p>\n<p><img loading=\"lazy\" decoding=\"async\" class=\"alignnone size-full wp-image-13673\" src=\"https:\/\/www.andrefrereditions.com\/wp-content\/uploads\/2025\/05\/azov-horizons-patrick-wack-andre-frere-editions-1.jpg\" alt=\"\" width=\"430\" height=\"430\" srcset=\"https:\/\/www.andrefrereditions.com\/wp-content\/uploads\/2025\/05\/azov-horizons-patrick-wack-andre-frere-editions-1.jpg 430w, https:\/\/www.andrefrereditions.com\/wp-content\/uploads\/2025\/05\/azov-horizons-patrick-wack-andre-frere-editions-1-300x300.jpg 300w, https:\/\/www.andrefrereditions.com\/wp-content\/uploads\/2025\/05\/azov-horizons-patrick-wack-andre-frere-editions-1-420x420.jpg 420w, https:\/\/www.andrefrereditions.com\/wp-content\/uploads\/2025\/05\/azov-horizons-patrick-wack-andre-frere-editions-1-100x100.jpg 100w\" sizes=\"auto, (max-width: 430px) 100vw, 430px\" \/><\/p>\n<p>In 2019, the region was already a zone of intense friction. Fighting had raged for five years in the Donbass, the Crimea had been annexed, and the Sea of Azov was de facto occupied by the Russian navy. The visual softness I found on these peaceful shores contrasted eerily with the rising evil.<\/p>\n<p><img loading=\"lazy\" decoding=\"async\" class=\"alignnone size-full wp-image-13683\" src=\"https:\/\/www.andrefrereditions.com\/wp-content\/uploads\/2025\/05\/azov-horizons-patrick-wack-andre-frere-editions-6.jpg\" alt=\"\" width=\"430\" height=\"430\" srcset=\"https:\/\/www.andrefrereditions.com\/wp-content\/uploads\/2025\/05\/azov-horizons-patrick-wack-andre-frere-editions-6.jpg 430w, https:\/\/www.andrefrereditions.com\/wp-content\/uploads\/2025\/05\/azov-horizons-patrick-wack-andre-frere-editions-6-300x300.jpg 300w, https:\/\/www.andrefrereditions.com\/wp-content\/uploads\/2025\/05\/azov-horizons-patrick-wack-andre-frere-editions-6-420x420.jpg 420w, https:\/\/www.andrefrereditions.com\/wp-content\/uploads\/2025\/05\/azov-horizons-patrick-wack-andre-frere-editions-6-100x100.jpg 100w\" sizes=\"auto, (max-width: 430px) 100vw, 430px\" \/><\/p>\n<p>A world was on the brink of history. This is the fundamental ambiguity that this series conveys: that beneath the beach lies fury and shattering shells. It has been three years since Ukraine lost its Azov horizons. Few Ukrainians still harbour the hope of ever seeing them again.<\/p>\n<p><img loading=\"lazy\" decoding=\"async\" class=\"alignnone size-full wp-image-13685\" src=\"https:\/\/www.andrefrereditions.com\/wp-content\/uploads\/2025\/05\/azov-horizons-patrick-wack-andre-frere-editions-7.jpg\" alt=\"\" width=\"430\" height=\"430\" srcset=\"https:\/\/www.andrefrereditions.com\/wp-content\/uploads\/2025\/05\/azov-horizons-patrick-wack-andre-frere-editions-7.jpg 430w, https:\/\/www.andrefrereditions.com\/wp-content\/uploads\/2025\/05\/azov-horizons-patrick-wack-andre-frere-editions-7-300x300.jpg 300w, https:\/\/www.andrefrereditions.com\/wp-content\/uploads\/2025\/05\/azov-horizons-patrick-wack-andre-frere-editions-7-420x420.jpg 420w, https:\/\/www.andrefrereditions.com\/wp-content\/uploads\/2025\/05\/azov-horizons-patrick-wack-andre-frere-editions-7-100x100.jpg 100w\" sizes=\"auto, (max-width: 430px) 100vw, 430px\" \/><\/p>\n<p>Influenced by the American tradition of Road Photography, the series favours detours and wanderings, rather than a journalistic approach, in order to give the narrative reins to the territory and its peculiarities rather than proffering them to the event. This narrative is constructed according to the rhythm of long annual stays that allow the time of the history to unfold in all its complexity.<\/p>\n<p><img loading=\"lazy\" decoding=\"async\" class=\"alignnone size-full wp-image-13687\" src=\"https:\/\/www.andrefrereditions.com\/wp-content\/uploads\/2025\/05\/azov-horizons-patrick-wack-andre-frere-editions-8.jpg\" alt=\"\" width=\"430\" height=\"430\" srcset=\"https:\/\/www.andrefrereditions.com\/wp-content\/uploads\/2025\/05\/azov-horizons-patrick-wack-andre-frere-editions-8.jpg 430w, https:\/\/www.andrefrereditions.com\/wp-content\/uploads\/2025\/05\/azov-horizons-patrick-wack-andre-frere-editions-8-300x300.jpg 300w, https:\/\/www.andrefrereditions.com\/wp-content\/uploads\/2025\/05\/azov-horizons-patrick-wack-andre-frere-editions-8-420x420.jpg 420w, https:\/\/www.andrefrereditions.com\/wp-content\/uploads\/2025\/05\/azov-horizons-patrick-wack-andre-frere-editions-8-100x100.jpg 100w\" sizes=\"auto, (max-width: 430px) 100vw, 430px\" \/><\/p>\n<p>The images draw our attention to the roots and visible traces of the war; they are the backstage of an inconceivable horror unfolding on European soil. I hope they whisper into our collective consciousness that what we take for granted is not immutable. There are still many journeys ahead: I can no longer imagine a summer without Ukraine.\u201d \u2014 Patrick Wack<\/p>\n<p><img loading=\"lazy\" decoding=\"async\" class=\"alignnone size-full wp-image-13689\" src=\"https:\/\/www.andrefrereditions.com\/wp-content\/uploads\/2025\/05\/azov-horizons-patrick-wack-andre-frere-editions-9.jpg\" alt=\"\" width=\"430\" height=\"430\" srcset=\"https:\/\/www.andrefrereditions.com\/wp-content\/uploads\/2025\/05\/azov-horizons-patrick-wack-andre-frere-editions-9.jpg 430w, https:\/\/www.andrefrereditions.com\/wp-content\/uploads\/2025\/05\/azov-horizons-patrick-wack-andre-frere-editions-9-300x300.jpg 300w, https:\/\/www.andrefrereditions.com\/wp-content\/uploads\/2025\/05\/azov-horizons-patrick-wack-andre-frere-editions-9-420x420.jpg 420w, https:\/\/www.andrefrereditions.com\/wp-content\/uploads\/2025\/05\/azov-horizons-patrick-wack-andre-frere-editions-9-100x100.jpg 100w\" sizes=\"auto, (max-width: 430px) 100vw, 430px\" \/><\/p>\n","protected":false},"excerpt":{"rendered":"<p>Release July 2025 Photographs: Patrick Wack Design: Kakkalaki 87 color photographs 152 pages 24 x 29 cm, Hardcover French\/english ISBN : 978-2-492696-26-8 65 \u20ac This book was supported by the R\u00e9gion Sud With an approach that blends symbolism and documentary, Azov Horizons explores the backstage of a geographical area now engulfed in the violent struggle [&hellip;]<\/p>\n","protected":false},"featured_media":13696,"template":"","meta":[],"product_brand":[],"product_cat":[37],"product_tag":[],"class_list":{"0":"post-13702","1":"product","2":"type-product","3":"status-publish","4":"has-post-thumbnail","6":"product_cat-photography","7":"product_shipping_class-c3-en","9":"first","10":"instock","11":"shipping-taxable","12":"purchasable","13":"product-type-variable"},"yoast_head":"<!-- This site is optimized with the Yoast SEO plugin v27.5 - https:\/\/yoast.com\/product\/yoast-seo-wordpress\/ -->\n<title>Azov horizons | Andr\u00e9 Fr\u00e8re \u00c9ditions<\/title>\n<meta name=\"description\" content=\"Azov horizons par Patrick Wack dans la cat\u00e9gorie Photography. Publi\u00e9 par Andr\u00e9 Fr\u00e8re \u00c9ditions.\" \/>\n<meta name=\"robots\" content=\"index, follow, max-snippet:-1, max-image-preview:large, max-video-preview:-1\" \/>\n<link rel=\"canonical\" href=\"https:\/\/www.andrefrereditions.com\/en\/books\/photography\/azov-horizons\/\" \/>\n<meta property=\"og:locale\" content=\"en_US\" \/>\n<meta property=\"og:type\" content=\"article\" \/>\n<meta property=\"og:title\" content=\"Azov horizons | Andr\u00e9 Fr\u00e8re \u00c9ditions\" \/>\n<meta property=\"og:description\" content=\"Azov horizons par Patrick Wack dans la cat\u00e9gorie Photography. Publi\u00e9 par Andr\u00e9 Fr\u00e8re \u00c9ditions.\" \/>\n<meta property=\"og:url\" content=\"https:\/\/www.andrefrereditions.com\/en\/books\/photography\/azov-horizons\/\" \/>\n<meta property=\"og:site_name\" content=\"Andr\u00e9 Fr\u00e8re \u00c9ditions\" \/>\n<meta property=\"article:modified_time\" content=\"2025-07-21T08:06:57+00:00\" \/>\n<meta property=\"og:image\" content=\"https:\/\/www.andrefrereditions.com\/wp-content\/uploads\/2025\/05\/azov-horizons-patrick-wack-andre-frere-editions.jpg\" \/>\n\t<meta property=\"og:image:width\" content=\"420\" \/>\n\t<meta property=\"og:image:height\" content=\"510\" \/>\n\t<meta property=\"og:image:type\" content=\"image\/jpeg\" \/>\n<meta name=\"twitter:label1\" content=\"Est. reading time\" \/>\n\t<meta name=\"twitter:data1\" content=\"5 minutes\" \/>\n<script type=\"application\/ld+json\" class=\"yoast-schema-graph\">{\"@context\":\"https:\\\/\\\/schema.org\",\"@graph\":[{\"@type\":\"WebPage\",\"@id\":\"https:\\\/\\\/www.andrefrereditions.com\\\/en\\\/books\\\/photography\\\/azov-horizons\\\/\",\"url\":\"https:\\\/\\\/www.andrefrereditions.com\\\/en\\\/books\\\/photography\\\/azov-horizons\\\/\",\"name\":\"Azov horizons | Andr\u00e9 Fr\u00e8re \u00c9ditions\",\"isPartOf\":{\"@id\":\"https:\\\/\\\/www.andrefrereditions.com\\\/en\\\/#website\"},\"primaryImageOfPage\":{\"@id\":\"https:\\\/\\\/www.andrefrereditions.com\\\/en\\\/books\\\/photography\\\/azov-horizons\\\/#primaryimage\"},\"image\":{\"@id\":\"https:\\\/\\\/www.andrefrereditions.com\\\/en\\\/books\\\/photography\\\/azov-horizons\\\/#primaryimage\"},\"thumbnailUrl\":\"https:\\\/\\\/www.andrefrereditions.com\\\/wp-content\\\/uploads\\\/2025\\\/05\\\/azov-horizons-patrick-wack-andre-frere-editions.jpg\",\"datePublished\":\"2025-05-27T21:09:30+00:00\",\"dateModified\":\"2025-07-21T08:06:57+00:00\",\"description\":\"Azov horizons par Patrick Wack dans la cat\u00e9gorie Photography. Publi\u00e9 par Andr\u00e9 Fr\u00e8re \u00c9ditions.\",\"breadcrumb\":{\"@id\":\"https:\\\/\\\/www.andrefrereditions.com\\\/en\\\/books\\\/photography\\\/azov-horizons\\\/#breadcrumb\"},\"inLanguage\":\"en-US\",\"potentialAction\":[{\"@type\":\"ReadAction\",\"target\":[\"https:\\\/\\\/www.andrefrereditions.com\\\/en\\\/books\\\/photography\\\/azov-horizons\\\/\"]}]},{\"@type\":\"ImageObject\",\"inLanguage\":\"en-US\",\"@id\":\"https:\\\/\\\/www.andrefrereditions.com\\\/en\\\/books\\\/photography\\\/azov-horizons\\\/#primaryimage\",\"url\":\"https:\\\/\\\/www.andrefrereditions.com\\\/wp-content\\\/uploads\\\/2025\\\/05\\\/azov-horizons-patrick-wack-andre-frere-editions.jpg\",\"contentUrl\":\"https:\\\/\\\/www.andrefrereditions.com\\\/wp-content\\\/uploads\\\/2025\\\/05\\\/azov-horizons-patrick-wack-andre-frere-editions.jpg\",\"width\":420,\"height\":510},{\"@type\":\"BreadcrumbList\",\"@id\":\"https:\\\/\\\/www.andrefrereditions.com\\\/en\\\/books\\\/photography\\\/azov-horizons\\\/#breadcrumb\",\"itemListElement\":[{\"@type\":\"ListItem\",\"position\":1,\"name\":\"Home\",\"item\":\"https:\\\/\\\/www.andrefrereditions.com\\\/en\\\/\"},{\"@type\":\"ListItem\",\"position\":2,\"name\":\"Books\",\"item\":\"https:\\\/\\\/www.andrefrereditions.com\\\/en\\\/books\\\/\"},{\"@type\":\"ListItem\",\"position\":3,\"name\":\"Azov horizons\"}]},{\"@type\":\"WebSite\",\"@id\":\"https:\\\/\\\/www.andrefrereditions.com\\\/en\\\/#website\",\"url\":\"https:\\\/\\\/www.andrefrereditions.com\\\/en\\\/\",\"name\":\"Andr\u00e9 Fr\u00e8re \u00c9ditions\",\"description\":\"\u00c9dition ind\u00e9pendante de photographie et d\u2019art\",\"publisher\":{\"@id\":\"https:\\\/\\\/www.andrefrereditions.com\\\/en\\\/#organization\"},\"potentialAction\":[{\"@type\":\"SearchAction\",\"target\":{\"@type\":\"EntryPoint\",\"urlTemplate\":\"https:\\\/\\\/www.andrefrereditions.com\\\/en\\\/?s={search_term_string}\"},\"query-input\":{\"@type\":\"PropertyValueSpecification\",\"valueRequired\":true,\"valueName\":\"search_term_string\"}}],\"inLanguage\":\"en-US\"},{\"@type\":\"Organization\",\"@id\":\"https:\\\/\\\/www.andrefrereditions.com\\\/en\\\/#organization\",\"name\":\"Andr\u00e9 Fr\u00e8re \u00c9ditions\",\"url\":\"https:\\\/\\\/www.andrefrereditions.com\\\/en\\\/\",\"logo\":{\"@type\":\"ImageObject\",\"inLanguage\":\"en-US\",\"@id\":\"https:\\\/\\\/www.andrefrereditions.com\\\/en\\\/#\\\/schema\\\/logo\\\/image\\\/\",\"url\":\"https:\\\/\\\/www.andrefrereditions.com\\\/wp-content\\\/uploads\\\/2014\\\/12\\\/andre-frere-editions-logo.png\",\"contentUrl\":\"https:\\\/\\\/www.andrefrereditions.com\\\/wp-content\\\/uploads\\\/2014\\\/12\\\/andre-frere-editions-logo.png\",\"width\":80,\"height\":79,\"caption\":\"Andr\u00e9 Fr\u00e8re \u00c9ditions\"},\"image\":{\"@id\":\"https:\\\/\\\/www.andrefrereditions.com\\\/en\\\/#\\\/schema\\\/logo\\\/image\\\/\"}}]}<\/script>\n<!-- \/ Yoast SEO plugin. -->","yoast_head_json":{"title":"Azov horizons | Andr\u00e9 Fr\u00e8re \u00c9ditions","description":"Azov horizons par Patrick Wack dans la cat\u00e9gorie Photography. Publi\u00e9 par Andr\u00e9 Fr\u00e8re \u00c9ditions.","robots":{"index":"index","follow":"follow","max-snippet":"max-snippet:-1","max-image-preview":"max-image-preview:large","max-video-preview":"max-video-preview:-1"},"canonical":"https:\/\/www.andrefrereditions.com\/en\/books\/photography\/azov-horizons\/","og_locale":"en_US","og_type":"article","og_title":"Azov horizons | Andr\u00e9 Fr\u00e8re \u00c9ditions","og_description":"Azov horizons par Patrick Wack dans la cat\u00e9gorie Photography. Publi\u00e9 par Andr\u00e9 Fr\u00e8re \u00c9ditions.","og_url":"https:\/\/www.andrefrereditions.com\/en\/books\/photography\/azov-horizons\/","og_site_name":"Andr\u00e9 Fr\u00e8re \u00c9ditions","article_modified_time":"2025-07-21T08:06:57+00:00","og_image":[{"width":420,"height":510,"url":"https:\/\/www.andrefrereditions.com\/wp-content\/uploads\/2025\/05\/azov-horizons-patrick-wack-andre-frere-editions.jpg","type":"image\/jpeg"}],"twitter_misc":{"Est. reading time":"5 minutes"},"schema":{"@context":"https:\/\/schema.org","@graph":[{"@type":"WebPage","@id":"https:\/\/www.andrefrereditions.com\/en\/books\/photography\/azov-horizons\/","url":"https:\/\/www.andrefrereditions.com\/en\/books\/photography\/azov-horizons\/","name":"Azov horizons | Andr\u00e9 Fr\u00e8re \u00c9ditions","isPartOf":{"@id":"https:\/\/www.andrefrereditions.com\/en\/#website"},"primaryImageOfPage":{"@id":"https:\/\/www.andrefrereditions.com\/en\/books\/photography\/azov-horizons\/#primaryimage"},"image":{"@id":"https:\/\/www.andrefrereditions.com\/en\/books\/photography\/azov-horizons\/#primaryimage"},"thumbnailUrl":"https:\/\/www.andrefrereditions.com\/wp-content\/uploads\/2025\/05\/azov-horizons-patrick-wack-andre-frere-editions.jpg","datePublished":"2025-05-27T21:09:30+00:00","dateModified":"2025-07-21T08:06:57+00:00","description":"Azov horizons par Patrick Wack dans la cat\u00e9gorie Photography. Publi\u00e9 par Andr\u00e9 Fr\u00e8re \u00c9ditions.","breadcrumb":{"@id":"https:\/\/www.andrefrereditions.com\/en\/books\/photography\/azov-horizons\/#breadcrumb"},"inLanguage":"en-US","potentialAction":[{"@type":"ReadAction","target":["https:\/\/www.andrefrereditions.com\/en\/books\/photography\/azov-horizons\/"]}]},{"@type":"ImageObject","inLanguage":"en-US","@id":"https:\/\/www.andrefrereditions.com\/en\/books\/photography\/azov-horizons\/#primaryimage","url":"https:\/\/www.andrefrereditions.com\/wp-content\/uploads\/2025\/05\/azov-horizons-patrick-wack-andre-frere-editions.jpg","contentUrl":"https:\/\/www.andrefrereditions.com\/wp-content\/uploads\/2025\/05\/azov-horizons-patrick-wack-andre-frere-editions.jpg","width":420,"height":510},{"@type":"BreadcrumbList","@id":"https:\/\/www.andrefrereditions.com\/en\/books\/photography\/azov-horizons\/#breadcrumb","itemListElement":[{"@type":"ListItem","position":1,"name":"Home","item":"https:\/\/www.andrefrereditions.com\/en\/"},{"@type":"ListItem","position":2,"name":"Books","item":"https:\/\/www.andrefrereditions.com\/en\/books\/"},{"@type":"ListItem","position":3,"name":"Azov horizons"}]},{"@type":"WebSite","@id":"https:\/\/www.andrefrereditions.com\/en\/#website","url":"https:\/\/www.andrefrereditions.com\/en\/","name":"Andr\u00e9 Fr\u00e8re \u00c9ditions","description":"\u00c9dition ind\u00e9pendante de photographie et d\u2019art","publisher":{"@id":"https:\/\/www.andrefrereditions.com\/en\/#organization"},"potentialAction":[{"@type":"SearchAction","target":{"@type":"EntryPoint","urlTemplate":"https:\/\/www.andrefrereditions.com\/en\/?s={search_term_string}"},"query-input":{"@type":"PropertyValueSpecification","valueRequired":true,"valueName":"search_term_string"}}],"inLanguage":"en-US"},{"@type":"Organization","@id":"https:\/\/www.andrefrereditions.com\/en\/#organization","name":"Andr\u00e9 Fr\u00e8re \u00c9ditions","url":"https:\/\/www.andrefrereditions.com\/en\/","logo":{"@type":"ImageObject","inLanguage":"en-US","@id":"https:\/\/www.andrefrereditions.com\/en\/#\/schema\/logo\/image\/","url":"https:\/\/www.andrefrereditions.com\/wp-content\/uploads\/2014\/12\/andre-frere-editions-logo.png","contentUrl":"https:\/\/www.andrefrereditions.com\/wp-content\/uploads\/2014\/12\/andre-frere-editions-logo.png","width":80,"height":79,"caption":"Andr\u00e9 Fr\u00e8re \u00c9ditions"},"image":{"@id":"https:\/\/www.andrefrereditions.com\/en\/#\/schema\/logo\/image\/"}}]}},"_links":{"self":[{"href":"https:\/\/www.andrefrereditions.com\/en\/wp-json\/wp\/v2\/product\/13702","targetHints":{"allow":["GET"]}}],"collection":[{"href":"https:\/\/www.andrefrereditions.com\/en\/wp-json\/wp\/v2\/product"}],"about":[{"href":"https:\/\/www.andrefrereditions.com\/en\/wp-json\/wp\/v2\/types\/product"}],"wp:featuredmedia":[{"embeddable":true,"href":"https:\/\/www.andrefrereditions.com\/en\/wp-json\/wp\/v2\/media\/13696"}],"wp:attachment":[{"href":"https:\/\/www.andrefrereditions.com\/en\/wp-json\/wp\/v2\/media?parent=13702"}],"wp:term":[{"taxonomy":"product_brand","embeddable":true,"href":"https:\/\/www.andrefrereditions.com\/en\/wp-json\/wp\/v2\/product_brand?post=13702"},{"taxonomy":"product_cat","embeddable":true,"href":"https:\/\/www.andrefrereditions.com\/en\/wp-json\/wp\/v2\/product_cat?post=13702"},{"taxonomy":"product_tag","embeddable":true,"href":"https:\/\/www.andrefrereditions.com\/en\/wp-json\/wp\/v2\/product_tag?post=13702"}],"curies":[{"name":"wp","href":"https:\/\/api.w.org\/{rel}","templated":true}]}}