{"id":5838,"date":"2013-09-20T20:51:51","date_gmt":"2013-09-20T18:51:51","guid":{"rendered":"http:\/\/www.andrefrereditions.com\/books\/non-classe\/maydan-hundred-portraits-special-edition\/"},"modified":"2025-06-26T11:19:01","modified_gmt":"2025-06-26T09:19:01","slug":"maydan-hundred-portraits-special-edition","status":"publish","type":"product","link":"https:\/\/www.andrefrereditions.com\/en\/books\/special-editions\/maydan-hundred-portraits-special-edition\/","title":{"rendered":"Maydan \u2013 Hundred Portraits \u2014 Special edition"},"content":{"rendered":"<ul class=\"infos-livre\">\n<li>Photographs: \u00c9meric Lhuisset<\/li>\n<li>Texts: Adrien Goetz and Maydan revolutionaries<\/li>\n<li><a title=\"Go to Maydan \u2013 Hundred Portraits book page\" href=\"\/?p=5825\">Go to <em>Maydan\u00a0\u2014 Hundred Portraits<\/em> book page<\/a><\/li>\n<\/ul>\n<p>50 signed copies with a 35 x 28 cm signed and numbered print to be chosen among the pictures below.<\/p>\n<p>Please <a title=\"Contact\" href=\"?p=286\">contact us<\/a> to order this item with the print of your choice.<br \/>\nPictures #1, #2 and\u00a0 #7 are out of stock.<\/p>\n<ol>\n<li class=\"texte-important\"><img loading=\"lazy\" decoding=\"async\" class=\"alignnone size-full wp-image-799\" src=\"https:\/\/www.andrefrereditions.com\/wp-content\/uploads\/2014\/09\/maydan-emeric-lhuisset-andre-frere-editions.jpg\" alt=\"Bookcover \u201cMaydan - Hundred Portraits\u201d by Emeric Lhuisset published by Andr\u00e9 Fr\u00e8re \u00c9ditions\" width=\"420\" height=\"548\" srcset=\"https:\/\/www.andrefrereditions.com\/wp-content\/uploads\/2014\/09\/maydan-emeric-lhuisset-andre-frere-editions.jpg 420w, https:\/\/www.andrefrereditions.com\/wp-content\/uploads\/2014\/09\/maydan-emeric-lhuisset-andre-frere-editions-229x300.jpg 229w, https:\/\/www.andrefrereditions.com\/wp-content\/uploads\/2014\/09\/maydan-emeric-lhuisset-andre-frere-editions-321x420.jpg 321w\" sizes=\"auto, (max-width: 420px) 100vw, 420px\" \/><\/li>\n<li class=\"texte-important\"><img loading=\"lazy\" decoding=\"async\" class=\"alignnone size-full wp-image-797\" src=\"https:\/\/www.andrefrereditions.com\/wp-content\/uploads\/2014\/09\/maydan-emeric-lhuisset-andre-frere-editions-9.jpg\" alt=\"maydan-emeric-lhuisset-andre-frere-editions-9\" width=\"430\" height=\"576\" srcset=\"https:\/\/www.andrefrereditions.com\/wp-content\/uploads\/2014\/09\/maydan-emeric-lhuisset-andre-frere-editions-9.jpg 430w, https:\/\/www.andrefrereditions.com\/wp-content\/uploads\/2014\/09\/maydan-emeric-lhuisset-andre-frere-editions-9-420x563.jpg 420w, https:\/\/www.andrefrereditions.com\/wp-content\/uploads\/2014\/09\/maydan-emeric-lhuisset-andre-frere-editions-9-223x300.jpg 223w\" sizes=\"auto, (max-width: 430px) 100vw, 430px\" \/><\/li>\n<li class=\"texte-important\"><img loading=\"lazy\" decoding=\"async\" class=\"alignnone size-full wp-image-795\" src=\"https:\/\/www.andrefrereditions.com\/wp-content\/uploads\/2014\/09\/maydan-emeric-lhuisset-andre-frere-editions-8.jpg\" alt=\"maydan-emeric-lhuisset-andre-frere-editions-8\" width=\"430\" height=\"576\" srcset=\"https:\/\/www.andrefrereditions.com\/wp-content\/uploads\/2014\/09\/maydan-emeric-lhuisset-andre-frere-editions-8.jpg 430w, https:\/\/www.andrefrereditions.com\/wp-content\/uploads\/2014\/09\/maydan-emeric-lhuisset-andre-frere-editions-8-420x563.jpg 420w, https:\/\/www.andrefrereditions.com\/wp-content\/uploads\/2014\/09\/maydan-emeric-lhuisset-andre-frere-editions-8-223x300.jpg 223w\" sizes=\"auto, (max-width: 430px) 100vw, 430px\" \/><\/li>\n<li class=\"texte-important\"><img loading=\"lazy\" decoding=\"async\" class=\"alignnone size-full wp-image-793\" src=\"https:\/\/www.andrefrereditions.com\/wp-content\/uploads\/2014\/09\/maydan-emeric-lhuisset-andre-frere-editions-7.jpg\" alt=\"maydan-emeric-lhuisset-andre-frere-editions-7\" width=\"430\" height=\"576\" srcset=\"https:\/\/www.andrefrereditions.com\/wp-content\/uploads\/2014\/09\/maydan-emeric-lhuisset-andre-frere-editions-7.jpg 430w, https:\/\/www.andrefrereditions.com\/wp-content\/uploads\/2014\/09\/maydan-emeric-lhuisset-andre-frere-editions-7-420x563.jpg 420w, https:\/\/www.andrefrereditions.com\/wp-content\/uploads\/2014\/09\/maydan-emeric-lhuisset-andre-frere-editions-7-223x300.jpg 223w\" sizes=\"auto, (max-width: 430px) 100vw, 430px\" \/><\/li>\n<li class=\"texte-important\"><img loading=\"lazy\" decoding=\"async\" class=\"alignnone size-full wp-image-791\" src=\"https:\/\/www.andrefrereditions.com\/wp-content\/uploads\/2014\/09\/maydan-emeric-lhuisset-andre-frere-editions-6.jpg\" alt=\"maydan-emeric-lhuisset-andre-frere-editions-6\" width=\"430\" height=\"576\" srcset=\"https:\/\/www.andrefrereditions.com\/wp-content\/uploads\/2014\/09\/maydan-emeric-lhuisset-andre-frere-editions-6.jpg 430w, https:\/\/www.andrefrereditions.com\/wp-content\/uploads\/2014\/09\/maydan-emeric-lhuisset-andre-frere-editions-6-420x563.jpg 420w, https:\/\/www.andrefrereditions.com\/wp-content\/uploads\/2014\/09\/maydan-emeric-lhuisset-andre-frere-editions-6-223x300.jpg 223w\" sizes=\"auto, (max-width: 430px) 100vw, 430px\" \/><\/li>\n<li class=\"texte-important\"><img loading=\"lazy\" decoding=\"async\" class=\"alignnone size-full wp-image-789\" src=\"https:\/\/www.andrefrereditions.com\/wp-content\/uploads\/2014\/09\/maydan-emeric-lhuisset-andre-frere-editions-5.jpg\" alt=\"maydan-emeric-lhuisset-andre-frere-editions-5\" width=\"430\" height=\"576\" srcset=\"https:\/\/www.andrefrereditions.com\/wp-content\/uploads\/2014\/09\/maydan-emeric-lhuisset-andre-frere-editions-5.jpg 430w, https:\/\/www.andrefrereditions.com\/wp-content\/uploads\/2014\/09\/maydan-emeric-lhuisset-andre-frere-editions-5-420x563.jpg 420w, https:\/\/www.andrefrereditions.com\/wp-content\/uploads\/2014\/09\/maydan-emeric-lhuisset-andre-frere-editions-5-223x300.jpg 223w\" sizes=\"auto, (max-width: 430px) 100vw, 430px\" \/><\/li>\n<li class=\"texte-important\"><img loading=\"lazy\" decoding=\"async\" class=\"alignnone size-full wp-image-787\" src=\"https:\/\/www.andrefrereditions.com\/wp-content\/uploads\/2014\/09\/maydan-emeric-lhuisset-andre-frere-editions-4.jpg\" alt=\"maydan-emeric-lhuisset-andre-frere-editions-4\" width=\"430\" height=\"576\" srcset=\"https:\/\/www.andrefrereditions.com\/wp-content\/uploads\/2014\/09\/maydan-emeric-lhuisset-andre-frere-editions-4.jpg 430w, https:\/\/www.andrefrereditions.com\/wp-content\/uploads\/2014\/09\/maydan-emeric-lhuisset-andre-frere-editions-4-420x563.jpg 420w, https:\/\/www.andrefrereditions.com\/wp-content\/uploads\/2014\/09\/maydan-emeric-lhuisset-andre-frere-editions-4-223x300.jpg 223w\" sizes=\"auto, (max-width: 430px) 100vw, 430px\" \/><\/li>\n<li class=\"texte-important\"><img loading=\"lazy\" decoding=\"async\" class=\"alignnone size-full wp-image-783\" src=\"https:\/\/www.andrefrereditions.com\/wp-content\/uploads\/2014\/09\/maydan-emeric-lhuisset-andre-frere-editions-2.jpg\" alt=\"maydan-emeric-lhuisset-andre-frere-editions-2\" width=\"430\" height=\"576\" srcset=\"https:\/\/www.andrefrereditions.com\/wp-content\/uploads\/2014\/09\/maydan-emeric-lhuisset-andre-frere-editions-2.jpg 430w, https:\/\/www.andrefrereditions.com\/wp-content\/uploads\/2014\/09\/maydan-emeric-lhuisset-andre-frere-editions-2-420x563.jpg 420w, https:\/\/www.andrefrereditions.com\/wp-content\/uploads\/2014\/09\/maydan-emeric-lhuisset-andre-frere-editions-2-223x300.jpg 223w\" sizes=\"auto, (max-width: 430px) 100vw, 430px\" \/><\/li>\n<li class=\"texte-important\"><img loading=\"lazy\" decoding=\"async\" class=\"alignnone size-full wp-image-12232\" src=\"https:\/\/www.andrefrereditions.com\/wp-content\/uploads\/2013\/09\/maydan-emeric-lhuisset-andre-frere-editions-8B-1.jpg\" alt=\"\" width=\"430\" height=\"575\" srcset=\"https:\/\/www.andrefrereditions.com\/wp-content\/uploads\/2013\/09\/maydan-emeric-lhuisset-andre-frere-editions-8B-1.jpg 430w, https:\/\/www.andrefrereditions.com\/wp-content\/uploads\/2013\/09\/maydan-emeric-lhuisset-andre-frere-editions-8B-1-224x300.jpg 224w, https:\/\/www.andrefrereditions.com\/wp-content\/uploads\/2013\/09\/maydan-emeric-lhuisset-andre-frere-editions-8B-1-420x562.jpg 420w\" sizes=\"auto, (max-width: 430px) 100vw, 430px\" \/><\/li>\n<li class=\"texte-important\"><img loading=\"lazy\" decoding=\"async\" class=\"alignnone wp-image-12234 size-full\" src=\"https:\/\/www.andrefrereditions.com\/wp-content\/uploads\/2013\/09\/maydan-emeric-lhuisset-andre-frere-editions-9B.jpg\" alt=\"\" width=\"430\" height=\"575\" srcset=\"https:\/\/www.andrefrereditions.com\/wp-content\/uploads\/2013\/09\/maydan-emeric-lhuisset-andre-frere-editions-9B.jpg 430w, https:\/\/www.andrefrereditions.com\/wp-content\/uploads\/2013\/09\/maydan-emeric-lhuisset-andre-frere-editions-9B-224x300.jpg 224w, https:\/\/www.andrefrereditions.com\/wp-content\/uploads\/2013\/09\/maydan-emeric-lhuisset-andre-frere-editions-9B-420x562.jpg 420w\" sizes=\"auto, (max-width: 430px) 100vw, 430px\" \/><\/li>\n<\/ol>\n","protected":false},"excerpt":{"rendered":"<p>Photographs: \u00c9meric Lhuisset Texts: Adrien Goetz and Maydan revolutionaries Go to Maydan\u00a0\u2014 Hundred Portraits book page 50 signed copies with a 35 x 28 cm signed and numbered print to be chosen among the pictures below. Please contact us to order this item with the print of your choice. Pictures #1, #2 and\u00a0 #7 are [&hellip;]<\/p>\n","protected":false},"featured_media":5595,"template":"","meta":[],"product_brand":[],"product_cat":[35],"product_tag":[],"class_list":{"0":"post-5838","1":"product","2":"type-product","3":"status-publish","4":"has-post-thumbnail","6":"product_cat-special-editions","7":"product_shipping_class-c3-en","8":"pa_picture-picture-n-1","9":"pa_picture-picture-n-10","10":"pa_picture-picture-n-2","11":"pa_picture-picture-n-3","12":"pa_picture-picture-n-4","13":"pa_picture-picture-n-5","14":"pa_picture-picture-n-6","15":"pa_picture-picture-n-7","16":"pa_picture-picture-n-8","17":"pa_picture-picture-n-9","19":"first","20":"instock","21":"shipping-taxable","22":"purchasable","23":"product-type-variable"},"yoast_head":"<!-- This site is optimized with the Yoast SEO plugin v27.5 - https:\/\/yoast.com\/product\/yoast-seo-wordpress\/ -->\n<title>Maydan \u2013 Hundred Portraits \u2014 Special edition | Andr\u00e9 Fr\u00e8re \u00c9ditions<\/title>\n<meta name=\"description\" content=\"Maydan \u2013 Hundred Portraits \u2014 Special edition par \u00c9meric Lhuisset dans la cat\u00e9gorie Special editions. Publi\u00e9 par Andr\u00e9 Fr\u00e8re \u00c9ditions.\" \/>\n<meta name=\"robots\" content=\"index, follow, max-snippet:-1, max-image-preview:large, max-video-preview:-1\" \/>\n<link rel=\"canonical\" href=\"https:\/\/www.andrefrereditions.com\/en\/books\/special-editions\/maydan-hundred-portraits-special-edition\/\" \/>\n<meta property=\"og:locale\" content=\"en_US\" \/>\n<meta property=\"og:type\" content=\"article\" \/>\n<meta property=\"og:title\" content=\"Maydan \u2013 Hundred Portraits \u2014 Special edition | Andr\u00e9 Fr\u00e8re \u00c9ditions\" \/>\n<meta property=\"og:description\" content=\"Maydan \u2013 Hundred Portraits \u2014 Special edition par \u00c9meric Lhuisset dans la cat\u00e9gorie Special editions. Publi\u00e9 par Andr\u00e9 Fr\u00e8re \u00c9ditions.\" \/>\n<meta property=\"og:url\" content=\"https:\/\/www.andrefrereditions.com\/en\/books\/special-editions\/maydan-hundred-portraits-special-edition\/\" \/>\n<meta property=\"og:site_name\" content=\"Andr\u00e9 Fr\u00e8re \u00c9ditions\" \/>\n<meta property=\"article:modified_time\" content=\"2025-06-26T09:19:01+00:00\" \/>\n<meta property=\"og:image\" content=\"https:\/\/www.andrefrereditions.com\/wp-content\/uploads\/2014\/09\/maydan-hundred-portraits-andre-frere-editions-speciale-11.jpg\" \/>\n\t<meta property=\"og:image:width\" content=\"315\" \/>\n\t<meta property=\"og:image:height\" content=\"420\" \/>\n\t<meta property=\"og:image:type\" content=\"image\/jpeg\" \/>\n<meta name=\"twitter:label1\" content=\"Est. reading time\" \/>\n\t<meta name=\"twitter:data1\" content=\"3 minutes\" \/>\n<script type=\"application\/ld+json\" class=\"yoast-schema-graph\">{\"@context\":\"https:\\\/\\\/schema.org\",\"@graph\":[{\"@type\":\"WebPage\",\"@id\":\"https:\\\/\\\/www.andrefrereditions.com\\\/en\\\/books\\\/special-editions\\\/maydan-hundred-portraits-special-edition\\\/\",\"url\":\"https:\\\/\\\/www.andrefrereditions.com\\\/en\\\/books\\\/special-editions\\\/maydan-hundred-portraits-special-edition\\\/\",\"name\":\"Maydan \u2013 Hundred Portraits \u2014 Special edition | Andr\u00e9 Fr\u00e8re \u00c9ditions\",\"isPartOf\":{\"@id\":\"https:\\\/\\\/www.andrefrereditions.com\\\/en\\\/#website\"},\"primaryImageOfPage\":{\"@id\":\"https:\\\/\\\/www.andrefrereditions.com\\\/en\\\/books\\\/special-editions\\\/maydan-hundred-portraits-special-edition\\\/#primaryimage\"},\"image\":{\"@id\":\"https:\\\/\\\/www.andrefrereditions.com\\\/en\\\/books\\\/special-editions\\\/maydan-hundred-portraits-special-edition\\\/#primaryimage\"},\"thumbnailUrl\":\"https:\\\/\\\/www.andrefrereditions.com\\\/wp-content\\\/uploads\\\/2014\\\/09\\\/maydan-hundred-portraits-andre-frere-editions-speciale-11.jpg\",\"datePublished\":\"2013-09-20T18:51:51+00:00\",\"dateModified\":\"2025-06-26T09:19:01+00:00\",\"description\":\"Maydan \u2013 Hundred Portraits \u2014 Special edition par \u00c9meric Lhuisset dans la cat\u00e9gorie Special editions. Publi\u00e9 par Andr\u00e9 Fr\u00e8re \u00c9ditions.\",\"breadcrumb\":{\"@id\":\"https:\\\/\\\/www.andrefrereditions.com\\\/en\\\/books\\\/special-editions\\\/maydan-hundred-portraits-special-edition\\\/#breadcrumb\"},\"inLanguage\":\"en-US\",\"potentialAction\":[{\"@type\":\"ReadAction\",\"target\":[\"https:\\\/\\\/www.andrefrereditions.com\\\/en\\\/books\\\/special-editions\\\/maydan-hundred-portraits-special-edition\\\/\"]}]},{\"@type\":\"ImageObject\",\"inLanguage\":\"en-US\",\"@id\":\"https:\\\/\\\/www.andrefrereditions.com\\\/en\\\/books\\\/special-editions\\\/maydan-hundred-portraits-special-edition\\\/#primaryimage\",\"url\":\"https:\\\/\\\/www.andrefrereditions.com\\\/wp-content\\\/uploads\\\/2014\\\/09\\\/maydan-hundred-portraits-andre-frere-editions-speciale-11.jpg\",\"contentUrl\":\"https:\\\/\\\/www.andrefrereditions.com\\\/wp-content\\\/uploads\\\/2014\\\/09\\\/maydan-hundred-portraits-andre-frere-editions-speciale-11.jpg\",\"width\":315,\"height\":420},{\"@type\":\"BreadcrumbList\",\"@id\":\"https:\\\/\\\/www.andrefrereditions.com\\\/en\\\/books\\\/special-editions\\\/maydan-hundred-portraits-special-edition\\\/#breadcrumb\",\"itemListElement\":[{\"@type\":\"ListItem\",\"position\":1,\"name\":\"Home\",\"item\":\"https:\\\/\\\/www.andrefrereditions.com\\\/en\\\/\"},{\"@type\":\"ListItem\",\"position\":2,\"name\":\"Books\",\"item\":\"https:\\\/\\\/www.andrefrereditions.com\\\/en\\\/books\\\/\"},{\"@type\":\"ListItem\",\"position\":3,\"name\":\"Maydan \u2013 Hundred Portraits \u2014 Special edition\"}]},{\"@type\":\"WebSite\",\"@id\":\"https:\\\/\\\/www.andrefrereditions.com\\\/en\\\/#website\",\"url\":\"https:\\\/\\\/www.andrefrereditions.com\\\/en\\\/\",\"name\":\"Andr\u00e9 Fr\u00e8re \u00c9ditions\",\"description\":\"\u00c9dition ind\u00e9pendante de photographie et d\u2019art\",\"publisher\":{\"@id\":\"https:\\\/\\\/www.andrefrereditions.com\\\/en\\\/#organization\"},\"potentialAction\":[{\"@type\":\"SearchAction\",\"target\":{\"@type\":\"EntryPoint\",\"urlTemplate\":\"https:\\\/\\\/www.andrefrereditions.com\\\/en\\\/?s={search_term_string}\"},\"query-input\":{\"@type\":\"PropertyValueSpecification\",\"valueRequired\":true,\"valueName\":\"search_term_string\"}}],\"inLanguage\":\"en-US\"},{\"@type\":\"Organization\",\"@id\":\"https:\\\/\\\/www.andrefrereditions.com\\\/en\\\/#organization\",\"name\":\"Andr\u00e9 Fr\u00e8re \u00c9ditions\",\"url\":\"https:\\\/\\\/www.andrefrereditions.com\\\/en\\\/\",\"logo\":{\"@type\":\"ImageObject\",\"inLanguage\":\"en-US\",\"@id\":\"https:\\\/\\\/www.andrefrereditions.com\\\/en\\\/#\\\/schema\\\/logo\\\/image\\\/\",\"url\":\"https:\\\/\\\/www.andrefrereditions.com\\\/wp-content\\\/uploads\\\/2014\\\/12\\\/andre-frere-editions-logo.png\",\"contentUrl\":\"https:\\\/\\\/www.andrefrereditions.com\\\/wp-content\\\/uploads\\\/2014\\\/12\\\/andre-frere-editions-logo.png\",\"width\":80,\"height\":79,\"caption\":\"Andr\u00e9 Fr\u00e8re \u00c9ditions\"},\"image\":{\"@id\":\"https:\\\/\\\/www.andrefrereditions.com\\\/en\\\/#\\\/schema\\\/logo\\\/image\\\/\"}}]}<\/script>\n<!-- \/ Yoast SEO plugin. -->","yoast_head_json":{"title":"Maydan \u2013 Hundred Portraits \u2014 Special edition | Andr\u00e9 Fr\u00e8re \u00c9ditions","description":"Maydan \u2013 Hundred Portraits \u2014 Special edition par \u00c9meric Lhuisset dans la cat\u00e9gorie Special editions. Publi\u00e9 par Andr\u00e9 Fr\u00e8re \u00c9ditions.","robots":{"index":"index","follow":"follow","max-snippet":"max-snippet:-1","max-image-preview":"max-image-preview:large","max-video-preview":"max-video-preview:-1"},"canonical":"https:\/\/www.andrefrereditions.com\/en\/books\/special-editions\/maydan-hundred-portraits-special-edition\/","og_locale":"en_US","og_type":"article","og_title":"Maydan \u2013 Hundred Portraits \u2014 Special edition | Andr\u00e9 Fr\u00e8re \u00c9ditions","og_description":"Maydan \u2013 Hundred Portraits \u2014 Special edition par \u00c9meric Lhuisset dans la cat\u00e9gorie Special editions. Publi\u00e9 par Andr\u00e9 Fr\u00e8re \u00c9ditions.","og_url":"https:\/\/www.andrefrereditions.com\/en\/books\/special-editions\/maydan-hundred-portraits-special-edition\/","og_site_name":"Andr\u00e9 Fr\u00e8re \u00c9ditions","article_modified_time":"2025-06-26T09:19:01+00:00","og_image":[{"width":315,"height":420,"url":"https:\/\/www.andrefrereditions.com\/wp-content\/uploads\/2014\/09\/maydan-hundred-portraits-andre-frere-editions-speciale-11.jpg","type":"image\/jpeg"}],"twitter_misc":{"Est. reading time":"3 minutes"},"schema":{"@context":"https:\/\/schema.org","@graph":[{"@type":"WebPage","@id":"https:\/\/www.andrefrereditions.com\/en\/books\/special-editions\/maydan-hundred-portraits-special-edition\/","url":"https:\/\/www.andrefrereditions.com\/en\/books\/special-editions\/maydan-hundred-portraits-special-edition\/","name":"Maydan \u2013 Hundred Portraits \u2014 Special edition | Andr\u00e9 Fr\u00e8re \u00c9ditions","isPartOf":{"@id":"https:\/\/www.andrefrereditions.com\/en\/#website"},"primaryImageOfPage":{"@id":"https:\/\/www.andrefrereditions.com\/en\/books\/special-editions\/maydan-hundred-portraits-special-edition\/#primaryimage"},"image":{"@id":"https:\/\/www.andrefrereditions.com\/en\/books\/special-editions\/maydan-hundred-portraits-special-edition\/#primaryimage"},"thumbnailUrl":"https:\/\/www.andrefrereditions.com\/wp-content\/uploads\/2014\/09\/maydan-hundred-portraits-andre-frere-editions-speciale-11.jpg","datePublished":"2013-09-20T18:51:51+00:00","dateModified":"2025-06-26T09:19:01+00:00","description":"Maydan \u2013 Hundred Portraits \u2014 Special edition par \u00c9meric Lhuisset dans la cat\u00e9gorie Special editions. Publi\u00e9 par Andr\u00e9 Fr\u00e8re \u00c9ditions.","breadcrumb":{"@id":"https:\/\/www.andrefrereditions.com\/en\/books\/special-editions\/maydan-hundred-portraits-special-edition\/#breadcrumb"},"inLanguage":"en-US","potentialAction":[{"@type":"ReadAction","target":["https:\/\/www.andrefrereditions.com\/en\/books\/special-editions\/maydan-hundred-portraits-special-edition\/"]}]},{"@type":"ImageObject","inLanguage":"en-US","@id":"https:\/\/www.andrefrereditions.com\/en\/books\/special-editions\/maydan-hundred-portraits-special-edition\/#primaryimage","url":"https:\/\/www.andrefrereditions.com\/wp-content\/uploads\/2014\/09\/maydan-hundred-portraits-andre-frere-editions-speciale-11.jpg","contentUrl":"https:\/\/www.andrefrereditions.com\/wp-content\/uploads\/2014\/09\/maydan-hundred-portraits-andre-frere-editions-speciale-11.jpg","width":315,"height":420},{"@type":"BreadcrumbList","@id":"https:\/\/www.andrefrereditions.com\/en\/books\/special-editions\/maydan-hundred-portraits-special-edition\/#breadcrumb","itemListElement":[{"@type":"ListItem","position":1,"name":"Home","item":"https:\/\/www.andrefrereditions.com\/en\/"},{"@type":"ListItem","position":2,"name":"Books","item":"https:\/\/www.andrefrereditions.com\/en\/books\/"},{"@type":"ListItem","position":3,"name":"Maydan \u2013 Hundred Portraits \u2014 Special edition"}]},{"@type":"WebSite","@id":"https:\/\/www.andrefrereditions.com\/en\/#website","url":"https:\/\/www.andrefrereditions.com\/en\/","name":"Andr\u00e9 Fr\u00e8re \u00c9ditions","description":"\u00c9dition ind\u00e9pendante de photographie et d\u2019art","publisher":{"@id":"https:\/\/www.andrefrereditions.com\/en\/#organization"},"potentialAction":[{"@type":"SearchAction","target":{"@type":"EntryPoint","urlTemplate":"https:\/\/www.andrefrereditions.com\/en\/?s={search_term_string}"},"query-input":{"@type":"PropertyValueSpecification","valueRequired":true,"valueName":"search_term_string"}}],"inLanguage":"en-US"},{"@type":"Organization","@id":"https:\/\/www.andrefrereditions.com\/en\/#organization","name":"Andr\u00e9 Fr\u00e8re \u00c9ditions","url":"https:\/\/www.andrefrereditions.com\/en\/","logo":{"@type":"ImageObject","inLanguage":"en-US","@id":"https:\/\/www.andrefrereditions.com\/en\/#\/schema\/logo\/image\/","url":"https:\/\/www.andrefrereditions.com\/wp-content\/uploads\/2014\/12\/andre-frere-editions-logo.png","contentUrl":"https:\/\/www.andrefrereditions.com\/wp-content\/uploads\/2014\/12\/andre-frere-editions-logo.png","width":80,"height":79,"caption":"Andr\u00e9 Fr\u00e8re \u00c9ditions"},"image":{"@id":"https:\/\/www.andrefrereditions.com\/en\/#\/schema\/logo\/image\/"}}]}},"_links":{"self":[{"href":"https:\/\/www.andrefrereditions.com\/en\/wp-json\/wp\/v2\/product\/5838","targetHints":{"allow":["GET"]}}],"collection":[{"href":"https:\/\/www.andrefrereditions.com\/en\/wp-json\/wp\/v2\/product"}],"about":[{"href":"https:\/\/www.andrefrereditions.com\/en\/wp-json\/wp\/v2\/types\/product"}],"wp:featuredmedia":[{"embeddable":true,"href":"https:\/\/www.andrefrereditions.com\/en\/wp-json\/wp\/v2\/media\/5595"}],"wp:attachment":[{"href":"https:\/\/www.andrefrereditions.com\/en\/wp-json\/wp\/v2\/media?parent=5838"}],"wp:term":[{"taxonomy":"product_brand","embeddable":true,"href":"https:\/\/www.andrefrereditions.com\/en\/wp-json\/wp\/v2\/product_brand?post=5838"},{"taxonomy":"product_cat","embeddable":true,"href":"https:\/\/www.andrefrereditions.com\/en\/wp-json\/wp\/v2\/product_cat?post=5838"},{"taxonomy":"product_tag","embeddable":true,"href":"https:\/\/www.andrefrereditions.com\/en\/wp-json\/wp\/v2\/product_tag?post=5838"}],"curies":[{"name":"wp","href":"https:\/\/api.w.org\/{rel}","templated":true}]}}