{"id":5843,"date":"2013-03-17T20:12:29","date_gmt":"2013-03-17T18:12:29","guid":{"rendered":"http:\/\/www.andrefrereditions.com\/books\/non-classe\/the-western-front-headprint\/"},"modified":"2025-06-26T11:19:11","modified_gmt":"2025-06-26T09:19:11","slug":"the-western-front-headprint","status":"publish","type":"product","link":"https:\/\/www.andrefrereditions.com\/en\/books\/special-editions\/the-western-front-headprint\/","title":{"rendered":"The Western Front \u2013 Special edition"},"content":{"rendered":"<ul class=\"infos-livre\">\n<li>Photographs: Stanley Greene<\/li>\n<li><a title=\"The Western Front\" href=\"\/en?p=374\">Go to the complete book page<\/a><\/li>\n<li><a href=\"\/en?page_id=286\">Please contact us to buy pictures #1, #2, #3 &amp; #5.<\/a><br \/>\nNumber 4 is out of stock.<\/li>\n<\/ul>\n<p>50 signed copies with a signed 240 x 340 mm print to be chosen among the 5 images below (12 print each, 2 of them being non-commercial). Number 4 is out of stock.<\/p>\n<p>Please <a title=\"Contact\" href=\"\/?page_id=9\">contact us<\/a> to order this item with the print of your choice.<\/p>\n<p class=\"texte-important\">1.<\/p>\n<p><img loading=\"lazy\" decoding=\"async\" class=\"alignnone size-full wp-image-566\" src=\"https:\/\/www.andrefrereditions.com\/wp-content\/uploads\/2014\/03\/the-western-front-stanley-greene-andre-frere-editions-1.jpg\" alt=\"\" width=\"430\" height=\"287\" \/><\/p>\n<p class=\"texte-important\">2.<\/p>\n<p><img loading=\"lazy\" decoding=\"async\" class=\"alignnone size-full wp-image-568\" src=\"https:\/\/www.andrefrereditions.com\/wp-content\/uploads\/2014\/03\/the-western-front-stanley-greene-andre-frere-editions-2.jpg\" alt=\"\" width=\"430\" height=\"645\" \/><\/p>\n<p class=\"texte-important\">3.<\/p>\n<p><img loading=\"lazy\" decoding=\"async\" class=\"alignnone size-full wp-image-570\" src=\"https:\/\/www.andrefrereditions.com\/wp-content\/uploads\/2014\/03\/the-western-front-stanley-greene-andre-frere-editions-3.jpg\" alt=\"\" width=\"430\" height=\"287\" \/><\/p>\n<p class=\"texte-important\">4.<\/p>\n<p><img loading=\"lazy\" decoding=\"async\" class=\"alignnone size-full wp-image-572\" src=\"https:\/\/www.andrefrereditions.com\/wp-content\/uploads\/2014\/03\/the-western-front-stanley-greene-andre-frere-editions-4.jpg\" alt=\"\" width=\"430\" height=\"287\" \/><\/p>\n<p class=\"texte-important\">5.<\/p>\n<p><img loading=\"lazy\" decoding=\"async\" class=\"alignnone size-full wp-image-556\" src=\"https:\/\/www.andrefrereditions.com\/wp-content\/uploads\/2013\/03\/the-western-front-stanley-greene-andre-frere-editions-5.jpg\" alt=\"\" width=\"430\" height=\"287\" srcset=\"https:\/\/www.andrefrereditions.com\/wp-content\/uploads\/2013\/03\/the-western-front-stanley-greene-andre-frere-editions-5.jpg 430w, https:\/\/www.andrefrereditions.com\/wp-content\/uploads\/2013\/03\/the-western-front-stanley-greene-andre-frere-editions-5-420x280.jpg 420w, https:\/\/www.andrefrereditions.com\/wp-content\/uploads\/2013\/03\/the-western-front-stanley-greene-andre-frere-editions-5-300x200.jpg 300w\" sizes=\"auto, (max-width: 430px) 100vw, 430px\" \/><\/p>\n","protected":false},"excerpt":{"rendered":"<p>Photographs: Stanley Greene Go to the complete book page Please contact us to buy pictures #1, #2, #3 &amp; #5. Number 4 is out of stock. 50 signed copies with a signed 240 x 340 mm print to be chosen among the 5 images below (12 print each, 2 of them being non-commercial). Number 4 [&hellip;]<\/p>\n","protected":false},"featured_media":304,"template":"","meta":[],"product_brand":[],"product_cat":[35],"product_tag":[],"class_list":{"0":"post-5843","1":"product","2":"type-product","3":"status-publish","4":"has-post-thumbnail","6":"product_cat-special-editions","7":"product_shipping_class-c3-en","9":"first","10":"instock","11":"shipping-taxable","12":"product-type-simple"},"yoast_head":"<!-- This site is optimized with the Yoast SEO plugin v27.5 - https:\/\/yoast.com\/product\/yoast-seo-wordpress\/ -->\n<title>The Western Front \u2013 Special edition | Andr\u00e9 Fr\u00e8re \u00c9ditions<\/title>\n<meta name=\"description\" content=\"The Western Front \u2013 Special edition par Stanley Greene dans la cat\u00e9gorie Special editions. Publi\u00e9 par Andr\u00e9 Fr\u00e8re \u00c9ditions.\" \/>\n<meta name=\"robots\" content=\"index, follow, max-snippet:-1, max-image-preview:large, max-video-preview:-1\" \/>\n<link rel=\"canonical\" href=\"https:\/\/www.andrefrereditions.com\/en\/books\/special-editions\/the-western-front-headprint\/\" \/>\n<meta property=\"og:locale\" content=\"en_US\" \/>\n<meta property=\"og:type\" content=\"article\" \/>\n<meta property=\"og:title\" content=\"The Western Front \u2013 Special edition | Andr\u00e9 Fr\u00e8re \u00c9ditions\" \/>\n<meta property=\"og:description\" content=\"The Western Front \u2013 Special edition par Stanley Greene dans la cat\u00e9gorie Special editions. Publi\u00e9 par Andr\u00e9 Fr\u00e8re \u00c9ditions.\" \/>\n<meta property=\"og:url\" content=\"https:\/\/www.andrefrereditions.com\/en\/books\/special-editions\/the-western-front-headprint\/\" \/>\n<meta property=\"og:site_name\" content=\"Andr\u00e9 Fr\u00e8re \u00c9ditions\" \/>\n<meta property=\"article:modified_time\" content=\"2025-06-26T09:19:11+00:00\" \/>\n<meta property=\"og:image\" content=\"https:\/\/www.andrefrereditions.com\/wp-content\/uploads\/2013\/11\/the-western-front-stanley-greene-andre-frere-editions.jpg\" \/>\n\t<meta property=\"og:image:width\" content=\"396\" \/>\n\t<meta property=\"og:image:height\" content=\"566\" \/>\n\t<meta property=\"og:image:type\" content=\"image\/jpeg\" \/>\n<script type=\"application\/ld+json\" class=\"yoast-schema-graph\">{\"@context\":\"https:\\\/\\\/schema.org\",\"@graph\":[{\"@type\":\"WebPage\",\"@id\":\"https:\\\/\\\/www.andrefrereditions.com\\\/en\\\/books\\\/special-editions\\\/the-western-front-headprint\\\/\",\"url\":\"https:\\\/\\\/www.andrefrereditions.com\\\/en\\\/books\\\/special-editions\\\/the-western-front-headprint\\\/\",\"name\":\"The Western Front \u2013 Special edition | Andr\u00e9 Fr\u00e8re \u00c9ditions\",\"isPartOf\":{\"@id\":\"https:\\\/\\\/www.andrefrereditions.com\\\/en\\\/#website\"},\"primaryImageOfPage\":{\"@id\":\"https:\\\/\\\/www.andrefrereditions.com\\\/en\\\/books\\\/special-editions\\\/the-western-front-headprint\\\/#primaryimage\"},\"image\":{\"@id\":\"https:\\\/\\\/www.andrefrereditions.com\\\/en\\\/books\\\/special-editions\\\/the-western-front-headprint\\\/#primaryimage\"},\"thumbnailUrl\":\"https:\\\/\\\/www.andrefrereditions.com\\\/wp-content\\\/uploads\\\/2013\\\/11\\\/the-western-front-stanley-greene-andre-frere-editions.jpg\",\"datePublished\":\"2013-03-17T18:12:29+00:00\",\"dateModified\":\"2025-06-26T09:19:11+00:00\",\"description\":\"The Western Front \u2013 Special edition par Stanley Greene dans la cat\u00e9gorie Special editions. Publi\u00e9 par Andr\u00e9 Fr\u00e8re \u00c9ditions.\",\"breadcrumb\":{\"@id\":\"https:\\\/\\\/www.andrefrereditions.com\\\/en\\\/books\\\/special-editions\\\/the-western-front-headprint\\\/#breadcrumb\"},\"inLanguage\":\"en-US\",\"potentialAction\":[{\"@type\":\"ReadAction\",\"target\":[\"https:\\\/\\\/www.andrefrereditions.com\\\/en\\\/books\\\/special-editions\\\/the-western-front-headprint\\\/\"]}]},{\"@type\":\"ImageObject\",\"inLanguage\":\"en-US\",\"@id\":\"https:\\\/\\\/www.andrefrereditions.com\\\/en\\\/books\\\/special-editions\\\/the-western-front-headprint\\\/#primaryimage\",\"url\":\"https:\\\/\\\/www.andrefrereditions.com\\\/wp-content\\\/uploads\\\/2013\\\/11\\\/the-western-front-stanley-greene-andre-frere-editions.jpg\",\"contentUrl\":\"https:\\\/\\\/www.andrefrereditions.com\\\/wp-content\\\/uploads\\\/2013\\\/11\\\/the-western-front-stanley-greene-andre-frere-editions.jpg\",\"width\":396,\"height\":566,\"caption\":\"Couverture de l\u2019ouvrage \u00abThe Western Front\u00bb de Stanley Greene publi\u00e9 aux \u00c9ditions Andr\u00e9 Fr\u00e8re\"},{\"@type\":\"BreadcrumbList\",\"@id\":\"https:\\\/\\\/www.andrefrereditions.com\\\/en\\\/books\\\/special-editions\\\/the-western-front-headprint\\\/#breadcrumb\",\"itemListElement\":[{\"@type\":\"ListItem\",\"position\":1,\"name\":\"Home\",\"item\":\"https:\\\/\\\/www.andrefrereditions.com\\\/en\\\/\"},{\"@type\":\"ListItem\",\"position\":2,\"name\":\"Books\",\"item\":\"https:\\\/\\\/www.andrefrereditions.com\\\/en\\\/books\\\/\"},{\"@type\":\"ListItem\",\"position\":3,\"name\":\"The Western Front \u2013 Special edition\"}]},{\"@type\":\"WebSite\",\"@id\":\"https:\\\/\\\/www.andrefrereditions.com\\\/en\\\/#website\",\"url\":\"https:\\\/\\\/www.andrefrereditions.com\\\/en\\\/\",\"name\":\"Andr\u00e9 Fr\u00e8re \u00c9ditions\",\"description\":\"\u00c9dition ind\u00e9pendante de photographie et d\u2019art\",\"publisher\":{\"@id\":\"https:\\\/\\\/www.andrefrereditions.com\\\/en\\\/#organization\"},\"potentialAction\":[{\"@type\":\"SearchAction\",\"target\":{\"@type\":\"EntryPoint\",\"urlTemplate\":\"https:\\\/\\\/www.andrefrereditions.com\\\/en\\\/?s={search_term_string}\"},\"query-input\":{\"@type\":\"PropertyValueSpecification\",\"valueRequired\":true,\"valueName\":\"search_term_string\"}}],\"inLanguage\":\"en-US\"},{\"@type\":\"Organization\",\"@id\":\"https:\\\/\\\/www.andrefrereditions.com\\\/en\\\/#organization\",\"name\":\"Andr\u00e9 Fr\u00e8re \u00c9ditions\",\"url\":\"https:\\\/\\\/www.andrefrereditions.com\\\/en\\\/\",\"logo\":{\"@type\":\"ImageObject\",\"inLanguage\":\"en-US\",\"@id\":\"https:\\\/\\\/www.andrefrereditions.com\\\/en\\\/#\\\/schema\\\/logo\\\/image\\\/\",\"url\":\"https:\\\/\\\/www.andrefrereditions.com\\\/wp-content\\\/uploads\\\/2014\\\/12\\\/andre-frere-editions-logo.png\",\"contentUrl\":\"https:\\\/\\\/www.andrefrereditions.com\\\/wp-content\\\/uploads\\\/2014\\\/12\\\/andre-frere-editions-logo.png\",\"width\":80,\"height\":79,\"caption\":\"Andr\u00e9 Fr\u00e8re \u00c9ditions\"},\"image\":{\"@id\":\"https:\\\/\\\/www.andrefrereditions.com\\\/en\\\/#\\\/schema\\\/logo\\\/image\\\/\"}}]}<\/script>\n<!-- \/ Yoast SEO plugin. -->","yoast_head_json":{"title":"The Western Front \u2013 Special edition | Andr\u00e9 Fr\u00e8re \u00c9ditions","description":"The Western Front \u2013 Special edition par Stanley Greene dans la cat\u00e9gorie Special editions. Publi\u00e9 par Andr\u00e9 Fr\u00e8re \u00c9ditions.","robots":{"index":"index","follow":"follow","max-snippet":"max-snippet:-1","max-image-preview":"max-image-preview:large","max-video-preview":"max-video-preview:-1"},"canonical":"https:\/\/www.andrefrereditions.com\/en\/books\/special-editions\/the-western-front-headprint\/","og_locale":"en_US","og_type":"article","og_title":"The Western Front \u2013 Special edition | Andr\u00e9 Fr\u00e8re \u00c9ditions","og_description":"The Western Front \u2013 Special edition par Stanley Greene dans la cat\u00e9gorie Special editions. Publi\u00e9 par Andr\u00e9 Fr\u00e8re \u00c9ditions.","og_url":"https:\/\/www.andrefrereditions.com\/en\/books\/special-editions\/the-western-front-headprint\/","og_site_name":"Andr\u00e9 Fr\u00e8re \u00c9ditions","article_modified_time":"2025-06-26T09:19:11+00:00","og_image":[{"width":396,"height":566,"url":"https:\/\/www.andrefrereditions.com\/wp-content\/uploads\/2013\/11\/the-western-front-stanley-greene-andre-frere-editions.jpg","type":"image\/jpeg"}],"schema":{"@context":"https:\/\/schema.org","@graph":[{"@type":"WebPage","@id":"https:\/\/www.andrefrereditions.com\/en\/books\/special-editions\/the-western-front-headprint\/","url":"https:\/\/www.andrefrereditions.com\/en\/books\/special-editions\/the-western-front-headprint\/","name":"The Western Front \u2013 Special edition | Andr\u00e9 Fr\u00e8re \u00c9ditions","isPartOf":{"@id":"https:\/\/www.andrefrereditions.com\/en\/#website"},"primaryImageOfPage":{"@id":"https:\/\/www.andrefrereditions.com\/en\/books\/special-editions\/the-western-front-headprint\/#primaryimage"},"image":{"@id":"https:\/\/www.andrefrereditions.com\/en\/books\/special-editions\/the-western-front-headprint\/#primaryimage"},"thumbnailUrl":"https:\/\/www.andrefrereditions.com\/wp-content\/uploads\/2013\/11\/the-western-front-stanley-greene-andre-frere-editions.jpg","datePublished":"2013-03-17T18:12:29+00:00","dateModified":"2025-06-26T09:19:11+00:00","description":"The Western Front \u2013 Special edition par Stanley Greene dans la cat\u00e9gorie Special editions. Publi\u00e9 par Andr\u00e9 Fr\u00e8re \u00c9ditions.","breadcrumb":{"@id":"https:\/\/www.andrefrereditions.com\/en\/books\/special-editions\/the-western-front-headprint\/#breadcrumb"},"inLanguage":"en-US","potentialAction":[{"@type":"ReadAction","target":["https:\/\/www.andrefrereditions.com\/en\/books\/special-editions\/the-western-front-headprint\/"]}]},{"@type":"ImageObject","inLanguage":"en-US","@id":"https:\/\/www.andrefrereditions.com\/en\/books\/special-editions\/the-western-front-headprint\/#primaryimage","url":"https:\/\/www.andrefrereditions.com\/wp-content\/uploads\/2013\/11\/the-western-front-stanley-greene-andre-frere-editions.jpg","contentUrl":"https:\/\/www.andrefrereditions.com\/wp-content\/uploads\/2013\/11\/the-western-front-stanley-greene-andre-frere-editions.jpg","width":396,"height":566,"caption":"Couverture de l\u2019ouvrage \u00abThe Western Front\u00bb de Stanley Greene publi\u00e9 aux \u00c9ditions Andr\u00e9 Fr\u00e8re"},{"@type":"BreadcrumbList","@id":"https:\/\/www.andrefrereditions.com\/en\/books\/special-editions\/the-western-front-headprint\/#breadcrumb","itemListElement":[{"@type":"ListItem","position":1,"name":"Home","item":"https:\/\/www.andrefrereditions.com\/en\/"},{"@type":"ListItem","position":2,"name":"Books","item":"https:\/\/www.andrefrereditions.com\/en\/books\/"},{"@type":"ListItem","position":3,"name":"The Western Front \u2013 Special edition"}]},{"@type":"WebSite","@id":"https:\/\/www.andrefrereditions.com\/en\/#website","url":"https:\/\/www.andrefrereditions.com\/en\/","name":"Andr\u00e9 Fr\u00e8re \u00c9ditions","description":"\u00c9dition ind\u00e9pendante de photographie et d\u2019art","publisher":{"@id":"https:\/\/www.andrefrereditions.com\/en\/#organization"},"potentialAction":[{"@type":"SearchAction","target":{"@type":"EntryPoint","urlTemplate":"https:\/\/www.andrefrereditions.com\/en\/?s={search_term_string}"},"query-input":{"@type":"PropertyValueSpecification","valueRequired":true,"valueName":"search_term_string"}}],"inLanguage":"en-US"},{"@type":"Organization","@id":"https:\/\/www.andrefrereditions.com\/en\/#organization","name":"Andr\u00e9 Fr\u00e8re \u00c9ditions","url":"https:\/\/www.andrefrereditions.com\/en\/","logo":{"@type":"ImageObject","inLanguage":"en-US","@id":"https:\/\/www.andrefrereditions.com\/en\/#\/schema\/logo\/image\/","url":"https:\/\/www.andrefrereditions.com\/wp-content\/uploads\/2014\/12\/andre-frere-editions-logo.png","contentUrl":"https:\/\/www.andrefrereditions.com\/wp-content\/uploads\/2014\/12\/andre-frere-editions-logo.png","width":80,"height":79,"caption":"Andr\u00e9 Fr\u00e8re \u00c9ditions"},"image":{"@id":"https:\/\/www.andrefrereditions.com\/en\/#\/schema\/logo\/image\/"}}]}},"_links":{"self":[{"href":"https:\/\/www.andrefrereditions.com\/en\/wp-json\/wp\/v2\/product\/5843","targetHints":{"allow":["GET"]}}],"collection":[{"href":"https:\/\/www.andrefrereditions.com\/en\/wp-json\/wp\/v2\/product"}],"about":[{"href":"https:\/\/www.andrefrereditions.com\/en\/wp-json\/wp\/v2\/types\/product"}],"wp:featuredmedia":[{"embeddable":true,"href":"https:\/\/www.andrefrereditions.com\/en\/wp-json\/wp\/v2\/media\/304"}],"wp:attachment":[{"href":"https:\/\/www.andrefrereditions.com\/en\/wp-json\/wp\/v2\/media?parent=5843"}],"wp:term":[{"taxonomy":"product_brand","embeddable":true,"href":"https:\/\/www.andrefrereditions.com\/en\/wp-json\/wp\/v2\/product_brand?post=5843"},{"taxonomy":"product_cat","embeddable":true,"href":"https:\/\/www.andrefrereditions.com\/en\/wp-json\/wp\/v2\/product_cat?post=5843"},{"taxonomy":"product_tag","embeddable":true,"href":"https:\/\/www.andrefrereditions.com\/en\/wp-json\/wp\/v2\/product_tag?post=5843"}],"curies":[{"name":"wp","href":"https:\/\/api.w.org\/{rel}","templated":true}]}}