{"id":6677,"date":"2015-10-26T23:15:34","date_gmt":"2015-12-18T11:36:21","guid":{"rendered":"http:\/\/www.andrefrereditions.com\/en\/?post_type=product&#038;p=6677"},"modified":"2025-06-26T11:19:13","modified_gmt":"2025-06-26T09:19:13","slug":"women-we-have-not-lost-yet","status":"publish","type":"product","link":"https:\/\/www.andrefrereditions.com\/en\/books\/out-of-print\/women-we-have-not-lost-yet\/","title":{"rendered":"Women we have not lost yet"},"content":{"rendered":"<ul class=\"infos-livre\">\n<li>Pictures: Issa Touma<\/li>\n<li>English \/ Arab<\/li>\n<li>64 pages<\/li>\n<li>Paperback, cover flaps<\/li>\n<li>24 x 30&nbsp;cm<\/li>\n<li>40 colour photographs<\/li>\n<li>Co-editon with Paradox<\/li>\n<li>ISBN: 979-1-09226-538-5<\/li>\n<li>\u20ac25<\/li>\n<\/ul>\n<p>The photographer decided to keep his gallery in Aleppo open, despite the war, or indeed because of it. He tells us: <q>Art is the most powerful army against fanatics, it\u2019s doubtless why they always want to destroy it.<\/q><\/p>\n<p><img loading=\"lazy\" decoding=\"async\" class=\"alignnone size-full wp-image-6489\" src=\"https:\/\/www.andrefrereditions.com\/wp-content\/uploads\/2015\/10\/women-we-have-not-lost-yet-issa-touma-4.jpg\" alt=\"\" width=\"430\" height=\"300\" srcset=\"https:\/\/www.andrefrereditions.com\/wp-content\/uploads\/2015\/10\/women-we-have-not-lost-yet-issa-touma-4.jpg 430w, https:\/\/www.andrefrereditions.com\/wp-content\/uploads\/2015\/10\/women-we-have-not-lost-yet-issa-touma-4-420x293.jpg 420w, https:\/\/www.andrefrereditions.com\/wp-content\/uploads\/2015\/10\/women-we-have-not-lost-yet-issa-touma-4-300x209.jpg 300w\" sizes=\"auto, (max-width: 430px) 100vw, 430px\" \/><\/p>\n<p><img loading=\"lazy\" decoding=\"async\" class=\"alignnone size-full wp-image-6491\" src=\"https:\/\/www.andrefrereditions.com\/wp-content\/uploads\/2015\/10\/women-we-have-not-lost-yet-issa-touma-5.jpg\" alt=\"\" width=\"430\" height=\"301\" srcset=\"https:\/\/www.andrefrereditions.com\/wp-content\/uploads\/2015\/10\/women-we-have-not-lost-yet-issa-touma-5.jpg 430w, https:\/\/www.andrefrereditions.com\/wp-content\/uploads\/2015\/10\/women-we-have-not-lost-yet-issa-touma-5-420x294.jpg 420w, https:\/\/www.andrefrereditions.com\/wp-content\/uploads\/2015\/10\/women-we-have-not-lost-yet-issa-touma-5-300x210.jpg 300w\" sizes=\"auto, (max-width: 430px) 100vw, 430px\" \/><\/p>\n<p><img loading=\"lazy\" decoding=\"async\" class=\"alignnone size-full wp-image-6499\" src=\"https:\/\/www.andrefrereditions.com\/wp-content\/uploads\/2015\/10\/women-we-have-not-lost-yet-issa-touma-61.jpg\" alt=\"\" width=\"430\" height=\"574\" srcset=\"https:\/\/www.andrefrereditions.com\/wp-content\/uploads\/2015\/10\/women-we-have-not-lost-yet-issa-touma-61.jpg 430w, https:\/\/www.andrefrereditions.com\/wp-content\/uploads\/2015\/10\/women-we-have-not-lost-yet-issa-touma-61-420x561.jpg 420w, https:\/\/www.andrefrereditions.com\/wp-content\/uploads\/2015\/10\/women-we-have-not-lost-yet-issa-touma-61-225x300.jpg 225w\" sizes=\"auto, (max-width: 430px) 100vw, 430px\" \/><\/p>\n<p><em>Women We Have Not Lost Yet<\/em> presents fifteen portraits of women, the first victims of the Islamists. <\/p>\n<p><img loading=\"lazy\" decoding=\"async\" class=\"alignnone size-full wp-image-6497\" src=\"https:\/\/www.andrefrereditions.com\/wp-content\/uploads\/2015\/10\/women-we-have-not-lost-yet-issa-touma-31.jpg\" alt=\"\" width=\"430\" height=\"574\" srcset=\"https:\/\/www.andrefrereditions.com\/wp-content\/uploads\/2015\/10\/women-we-have-not-lost-yet-issa-touma-31.jpg 430w, https:\/\/www.andrefrereditions.com\/wp-content\/uploads\/2015\/10\/women-we-have-not-lost-yet-issa-touma-31-420x561.jpg 420w, https:\/\/www.andrefrereditions.com\/wp-content\/uploads\/2015\/10\/women-we-have-not-lost-yet-issa-touma-31-225x300.jpg 225w\" sizes=\"auto, (max-width: 430px) 100vw, 430px\" \/> <\/p>\n<p><q>Le 26 avril 2015, ces derniers ont annonc\u00e9 leur \u00abgrande attaque\u00bb sur Alep, des hommes et des femmes sont venus se r\u00e9fugier dans ma galerie. Nous avons alors d\u00e9cid\u00e9 de commencer des s\u00e9ances photographiques, comme pour un dernier message<\/q>, explique Issa Touma.<\/p>\n<p><img loading=\"lazy\" decoding=\"async\" class=\"alignnone size-full wp-image-6495\" src=\"https:\/\/www.andrefrereditions.com\/wp-content\/uploads\/2015\/10\/women-we-have-not-lost-yet-issa-touma-11.jpg\" alt=\"Syrian woman portrait by Issa Touma\" width=\"430\" height=\"574\" srcset=\"https:\/\/www.andrefrereditions.com\/wp-content\/uploads\/2015\/10\/women-we-have-not-lost-yet-issa-touma-11.jpg 430w, https:\/\/www.andrefrereditions.com\/wp-content\/uploads\/2015\/10\/women-we-have-not-lost-yet-issa-touma-11-420x561.jpg 420w, https:\/\/www.andrefrereditions.com\/wp-content\/uploads\/2015\/10\/women-we-have-not-lost-yet-issa-touma-11-225x300.jpg 225w\" sizes=\"auto, (max-width: 430px) 100vw, 430px\" \/> <\/p>\n<p><q>When, on 26 April 2015, Islamic fanatics announced their \u2018great attack\u2019 on Aleppo, men and women sought refuge in my gallery. That\u2019s when we decided to begin the photoshoots, as if for a last message,<\/q> explains Issa Touma.<\/p>\n<p><img loading=\"lazy\" decoding=\"async\" class=\"alignnone size-full wp-image-6485\" src=\"https:\/\/www.andrefrereditions.com\/wp-content\/uploads\/2015\/10\/women-we-have-not-lost-yet-issa-touma-2.jpg\" alt=\"Photographic portrait by Issa Touma for Women we have not lost yet\" width=\"430\" height=\"574\" srcset=\"https:\/\/www.andrefrereditions.com\/wp-content\/uploads\/2015\/10\/women-we-have-not-lost-yet-issa-touma-2.jpg 430w, https:\/\/www.andrefrereditions.com\/wp-content\/uploads\/2015\/10\/women-we-have-not-lost-yet-issa-touma-2-420x561.jpg 420w, https:\/\/www.andrefrereditions.com\/wp-content\/uploads\/2015\/10\/women-we-have-not-lost-yet-issa-touma-2-225x300.jpg 225w\" sizes=\"auto, (max-width: 430px) 100vw, 430px\" \/><\/p>\n","protected":false},"excerpt":{"rendered":"<p>Pictures: Issa Touma English \/ Arab 64 pages Paperback, cover flaps 24 x 30&nbsp;cm 40 colour photographs Co-editon with Paradox ISBN: 979-1-09226-538-5 \u20ac25 The photographer decided to keep his gallery in Aleppo open, despite the war, or indeed because of it. He tells us: Art is the most powerful army against fanatics, it\u2019s doubtless why [&hellip;]<\/p>\n","protected":false},"featured_media":6482,"template":"","meta":[],"product_brand":[],"product_cat":[36,37],"product_tag":[],"class_list":{"0":"post-6677","1":"product","2":"type-product","3":"status-publish","4":"has-post-thumbnail","6":"product_cat-out-of-print","7":"product_cat-photography","8":"product_shipping_class-c3-en","10":"first","11":"outofstock","12":"shipping-taxable","13":"purchasable","14":"product-type-simple"},"yoast_head":"<!-- This site is optimized with the Yoast SEO plugin v27.5 - https:\/\/yoast.com\/product\/yoast-seo-wordpress\/ -->\n<title>Women we have not lost yet | Andr\u00e9 Fr\u00e8re \u00c9ditions<\/title>\n<meta name=\"description\" content=\"Women we have not lost yet par Issa Touma dans la cat\u00e9gorie Out of print, Photography. Publi\u00e9 par Andr\u00e9 Fr\u00e8re \u00c9ditions.\" \/>\n<meta name=\"robots\" content=\"index, follow, max-snippet:-1, max-image-preview:large, max-video-preview:-1\" \/>\n<link rel=\"canonical\" href=\"https:\/\/www.andrefrereditions.com\/en\/books\/out-of-print\/women-we-have-not-lost-yet\/\" \/>\n<meta property=\"og:locale\" content=\"en_US\" \/>\n<meta property=\"og:type\" content=\"article\" \/>\n<meta property=\"og:title\" content=\"Women we have not lost yet | Andr\u00e9 Fr\u00e8re \u00c9ditions\" \/>\n<meta property=\"og:description\" content=\"Women we have not lost yet par Issa Touma dans la cat\u00e9gorie Out of print, Photography. Publi\u00e9 par Andr\u00e9 Fr\u00e8re \u00c9ditions.\" \/>\n<meta property=\"og:url\" content=\"https:\/\/www.andrefrereditions.com\/en\/books\/out-of-print\/women-we-have-not-lost-yet\/\" \/>\n<meta property=\"og:site_name\" content=\"Andr\u00e9 Fr\u00e8re \u00c9ditions\" \/>\n<meta property=\"article:modified_time\" content=\"2025-06-26T09:19:13+00:00\" \/>\n<meta property=\"og:image\" content=\"https:\/\/www.andrefrereditions.com\/wp-content\/uploads\/2015\/10\/women-we-have-not-lost-yet-issa-touma-andre-frere-editions.jpg\" \/>\n\t<meta property=\"og:image:width\" content=\"308\" \/>\n\t<meta property=\"og:image:height\" content=\"420\" \/>\n\t<meta property=\"og:image:type\" content=\"image\/jpeg\" \/>\n<meta name=\"twitter:label1\" content=\"Est. reading time\" \/>\n\t<meta name=\"twitter:data1\" content=\"1 minute\" \/>\n<script type=\"application\/ld+json\" class=\"yoast-schema-graph\">{\"@context\":\"https:\\\/\\\/schema.org\",\"@graph\":[{\"@type\":\"WebPage\",\"@id\":\"https:\\\/\\\/www.andrefrereditions.com\\\/en\\\/books\\\/out-of-print\\\/women-we-have-not-lost-yet\\\/\",\"url\":\"https:\\\/\\\/www.andrefrereditions.com\\\/en\\\/books\\\/out-of-print\\\/women-we-have-not-lost-yet\\\/\",\"name\":\"Women we have not lost yet | Andr\u00e9 Fr\u00e8re \u00c9ditions\",\"isPartOf\":{\"@id\":\"https:\\\/\\\/www.andrefrereditions.com\\\/en\\\/#website\"},\"primaryImageOfPage\":{\"@id\":\"https:\\\/\\\/www.andrefrereditions.com\\\/en\\\/books\\\/out-of-print\\\/women-we-have-not-lost-yet\\\/#primaryimage\"},\"image\":{\"@id\":\"https:\\\/\\\/www.andrefrereditions.com\\\/en\\\/books\\\/out-of-print\\\/women-we-have-not-lost-yet\\\/#primaryimage\"},\"thumbnailUrl\":\"https:\\\/\\\/www.andrefrereditions.com\\\/wp-content\\\/uploads\\\/2015\\\/10\\\/women-we-have-not-lost-yet-issa-touma-andre-frere-editions.jpg\",\"datePublished\":\"2015-12-18T11:36:21+00:00\",\"dateModified\":\"2025-06-26T09:19:13+00:00\",\"description\":\"Women we have not lost yet par Issa Touma dans la cat\u00e9gorie Out of print, Photography. Publi\u00e9 par Andr\u00e9 Fr\u00e8re \u00c9ditions.\",\"breadcrumb\":{\"@id\":\"https:\\\/\\\/www.andrefrereditions.com\\\/en\\\/books\\\/out-of-print\\\/women-we-have-not-lost-yet\\\/#breadcrumb\"},\"inLanguage\":\"en-US\",\"potentialAction\":[{\"@type\":\"ReadAction\",\"target\":[\"https:\\\/\\\/www.andrefrereditions.com\\\/en\\\/books\\\/out-of-print\\\/women-we-have-not-lost-yet\\\/\"]}]},{\"@type\":\"ImageObject\",\"inLanguage\":\"en-US\",\"@id\":\"https:\\\/\\\/www.andrefrereditions.com\\\/en\\\/books\\\/out-of-print\\\/women-we-have-not-lost-yet\\\/#primaryimage\",\"url\":\"https:\\\/\\\/www.andrefrereditions.com\\\/wp-content\\\/uploads\\\/2015\\\/10\\\/women-we-have-not-lost-yet-issa-touma-andre-frere-editions.jpg\",\"contentUrl\":\"https:\\\/\\\/www.andrefrereditions.com\\\/wp-content\\\/uploads\\\/2015\\\/10\\\/women-we-have-not-lost-yet-issa-touma-andre-frere-editions.jpg\",\"width\":308,\"height\":420},{\"@type\":\"BreadcrumbList\",\"@id\":\"https:\\\/\\\/www.andrefrereditions.com\\\/en\\\/books\\\/out-of-print\\\/women-we-have-not-lost-yet\\\/#breadcrumb\",\"itemListElement\":[{\"@type\":\"ListItem\",\"position\":1,\"name\":\"Home\",\"item\":\"https:\\\/\\\/www.andrefrereditions.com\\\/en\\\/\"},{\"@type\":\"ListItem\",\"position\":2,\"name\":\"Books\",\"item\":\"https:\\\/\\\/www.andrefrereditions.com\\\/en\\\/books\\\/\"},{\"@type\":\"ListItem\",\"position\":3,\"name\":\"Women we have not lost yet\"}]},{\"@type\":\"WebSite\",\"@id\":\"https:\\\/\\\/www.andrefrereditions.com\\\/en\\\/#website\",\"url\":\"https:\\\/\\\/www.andrefrereditions.com\\\/en\\\/\",\"name\":\"Andr\u00e9 Fr\u00e8re \u00c9ditions\",\"description\":\"\u00c9dition ind\u00e9pendante de photographie et d\u2019art\",\"publisher\":{\"@id\":\"https:\\\/\\\/www.andrefrereditions.com\\\/en\\\/#organization\"},\"potentialAction\":[{\"@type\":\"SearchAction\",\"target\":{\"@type\":\"EntryPoint\",\"urlTemplate\":\"https:\\\/\\\/www.andrefrereditions.com\\\/en\\\/?s={search_term_string}\"},\"query-input\":{\"@type\":\"PropertyValueSpecification\",\"valueRequired\":true,\"valueName\":\"search_term_string\"}}],\"inLanguage\":\"en-US\"},{\"@type\":\"Organization\",\"@id\":\"https:\\\/\\\/www.andrefrereditions.com\\\/en\\\/#organization\",\"name\":\"Andr\u00e9 Fr\u00e8re \u00c9ditions\",\"url\":\"https:\\\/\\\/www.andrefrereditions.com\\\/en\\\/\",\"logo\":{\"@type\":\"ImageObject\",\"inLanguage\":\"en-US\",\"@id\":\"https:\\\/\\\/www.andrefrereditions.com\\\/en\\\/#\\\/schema\\\/logo\\\/image\\\/\",\"url\":\"https:\\\/\\\/www.andrefrereditions.com\\\/wp-content\\\/uploads\\\/2014\\\/12\\\/andre-frere-editions-logo.png\",\"contentUrl\":\"https:\\\/\\\/www.andrefrereditions.com\\\/wp-content\\\/uploads\\\/2014\\\/12\\\/andre-frere-editions-logo.png\",\"width\":80,\"height\":79,\"caption\":\"Andr\u00e9 Fr\u00e8re \u00c9ditions\"},\"image\":{\"@id\":\"https:\\\/\\\/www.andrefrereditions.com\\\/en\\\/#\\\/schema\\\/logo\\\/image\\\/\"}}]}<\/script>\n<!-- \/ Yoast SEO plugin. -->","yoast_head_json":{"title":"Women we have not lost yet | Andr\u00e9 Fr\u00e8re \u00c9ditions","description":"Women we have not lost yet par Issa Touma dans la cat\u00e9gorie Out of print, Photography. Publi\u00e9 par Andr\u00e9 Fr\u00e8re \u00c9ditions.","robots":{"index":"index","follow":"follow","max-snippet":"max-snippet:-1","max-image-preview":"max-image-preview:large","max-video-preview":"max-video-preview:-1"},"canonical":"https:\/\/www.andrefrereditions.com\/en\/books\/out-of-print\/women-we-have-not-lost-yet\/","og_locale":"en_US","og_type":"article","og_title":"Women we have not lost yet | Andr\u00e9 Fr\u00e8re \u00c9ditions","og_description":"Women we have not lost yet par Issa Touma dans la cat\u00e9gorie Out of print, Photography. Publi\u00e9 par Andr\u00e9 Fr\u00e8re \u00c9ditions.","og_url":"https:\/\/www.andrefrereditions.com\/en\/books\/out-of-print\/women-we-have-not-lost-yet\/","og_site_name":"Andr\u00e9 Fr\u00e8re \u00c9ditions","article_modified_time":"2025-06-26T09:19:13+00:00","og_image":[{"width":308,"height":420,"url":"https:\/\/www.andrefrereditions.com\/wp-content\/uploads\/2015\/10\/women-we-have-not-lost-yet-issa-touma-andre-frere-editions.jpg","type":"image\/jpeg"}],"twitter_misc":{"Est. reading time":"1 minute"},"schema":{"@context":"https:\/\/schema.org","@graph":[{"@type":"WebPage","@id":"https:\/\/www.andrefrereditions.com\/en\/books\/out-of-print\/women-we-have-not-lost-yet\/","url":"https:\/\/www.andrefrereditions.com\/en\/books\/out-of-print\/women-we-have-not-lost-yet\/","name":"Women we have not lost yet | Andr\u00e9 Fr\u00e8re \u00c9ditions","isPartOf":{"@id":"https:\/\/www.andrefrereditions.com\/en\/#website"},"primaryImageOfPage":{"@id":"https:\/\/www.andrefrereditions.com\/en\/books\/out-of-print\/women-we-have-not-lost-yet\/#primaryimage"},"image":{"@id":"https:\/\/www.andrefrereditions.com\/en\/books\/out-of-print\/women-we-have-not-lost-yet\/#primaryimage"},"thumbnailUrl":"https:\/\/www.andrefrereditions.com\/wp-content\/uploads\/2015\/10\/women-we-have-not-lost-yet-issa-touma-andre-frere-editions.jpg","datePublished":"2015-12-18T11:36:21+00:00","dateModified":"2025-06-26T09:19:13+00:00","description":"Women we have not lost yet par Issa Touma dans la cat\u00e9gorie Out of print, Photography. Publi\u00e9 par Andr\u00e9 Fr\u00e8re \u00c9ditions.","breadcrumb":{"@id":"https:\/\/www.andrefrereditions.com\/en\/books\/out-of-print\/women-we-have-not-lost-yet\/#breadcrumb"},"inLanguage":"en-US","potentialAction":[{"@type":"ReadAction","target":["https:\/\/www.andrefrereditions.com\/en\/books\/out-of-print\/women-we-have-not-lost-yet\/"]}]},{"@type":"ImageObject","inLanguage":"en-US","@id":"https:\/\/www.andrefrereditions.com\/en\/books\/out-of-print\/women-we-have-not-lost-yet\/#primaryimage","url":"https:\/\/www.andrefrereditions.com\/wp-content\/uploads\/2015\/10\/women-we-have-not-lost-yet-issa-touma-andre-frere-editions.jpg","contentUrl":"https:\/\/www.andrefrereditions.com\/wp-content\/uploads\/2015\/10\/women-we-have-not-lost-yet-issa-touma-andre-frere-editions.jpg","width":308,"height":420},{"@type":"BreadcrumbList","@id":"https:\/\/www.andrefrereditions.com\/en\/books\/out-of-print\/women-we-have-not-lost-yet\/#breadcrumb","itemListElement":[{"@type":"ListItem","position":1,"name":"Home","item":"https:\/\/www.andrefrereditions.com\/en\/"},{"@type":"ListItem","position":2,"name":"Books","item":"https:\/\/www.andrefrereditions.com\/en\/books\/"},{"@type":"ListItem","position":3,"name":"Women we have not lost yet"}]},{"@type":"WebSite","@id":"https:\/\/www.andrefrereditions.com\/en\/#website","url":"https:\/\/www.andrefrereditions.com\/en\/","name":"Andr\u00e9 Fr\u00e8re \u00c9ditions","description":"\u00c9dition ind\u00e9pendante de photographie et d\u2019art","publisher":{"@id":"https:\/\/www.andrefrereditions.com\/en\/#organization"},"potentialAction":[{"@type":"SearchAction","target":{"@type":"EntryPoint","urlTemplate":"https:\/\/www.andrefrereditions.com\/en\/?s={search_term_string}"},"query-input":{"@type":"PropertyValueSpecification","valueRequired":true,"valueName":"search_term_string"}}],"inLanguage":"en-US"},{"@type":"Organization","@id":"https:\/\/www.andrefrereditions.com\/en\/#organization","name":"Andr\u00e9 Fr\u00e8re \u00c9ditions","url":"https:\/\/www.andrefrereditions.com\/en\/","logo":{"@type":"ImageObject","inLanguage":"en-US","@id":"https:\/\/www.andrefrereditions.com\/en\/#\/schema\/logo\/image\/","url":"https:\/\/www.andrefrereditions.com\/wp-content\/uploads\/2014\/12\/andre-frere-editions-logo.png","contentUrl":"https:\/\/www.andrefrereditions.com\/wp-content\/uploads\/2014\/12\/andre-frere-editions-logo.png","width":80,"height":79,"caption":"Andr\u00e9 Fr\u00e8re \u00c9ditions"},"image":{"@id":"https:\/\/www.andrefrereditions.com\/en\/#\/schema\/logo\/image\/"}}]}},"_links":{"self":[{"href":"https:\/\/www.andrefrereditions.com\/en\/wp-json\/wp\/v2\/product\/6677","targetHints":{"allow":["GET"]}}],"collection":[{"href":"https:\/\/www.andrefrereditions.com\/en\/wp-json\/wp\/v2\/product"}],"about":[{"href":"https:\/\/www.andrefrereditions.com\/en\/wp-json\/wp\/v2\/types\/product"}],"wp:featuredmedia":[{"embeddable":true,"href":"https:\/\/www.andrefrereditions.com\/en\/wp-json\/wp\/v2\/media\/6482"}],"wp:attachment":[{"href":"https:\/\/www.andrefrereditions.com\/en\/wp-json\/wp\/v2\/media?parent=6677"}],"wp:term":[{"taxonomy":"product_brand","embeddable":true,"href":"https:\/\/www.andrefrereditions.com\/en\/wp-json\/wp\/v2\/product_brand?post=6677"},{"taxonomy":"product_cat","embeddable":true,"href":"https:\/\/www.andrefrereditions.com\/en\/wp-json\/wp\/v2\/product_cat?post=6677"},{"taxonomy":"product_tag","embeddable":true,"href":"https:\/\/www.andrefrereditions.com\/en\/wp-json\/wp\/v2\/product_tag?post=6677"}],"curies":[{"name":"wp","href":"https:\/\/api.w.org\/{rel}","templated":true}]}}