{"id":6809,"date":"2016-03-26T18:43:49","date_gmt":"2016-03-30T17:19:14","guid":{"rendered":"http:\/\/www.andrefrereditions.com\/en\/?post_type=product&#038;p=6809"},"modified":"2025-06-26T11:12:11","modified_gmt":"2025-06-26T09:12:11","slug":"valparaiso-alberto-garcia-alix","status":"publish","type":"product","link":"https:\/\/www.andrefrereditions.com\/en\/books\/photography\/valparaiso-alberto-garcia-alix\/","title":{"rendered":"Valparaiso"},"content":{"rendered":"<ul class=\"infos-livre\">\n<li>Photographs: Alberto Garcia-Alix<\/li>\n<li>Text: Miguel Angel Felipe<\/li>\n<li>64 pages<\/li>\n<li>16 x 23 cm<\/li>\n<li>35 duotones pictures<\/li>\n<li>Softcover<\/li>\n<li>French \/ spanish<\/li>\n<li>ISBN: 979-10-92265-43-9<\/li>\n<li>\u20ac25<\/li>\n<li>Co-published with the <a href=\"http:\/\/www.fifv.cl\" target=\"_blank\"><abbr title=\"Valparaiso International Festival of photography\">FIFV<\/abbr><\/a><\/li>\n<li>To be released during the Festival Images Singuli\u00e8res in S\u00e8te (France).<\/li>\n<\/ul>\n<p><img loading=\"lazy\" decoding=\"async\" class=\"alignnone size-full wp-image-6788\" src=\"https:\/\/www.andrefrereditions.com\/wp-content\/uploads\/2016\/03\/valparaiso_alberto-garcia-alix_andre-frere-editions-1.jpg\" alt=\"valparaiso_alberto-garcia-alix_andre-frere-editions-1\" width=\"430\" height=\"434\" srcset=\"https:\/\/www.andrefrereditions.com\/wp-content\/uploads\/2016\/03\/valparaiso_alberto-garcia-alix_andre-frere-editions-1.jpg 430w, https:\/\/www.andrefrereditions.com\/wp-content\/uploads\/2016\/03\/valparaiso_alberto-garcia-alix_andre-frere-editions-1-420x424.jpg 420w, https:\/\/www.andrefrereditions.com\/wp-content\/uploads\/2016\/03\/valparaiso_alberto-garcia-alix_andre-frere-editions-1-100x100.jpg 100w, https:\/\/www.andrefrereditions.com\/wp-content\/uploads\/2016\/03\/valparaiso_alberto-garcia-alix_andre-frere-editions-1-297x300.jpg 297w\" sizes=\"auto, (max-width: 430px) 100vw, 430px\" \/><\/p>\n<p>\u201cWe have long heard that New York and Paris were the most photographed cities in the world. This is undoubtedly true, it was, anyway. We quickly deduced that they were the most photogenic. It is not certain. Now the city, every town, from the largest to the smallest, are both a concern and a revelator of contemporary societies; a reservoir in images that seems endless.<\/p>\n<p><img loading=\"lazy\" decoding=\"async\" class=\"alignnone size-full wp-image-6790\" src=\"https:\/\/www.andrefrereditions.com\/wp-content\/uploads\/2016\/03\/valparaiso_alberto-garcia-alix_andre-frere-editions-2.jpg\" alt=\"valparaiso_alberto-garcia-alix_andre-frere-editions-2\" width=\"430\" height=\"434\" srcset=\"https:\/\/www.andrefrereditions.com\/wp-content\/uploads\/2016\/03\/valparaiso_alberto-garcia-alix_andre-frere-editions-2.jpg 430w, https:\/\/www.andrefrereditions.com\/wp-content\/uploads\/2016\/03\/valparaiso_alberto-garcia-alix_andre-frere-editions-2-420x424.jpg 420w, https:\/\/www.andrefrereditions.com\/wp-content\/uploads\/2016\/03\/valparaiso_alberto-garcia-alix_andre-frere-editions-2-100x100.jpg 100w, https:\/\/www.andrefrereditions.com\/wp-content\/uploads\/2016\/03\/valparaiso_alberto-garcia-alix_andre-frere-editions-2-297x300.jpg 297w\" sizes=\"auto, (max-width: 430px) 100vw, 430px\" \/><\/p>\n<p><img loading=\"lazy\" decoding=\"async\" class=\"alignnone size-full wp-image-6792\" src=\"https:\/\/www.andrefrereditions.com\/wp-content\/uploads\/2016\/03\/valparaiso_alberto-garcia-alix_andre-frere-editions-3.jpg\" alt=\"valparaiso_alberto-garcia-alix_andre-frere-editions-3\" width=\"430\" height=\"434\" srcset=\"https:\/\/www.andrefrereditions.com\/wp-content\/uploads\/2016\/03\/valparaiso_alberto-garcia-alix_andre-frere-editions-3.jpg 430w, https:\/\/www.andrefrereditions.com\/wp-content\/uploads\/2016\/03\/valparaiso_alberto-garcia-alix_andre-frere-editions-3-420x424.jpg 420w, https:\/\/www.andrefrereditions.com\/wp-content\/uploads\/2016\/03\/valparaiso_alberto-garcia-alix_andre-frere-editions-3-100x100.jpg 100w, https:\/\/www.andrefrereditions.com\/wp-content\/uploads\/2016\/03\/valparaiso_alberto-garcia-alix_andre-frere-editions-3-297x300.jpg 297w\" sizes=\"auto, (max-width: 430px) 100vw, 430px\" \/><\/p>\n<p>Multiplying the cartes blanches to international photographers coming to dialogue with Chilean authors, Valpara\u00edso, through its International Photography Festival, will quickly catch up with any delay. The port saw Sergio Larrain produce one of the most poetic and disturbing documentary work of the last century, and generates visions that enrich our marine imaginary and nuance our understanding of the city.<\/p>\n<p><img loading=\"lazy\" decoding=\"async\" class=\"alignnone size-full wp-image-6794\" src=\"https:\/\/www.andrefrereditions.com\/wp-content\/uploads\/2016\/03\/valparaiso_alberto-garcia-alix_andre-frere-editions-4.jpg\" alt=\"valparaiso_alberto-garcia-alix_andre-frere-editions-4\" width=\"430\" height=\"434\" srcset=\"https:\/\/www.andrefrereditions.com\/wp-content\/uploads\/2016\/03\/valparaiso_alberto-garcia-alix_andre-frere-editions-4.jpg 430w, https:\/\/www.andrefrereditions.com\/wp-content\/uploads\/2016\/03\/valparaiso_alberto-garcia-alix_andre-frere-editions-4-420x424.jpg 420w, https:\/\/www.andrefrereditions.com\/wp-content\/uploads\/2016\/03\/valparaiso_alberto-garcia-alix_andre-frere-editions-4-100x100.jpg 100w, https:\/\/www.andrefrereditions.com\/wp-content\/uploads\/2016\/03\/valparaiso_alberto-garcia-alix_andre-frere-editions-4-297x300.jpg 297w\" sizes=\"auto, (max-width: 430px) 100vw, 430px\" \/><\/p>\n<p><img loading=\"lazy\" decoding=\"async\" class=\"alignnone size-full wp-image-6796\" src=\"https:\/\/www.andrefrereditions.com\/wp-content\/uploads\/2016\/03\/valparaiso_alberto-garcia-alix_andre-frere-editions-5.jpg\" alt=\"valparaiso_alberto-garcia-alix_andre-frere-editions-5\" width=\"430\" height=\"434\" srcset=\"https:\/\/www.andrefrereditions.com\/wp-content\/uploads\/2016\/03\/valparaiso_alberto-garcia-alix_andre-frere-editions-5.jpg 430w, https:\/\/www.andrefrereditions.com\/wp-content\/uploads\/2016\/03\/valparaiso_alberto-garcia-alix_andre-frere-editions-5-420x424.jpg 420w, https:\/\/www.andrefrereditions.com\/wp-content\/uploads\/2016\/03\/valparaiso_alberto-garcia-alix_andre-frere-editions-5-100x100.jpg 100w, https:\/\/www.andrefrereditions.com\/wp-content\/uploads\/2016\/03\/valparaiso_alberto-garcia-alix_andre-frere-editions-5-297x300.jpg 297w\" sizes=\"auto, (max-width: 430px) 100vw, 430px\" \/><\/p>\n<p>Coming from the South like Alberto Garc\u00eda-Alix and its square photographs, or from the North, like Anders Petersen, favoring the rectangle and perceiving the local language in an abstract way, the major photographers confirm one thing: this city \u200b\u200bis a pretext, a pretext for photography. They both experienced Valpara\u00edso, walked the same walks, but there&#8217;s no way we can make any confusion: their positions, their aesthetic choices remains unique.<\/p>\n<p><img loading=\"lazy\" decoding=\"async\" class=\"alignnone size-full wp-image-6798\" src=\"https:\/\/www.andrefrereditions.com\/wp-content\/uploads\/2016\/03\/valparaiso_alberto-garcia-alix_andre-frere-editions-6.jpg\" alt=\"valparaiso_alberto-garcia-alix_andre-frere-editions-6\" width=\"430\" height=\"434\" srcset=\"https:\/\/www.andrefrereditions.com\/wp-content\/uploads\/2016\/03\/valparaiso_alberto-garcia-alix_andre-frere-editions-6.jpg 430w, https:\/\/www.andrefrereditions.com\/wp-content\/uploads\/2016\/03\/valparaiso_alberto-garcia-alix_andre-frere-editions-6-420x424.jpg 420w, https:\/\/www.andrefrereditions.com\/wp-content\/uploads\/2016\/03\/valparaiso_alberto-garcia-alix_andre-frere-editions-6-100x100.jpg 100w, https:\/\/www.andrefrereditions.com\/wp-content\/uploads\/2016\/03\/valparaiso_alberto-garcia-alix_andre-frere-editions-6-297x300.jpg 297w\" sizes=\"auto, (max-width: 430px) 100vw, 430px\" \/><\/p>\n<p><img loading=\"lazy\" decoding=\"async\" class=\"alignnone size-full wp-image-6800\" src=\"https:\/\/www.andrefrereditions.com\/wp-content\/uploads\/2016\/03\/valparaiso_alberto-garcia-alix_andre-frere-editions-7.jpg\" alt=\"valparaiso_alberto-garcia-alix_andre-frere-editions-7\" width=\"430\" height=\"434\" srcset=\"https:\/\/www.andrefrereditions.com\/wp-content\/uploads\/2016\/03\/valparaiso_alberto-garcia-alix_andre-frere-editions-7.jpg 430w, https:\/\/www.andrefrereditions.com\/wp-content\/uploads\/2016\/03\/valparaiso_alberto-garcia-alix_andre-frere-editions-7-420x424.jpg 420w, https:\/\/www.andrefrereditions.com\/wp-content\/uploads\/2016\/03\/valparaiso_alberto-garcia-alix_andre-frere-editions-7-100x100.jpg 100w, https:\/\/www.andrefrereditions.com\/wp-content\/uploads\/2016\/03\/valparaiso_alberto-garcia-alix_andre-frere-editions-7-297x300.jpg 297w\" sizes=\"auto, (max-width: 430px) 100vw, 430px\" \/><\/p>\n<p><img loading=\"lazy\" decoding=\"async\" class=\"alignnone size-full wp-image-6802\" src=\"https:\/\/www.andrefrereditions.com\/wp-content\/uploads\/2016\/03\/valparaiso_alberto-garcia-alix_andre-frere-editions-8.jpg\" alt=\"valparaiso_alberto-garcia-alix_andre-frere-editions-8\" width=\"430\" height=\"434\" srcset=\"https:\/\/www.andrefrereditions.com\/wp-content\/uploads\/2016\/03\/valparaiso_alberto-garcia-alix_andre-frere-editions-8.jpg 430w, https:\/\/www.andrefrereditions.com\/wp-content\/uploads\/2016\/03\/valparaiso_alberto-garcia-alix_andre-frere-editions-8-420x424.jpg 420w, https:\/\/www.andrefrereditions.com\/wp-content\/uploads\/2016\/03\/valparaiso_alberto-garcia-alix_andre-frere-editions-8-100x100.jpg 100w, https:\/\/www.andrefrereditions.com\/wp-content\/uploads\/2016\/03\/valparaiso_alberto-garcia-alix_andre-frere-editions-8-297x300.jpg 297w\" sizes=\"auto, (max-width: 430px) 100vw, 430px\" \/><\/p>\n<p>Although they share a similar affection for the people, life, animals, signs, discovery, they are irreducibly different. But they have one thing in common: photography.\u201d<\/p>\n<p>Christian Caujolle<br \/>\nFor the Festival Images Singuli\u00e8res<\/p>\n","protected":false},"excerpt":{"rendered":"<p>Photographs: Alberto Garcia-Alix Text: Miguel Angel Felipe 64 pages 16 x 23 cm 35 duotones pictures Softcover French \/ spanish ISBN: 979-10-92265-43-9 \u20ac25 Co-published with the FIFV To be released during the Festival Images Singuli\u00e8res in S\u00e8te (France). \u201cWe have long heard that New York and Paris were the most photographed cities in the world. [&hellip;]<\/p>\n","protected":false},"featured_media":6783,"template":"","meta":[],"product_brand":[],"product_cat":[37],"product_tag":[],"class_list":{"0":"post-6809","1":"product","2":"type-product","3":"status-publish","4":"has-post-thumbnail","6":"product_cat-photography","7":"product_shipping_class-c1-en","9":"first","10":"instock","11":"shipping-taxable","12":"purchasable","13":"product-type-simple"},"yoast_head":"<!-- This site is optimized with the Yoast SEO plugin v27.5 - https:\/\/yoast.com\/product\/yoast-seo-wordpress\/ -->\n<title>Valparaiso | Andr\u00e9 Fr\u00e8re \u00c9ditions<\/title>\n<meta name=\"description\" content=\"Valparaiso par Alberto Garcia-Alix dans la cat\u00e9gorie Photography. Publi\u00e9 par Andr\u00e9 Fr\u00e8re \u00c9ditions.\" \/>\n<meta name=\"robots\" content=\"index, follow, max-snippet:-1, max-image-preview:large, max-video-preview:-1\" \/>\n<link rel=\"canonical\" href=\"https:\/\/www.andrefrereditions.com\/en\/books\/photography\/valparaiso-alberto-garcia-alix\/\" \/>\n<meta property=\"og:locale\" content=\"en_US\" \/>\n<meta property=\"og:type\" content=\"article\" \/>\n<meta property=\"og:title\" content=\"Valparaiso | Andr\u00e9 Fr\u00e8re \u00c9ditions\" \/>\n<meta property=\"og:description\" content=\"Valparaiso par Alberto Garcia-Alix dans la cat\u00e9gorie Photography. Publi\u00e9 par Andr\u00e9 Fr\u00e8re \u00c9ditions.\" \/>\n<meta property=\"og:url\" content=\"https:\/\/www.andrefrereditions.com\/en\/books\/photography\/valparaiso-alberto-garcia-alix\/\" \/>\n<meta property=\"og:site_name\" content=\"Andr\u00e9 Fr\u00e8re \u00c9ditions\" \/>\n<meta property=\"article:modified_time\" content=\"2025-06-26T09:12:11+00:00\" \/>\n<meta property=\"og:image\" content=\"https:\/\/www.andrefrereditions.com\/wp-content\/uploads\/2016\/03\/valparaiso_alberto-garcia-alix_andre-frere-editions_couverture.jpg\" \/>\n\t<meta property=\"og:image:width\" content=\"294\" \/>\n\t<meta property=\"og:image:height\" content=\"420\" \/>\n\t<meta property=\"og:image:type\" content=\"image\/jpeg\" \/>\n<meta name=\"twitter:label1\" content=\"Est. reading time\" \/>\n\t<meta name=\"twitter:data1\" content=\"1 minute\" \/>\n<script type=\"application\/ld+json\" class=\"yoast-schema-graph\">{\"@context\":\"https:\\\/\\\/schema.org\",\"@graph\":[{\"@type\":\"WebPage\",\"@id\":\"https:\\\/\\\/www.andrefrereditions.com\\\/en\\\/books\\\/photography\\\/valparaiso-alberto-garcia-alix\\\/\",\"url\":\"https:\\\/\\\/www.andrefrereditions.com\\\/en\\\/books\\\/photography\\\/valparaiso-alberto-garcia-alix\\\/\",\"name\":\"Valparaiso | Andr\u00e9 Fr\u00e8re \u00c9ditions\",\"isPartOf\":{\"@id\":\"https:\\\/\\\/www.andrefrereditions.com\\\/en\\\/#website\"},\"primaryImageOfPage\":{\"@id\":\"https:\\\/\\\/www.andrefrereditions.com\\\/en\\\/books\\\/photography\\\/valparaiso-alberto-garcia-alix\\\/#primaryimage\"},\"image\":{\"@id\":\"https:\\\/\\\/www.andrefrereditions.com\\\/en\\\/books\\\/photography\\\/valparaiso-alberto-garcia-alix\\\/#primaryimage\"},\"thumbnailUrl\":\"https:\\\/\\\/www.andrefrereditions.com\\\/wp-content\\\/uploads\\\/2016\\\/03\\\/valparaiso_alberto-garcia-alix_andre-frere-editions_couverture.jpg\",\"datePublished\":\"2016-03-30T17:19:14+00:00\",\"dateModified\":\"2025-06-26T09:12:11+00:00\",\"description\":\"Valparaiso par Alberto Garcia-Alix dans la cat\u00e9gorie Photography. Publi\u00e9 par Andr\u00e9 Fr\u00e8re \u00c9ditions.\",\"breadcrumb\":{\"@id\":\"https:\\\/\\\/www.andrefrereditions.com\\\/en\\\/books\\\/photography\\\/valparaiso-alberto-garcia-alix\\\/#breadcrumb\"},\"inLanguage\":\"en-US\",\"potentialAction\":[{\"@type\":\"ReadAction\",\"target\":[\"https:\\\/\\\/www.andrefrereditions.com\\\/en\\\/books\\\/photography\\\/valparaiso-alberto-garcia-alix\\\/\"]}]},{\"@type\":\"ImageObject\",\"inLanguage\":\"en-US\",\"@id\":\"https:\\\/\\\/www.andrefrereditions.com\\\/en\\\/books\\\/photography\\\/valparaiso-alberto-garcia-alix\\\/#primaryimage\",\"url\":\"https:\\\/\\\/www.andrefrereditions.com\\\/wp-content\\\/uploads\\\/2016\\\/03\\\/valparaiso_alberto-garcia-alix_andre-frere-editions_couverture.jpg\",\"contentUrl\":\"https:\\\/\\\/www.andrefrereditions.com\\\/wp-content\\\/uploads\\\/2016\\\/03\\\/valparaiso_alberto-garcia-alix_andre-frere-editions_couverture.jpg\",\"width\":294,\"height\":420},{\"@type\":\"BreadcrumbList\",\"@id\":\"https:\\\/\\\/www.andrefrereditions.com\\\/en\\\/books\\\/photography\\\/valparaiso-alberto-garcia-alix\\\/#breadcrumb\",\"itemListElement\":[{\"@type\":\"ListItem\",\"position\":1,\"name\":\"Home\",\"item\":\"https:\\\/\\\/www.andrefrereditions.com\\\/en\\\/\"},{\"@type\":\"ListItem\",\"position\":2,\"name\":\"Books\",\"item\":\"https:\\\/\\\/www.andrefrereditions.com\\\/en\\\/books\\\/\"},{\"@type\":\"ListItem\",\"position\":3,\"name\":\"Valparaiso\"}]},{\"@type\":\"WebSite\",\"@id\":\"https:\\\/\\\/www.andrefrereditions.com\\\/en\\\/#website\",\"url\":\"https:\\\/\\\/www.andrefrereditions.com\\\/en\\\/\",\"name\":\"Andr\u00e9 Fr\u00e8re \u00c9ditions\",\"description\":\"\u00c9dition ind\u00e9pendante de photographie et d\u2019art\",\"publisher\":{\"@id\":\"https:\\\/\\\/www.andrefrereditions.com\\\/en\\\/#organization\"},\"potentialAction\":[{\"@type\":\"SearchAction\",\"target\":{\"@type\":\"EntryPoint\",\"urlTemplate\":\"https:\\\/\\\/www.andrefrereditions.com\\\/en\\\/?s={search_term_string}\"},\"query-input\":{\"@type\":\"PropertyValueSpecification\",\"valueRequired\":true,\"valueName\":\"search_term_string\"}}],\"inLanguage\":\"en-US\"},{\"@type\":\"Organization\",\"@id\":\"https:\\\/\\\/www.andrefrereditions.com\\\/en\\\/#organization\",\"name\":\"Andr\u00e9 Fr\u00e8re \u00c9ditions\",\"url\":\"https:\\\/\\\/www.andrefrereditions.com\\\/en\\\/\",\"logo\":{\"@type\":\"ImageObject\",\"inLanguage\":\"en-US\",\"@id\":\"https:\\\/\\\/www.andrefrereditions.com\\\/en\\\/#\\\/schema\\\/logo\\\/image\\\/\",\"url\":\"https:\\\/\\\/www.andrefrereditions.com\\\/wp-content\\\/uploads\\\/2014\\\/12\\\/andre-frere-editions-logo.png\",\"contentUrl\":\"https:\\\/\\\/www.andrefrereditions.com\\\/wp-content\\\/uploads\\\/2014\\\/12\\\/andre-frere-editions-logo.png\",\"width\":80,\"height\":79,\"caption\":\"Andr\u00e9 Fr\u00e8re \u00c9ditions\"},\"image\":{\"@id\":\"https:\\\/\\\/www.andrefrereditions.com\\\/en\\\/#\\\/schema\\\/logo\\\/image\\\/\"}}]}<\/script>\n<!-- \/ Yoast SEO plugin. -->","yoast_head_json":{"title":"Valparaiso | Andr\u00e9 Fr\u00e8re \u00c9ditions","description":"Valparaiso par Alberto Garcia-Alix dans la cat\u00e9gorie Photography. Publi\u00e9 par Andr\u00e9 Fr\u00e8re \u00c9ditions.","robots":{"index":"index","follow":"follow","max-snippet":"max-snippet:-1","max-image-preview":"max-image-preview:large","max-video-preview":"max-video-preview:-1"},"canonical":"https:\/\/www.andrefrereditions.com\/en\/books\/photography\/valparaiso-alberto-garcia-alix\/","og_locale":"en_US","og_type":"article","og_title":"Valparaiso | Andr\u00e9 Fr\u00e8re \u00c9ditions","og_description":"Valparaiso par Alberto Garcia-Alix dans la cat\u00e9gorie Photography. Publi\u00e9 par Andr\u00e9 Fr\u00e8re \u00c9ditions.","og_url":"https:\/\/www.andrefrereditions.com\/en\/books\/photography\/valparaiso-alberto-garcia-alix\/","og_site_name":"Andr\u00e9 Fr\u00e8re \u00c9ditions","article_modified_time":"2025-06-26T09:12:11+00:00","og_image":[{"width":294,"height":420,"url":"https:\/\/www.andrefrereditions.com\/wp-content\/uploads\/2016\/03\/valparaiso_alberto-garcia-alix_andre-frere-editions_couverture.jpg","type":"image\/jpeg"}],"twitter_misc":{"Est. reading time":"1 minute"},"schema":{"@context":"https:\/\/schema.org","@graph":[{"@type":"WebPage","@id":"https:\/\/www.andrefrereditions.com\/en\/books\/photography\/valparaiso-alberto-garcia-alix\/","url":"https:\/\/www.andrefrereditions.com\/en\/books\/photography\/valparaiso-alberto-garcia-alix\/","name":"Valparaiso | Andr\u00e9 Fr\u00e8re \u00c9ditions","isPartOf":{"@id":"https:\/\/www.andrefrereditions.com\/en\/#website"},"primaryImageOfPage":{"@id":"https:\/\/www.andrefrereditions.com\/en\/books\/photography\/valparaiso-alberto-garcia-alix\/#primaryimage"},"image":{"@id":"https:\/\/www.andrefrereditions.com\/en\/books\/photography\/valparaiso-alberto-garcia-alix\/#primaryimage"},"thumbnailUrl":"https:\/\/www.andrefrereditions.com\/wp-content\/uploads\/2016\/03\/valparaiso_alberto-garcia-alix_andre-frere-editions_couverture.jpg","datePublished":"2016-03-30T17:19:14+00:00","dateModified":"2025-06-26T09:12:11+00:00","description":"Valparaiso par Alberto Garcia-Alix dans la cat\u00e9gorie Photography. Publi\u00e9 par Andr\u00e9 Fr\u00e8re \u00c9ditions.","breadcrumb":{"@id":"https:\/\/www.andrefrereditions.com\/en\/books\/photography\/valparaiso-alberto-garcia-alix\/#breadcrumb"},"inLanguage":"en-US","potentialAction":[{"@type":"ReadAction","target":["https:\/\/www.andrefrereditions.com\/en\/books\/photography\/valparaiso-alberto-garcia-alix\/"]}]},{"@type":"ImageObject","inLanguage":"en-US","@id":"https:\/\/www.andrefrereditions.com\/en\/books\/photography\/valparaiso-alberto-garcia-alix\/#primaryimage","url":"https:\/\/www.andrefrereditions.com\/wp-content\/uploads\/2016\/03\/valparaiso_alberto-garcia-alix_andre-frere-editions_couverture.jpg","contentUrl":"https:\/\/www.andrefrereditions.com\/wp-content\/uploads\/2016\/03\/valparaiso_alberto-garcia-alix_andre-frere-editions_couverture.jpg","width":294,"height":420},{"@type":"BreadcrumbList","@id":"https:\/\/www.andrefrereditions.com\/en\/books\/photography\/valparaiso-alberto-garcia-alix\/#breadcrumb","itemListElement":[{"@type":"ListItem","position":1,"name":"Home","item":"https:\/\/www.andrefrereditions.com\/en\/"},{"@type":"ListItem","position":2,"name":"Books","item":"https:\/\/www.andrefrereditions.com\/en\/books\/"},{"@type":"ListItem","position":3,"name":"Valparaiso"}]},{"@type":"WebSite","@id":"https:\/\/www.andrefrereditions.com\/en\/#website","url":"https:\/\/www.andrefrereditions.com\/en\/","name":"Andr\u00e9 Fr\u00e8re \u00c9ditions","description":"\u00c9dition ind\u00e9pendante de photographie et d\u2019art","publisher":{"@id":"https:\/\/www.andrefrereditions.com\/en\/#organization"},"potentialAction":[{"@type":"SearchAction","target":{"@type":"EntryPoint","urlTemplate":"https:\/\/www.andrefrereditions.com\/en\/?s={search_term_string}"},"query-input":{"@type":"PropertyValueSpecification","valueRequired":true,"valueName":"search_term_string"}}],"inLanguage":"en-US"},{"@type":"Organization","@id":"https:\/\/www.andrefrereditions.com\/en\/#organization","name":"Andr\u00e9 Fr\u00e8re \u00c9ditions","url":"https:\/\/www.andrefrereditions.com\/en\/","logo":{"@type":"ImageObject","inLanguage":"en-US","@id":"https:\/\/www.andrefrereditions.com\/en\/#\/schema\/logo\/image\/","url":"https:\/\/www.andrefrereditions.com\/wp-content\/uploads\/2014\/12\/andre-frere-editions-logo.png","contentUrl":"https:\/\/www.andrefrereditions.com\/wp-content\/uploads\/2014\/12\/andre-frere-editions-logo.png","width":80,"height":79,"caption":"Andr\u00e9 Fr\u00e8re \u00c9ditions"},"image":{"@id":"https:\/\/www.andrefrereditions.com\/en\/#\/schema\/logo\/image\/"}}]}},"_links":{"self":[{"href":"https:\/\/www.andrefrereditions.com\/en\/wp-json\/wp\/v2\/product\/6809","targetHints":{"allow":["GET"]}}],"collection":[{"href":"https:\/\/www.andrefrereditions.com\/en\/wp-json\/wp\/v2\/product"}],"about":[{"href":"https:\/\/www.andrefrereditions.com\/en\/wp-json\/wp\/v2\/types\/product"}],"wp:featuredmedia":[{"embeddable":true,"href":"https:\/\/www.andrefrereditions.com\/en\/wp-json\/wp\/v2\/media\/6783"}],"wp:attachment":[{"href":"https:\/\/www.andrefrereditions.com\/en\/wp-json\/wp\/v2\/media?parent=6809"}],"wp:term":[{"taxonomy":"product_brand","embeddable":true,"href":"https:\/\/www.andrefrereditions.com\/en\/wp-json\/wp\/v2\/product_brand?post=6809"},{"taxonomy":"product_cat","embeddable":true,"href":"https:\/\/www.andrefrereditions.com\/en\/wp-json\/wp\/v2\/product_cat?post=6809"},{"taxonomy":"product_tag","embeddable":true,"href":"https:\/\/www.andrefrereditions.com\/en\/wp-json\/wp\/v2\/product_tag?post=6809"}],"curies":[{"name":"wp","href":"https:\/\/api.w.org\/{rel}","templated":true}]}}