{"id":8239,"date":"2018-04-29T16:04:42","date_gmt":"2018-08-20T12:45:50","guid":{"rendered":"http:\/\/www.andrefrereditions.com\/en\/?post_type=product&#038;p=8239"},"modified":"2025-06-26T11:18:50","modified_gmt":"2025-06-26T09:18:50","slug":"bobby-sands","status":"publish","type":"product","link":"https:\/\/www.andrefrereditions.com\/en\/books\/photography\/bobby-sands\/","title":{"rendered":"Bobby Sands"},"content":{"rendered":"<ul class=\"infos-livre\">\n<li>Photographs: Yan Morvan<\/li>\n<li>Texts: Bobby Sands, Yan Morvan et Sorj Chalandon<\/li>\n<li>Design: Lo\u00efc Vincent<\/li>\n<li>236 pages<\/li>\n<li>24 x 30 cm<\/li>\n<li>125 duotone pictures<\/li>\n<li>Hardcover<\/li>\n<li>French \/ English<\/li>\n<li>\u20ac44.50 \u2013 \u20ac 350<\/li>\n<\/ul>\n<h2>A special edition<\/h2>\n<p>Each Piezo picture, made by Jean-Pascal Laux under Yann Morvan&#8217;s control is avalaible in 10 exemplaries each, format 19 x 28,5 cm in a 20 x 30 cm sheet, 350 \u20ac<\/p>\n<p><strong>N\u00ba1 &#8211; <a class=\"in_page_button\">Out of Stock!<\/a><\/strong><br \/>\n<img loading=\"lazy\" decoding=\"async\" class=\"alignnone wp-image-8389 size-full\" src=\"https:\/\/www.andrefrereditions.com\/wp-content\/uploads\/2018\/12\/bobby-sands-tirage-tete-yan-morvan-andre-frere-editions-1.jpg\" alt=\"bobby-sands-tirage-tete-yan-morvan-andre-frere-editions-1\" width=\"430\" height=\"289\" srcset=\"https:\/\/www.andrefrereditions.com\/wp-content\/uploads\/2018\/12\/bobby-sands-tirage-tete-yan-morvan-andre-frere-editions-1.jpg 430w, https:\/\/www.andrefrereditions.com\/wp-content\/uploads\/2018\/12\/bobby-sands-tirage-tete-yan-morvan-andre-frere-editions-1-420x282.jpg 420w, https:\/\/www.andrefrereditions.com\/wp-content\/uploads\/2018\/12\/bobby-sands-tirage-tete-yan-morvan-andre-frere-editions-1-300x202.jpg 300w\" sizes=\"auto, (max-width: 430px) 100vw, 430px\" \/><\/p>\n<p><strong>N\u00ba2 &#8211; <a class=\"in_page_button\" href=\"\/panier\/?add-to-cart=8239&amp;variation_id=12069&amp;attribute_pa_version=special-edition-2&amp;quantity=1\">Add to cart<\/a><\/strong><br \/>\n<img loading=\"lazy\" decoding=\"async\" class=\"alignnone size-full wp-image-9250\" src=\"https:\/\/www.andrefrereditions.com\/wp-content\/uploads\/2018\/12\/bobby-sands-tirage-tete-yan-morvan-andre-frere-editions-2-1.jpg\" alt=\"bobby-sands-tirage-tete-yan-morvan-andre-frere-editions-2\" width=\"430\" height=\"291\" srcset=\"https:\/\/www.andrefrereditions.com\/wp-content\/uploads\/2018\/12\/bobby-sands-tirage-tete-yan-morvan-andre-frere-editions-2-1.jpg 430w, https:\/\/www.andrefrereditions.com\/wp-content\/uploads\/2018\/12\/bobby-sands-tirage-tete-yan-morvan-andre-frere-editions-2-1-420x284.jpg 420w, https:\/\/www.andrefrereditions.com\/wp-content\/uploads\/2018\/12\/bobby-sands-tirage-tete-yan-morvan-andre-frere-editions-2-1-300x203.jpg 300w\" sizes=\"auto, (max-width: 430px) 100vw, 430px\" \/><\/p>\n<p><strong>N\u00ba3 &#8211; <a class=\"in_page_button\">Out of Stock!<\/a><\/strong><br \/>\n<img loading=\"lazy\" decoding=\"async\" class=\"alignnone wp-image-8393 size-full\" src=\"https:\/\/www.andrefrereditions.com\/wp-content\/uploads\/2018\/12\/bobby-sands-tirage-tete-yan-morvan-andre-frere-editions-3.jpg\" alt=\"bobby-sands-tirage-tete-yan-morvan-andre-frere-editions-3\" width=\"430\" height=\"292\" srcset=\"https:\/\/www.andrefrereditions.com\/wp-content\/uploads\/2018\/12\/bobby-sands-tirage-tete-yan-morvan-andre-frere-editions-3.jpg 430w, https:\/\/www.andrefrereditions.com\/wp-content\/uploads\/2018\/12\/bobby-sands-tirage-tete-yan-morvan-andre-frere-editions-3-420x285.jpg 420w, https:\/\/www.andrefrereditions.com\/wp-content\/uploads\/2018\/12\/bobby-sands-tirage-tete-yan-morvan-andre-frere-editions-3-300x204.jpg 300w\" sizes=\"auto, (max-width: 430px) 100vw, 430px\" \/><\/p>\n<h2>The book<\/h2>\n<p>Bobby Sands died on May 5, 1981 at 1:17 in the morning.<br \/>\nBobby Sands was previously arrested and sentenced to 14 years in prison for possession of firearms. On March 1, 1981, he began a hunger strike followed by nine other political prisoners who were members of the IRA (Irish Republican Army) and the INLA (Irish National Liberation Army).<\/p>\n<p><img loading=\"lazy\" decoding=\"async\" class=\"alignnone wp-image-8127 size-full\" src=\"https:\/\/www.andrefrereditions.com\/wp-content\/uploads\/2018\/04\/bobby-sands-yan-morvan-1-andre-frere-editions.jpg\" alt=\"bobby-sands-yan-morvan-1-andre-frere-editions\" width=\"430\" height=\"643\" srcset=\"https:\/\/www.andrefrereditions.com\/wp-content\/uploads\/2018\/04\/bobby-sands-yan-morvan-1-andre-frere-editions.jpg 430w, https:\/\/www.andrefrereditions.com\/wp-content\/uploads\/2018\/04\/bobby-sands-yan-morvan-1-andre-frere-editions-420x628.jpg 420w, https:\/\/www.andrefrereditions.com\/wp-content\/uploads\/2018\/04\/bobby-sands-yan-morvan-1-andre-frere-editions-201x300.jpg 201w\" sizes=\"auto, (max-width: 430px) 100vw, 430px\" \/><\/p>\n<p>Their demands: to obtain the status of political prisoners to which they are entitled. They all died, the last one in almost general indifference.<\/p>\n<p><img loading=\"lazy\" decoding=\"async\" class=\"alignnone wp-image-8129 size-full\" src=\"https:\/\/www.andrefrereditions.com\/wp-content\/uploads\/2018\/04\/bobby-sands-yan-morvan-2-andre-frere-editions.jpg\" alt=\"bobby-sands-yan-morvan-2-andre-frere-editions\" width=\"430\" height=\"281\" srcset=\"https:\/\/www.andrefrereditions.com\/wp-content\/uploads\/2018\/04\/bobby-sands-yan-morvan-2-andre-frere-editions.jpg 430w, https:\/\/www.andrefrereditions.com\/wp-content\/uploads\/2018\/04\/bobby-sands-yan-morvan-2-andre-frere-editions-420x274.jpg 420w, https:\/\/www.andrefrereditions.com\/wp-content\/uploads\/2018\/04\/bobby-sands-yan-morvan-2-andre-frere-editions-300x196.jpg 300w\" sizes=\"auto, (max-width: 430px) 100vw, 430px\" \/><\/p>\n<p><img loading=\"lazy\" decoding=\"async\" class=\"alignnone wp-image-8131 size-full\" src=\"https:\/\/www.andrefrereditions.com\/wp-content\/uploads\/2018\/04\/bobby-sands-yan-morvan-3-andre-frere-editions.jpg\" alt=\"bobby-sands-yan-morvan-3-andre-frere-editions\" width=\"430\" height=\"281\" srcset=\"https:\/\/www.andrefrereditions.com\/wp-content\/uploads\/2018\/04\/bobby-sands-yan-morvan-3-andre-frere-editions.jpg 430w, https:\/\/www.andrefrereditions.com\/wp-content\/uploads\/2018\/04\/bobby-sands-yan-morvan-3-andre-frere-editions-420x274.jpg 420w, https:\/\/www.andrefrereditions.com\/wp-content\/uploads\/2018\/04\/bobby-sands-yan-morvan-3-andre-frere-editions-300x196.jpg 300w\" sizes=\"auto, (max-width: 430px) 100vw, 430px\" \/><\/p>\n<p>\u201cAt that time, I was a freelance photographer at the Sipa press agency, one of the three major photographic press agencies in Paris in the 1980s. I had the profile of the determined young reporter \u201crisque-tout\u201c, that suited the riot situation in Northern Ireland, so I was naturally sent on the Londonderry clashes in April 1981. I stayed there for three weeks and returned several times during the same year.<\/p>\n<p><img loading=\"lazy\" decoding=\"async\" class=\"alignnone wp-image-8133 size-full\" src=\"https:\/\/www.andrefrereditions.com\/wp-content\/uploads\/2018\/04\/bobby-sands-yan-morvan-4-andre-frere-editions.jpg\" alt=\"bobby-sands-yan-morvan-4-andre-frere-editions\" width=\"430\" height=\"281\" srcset=\"https:\/\/www.andrefrereditions.com\/wp-content\/uploads\/2018\/04\/bobby-sands-yan-morvan-4-andre-frere-editions.jpg 430w, https:\/\/www.andrefrereditions.com\/wp-content\/uploads\/2018\/04\/bobby-sands-yan-morvan-4-andre-frere-editions-420x274.jpg 420w, https:\/\/www.andrefrereditions.com\/wp-content\/uploads\/2018\/04\/bobby-sands-yan-morvan-4-andre-frere-editions-300x196.jpg 300w\" sizes=\"auto, (max-width: 430px) 100vw, 430px\" \/><\/p>\n<p>Those weeks that I lived in Derry and Belfast, living with the rioters of Catholic neighborhoods, photographing the tension, despair, faith and courage of the Irish people, using the camera as a weapon to serve their cause, persuaded me forever of the validity of photographic witness as an instrument of memory, emotion, reflection, guarantees of a free and democratic world\u201d. Yan Morvan<\/p>\n<p><img loading=\"lazy\" decoding=\"async\" class=\"alignnone wp-image-8135 size-full\" src=\"https:\/\/www.andrefrereditions.com\/wp-content\/uploads\/2018\/04\/bobby-sands-yan-morvan-5-andre-frere-editions.jpg\" alt=\"bobby-sands-yan-morvan-5-andre-frere-editions\" width=\"430\" height=\"281\" srcset=\"https:\/\/www.andrefrereditions.com\/wp-content\/uploads\/2018\/04\/bobby-sands-yan-morvan-5-andre-frere-editions.jpg 430w, https:\/\/www.andrefrereditions.com\/wp-content\/uploads\/2018\/04\/bobby-sands-yan-morvan-5-andre-frere-editions-420x274.jpg 420w, https:\/\/www.andrefrereditions.com\/wp-content\/uploads\/2018\/04\/bobby-sands-yan-morvan-5-andre-frere-editions-300x196.jpg 300w\" sizes=\"auto, (max-width: 430px) 100vw, 430px\" \/><\/p>\n<p>It turned out that Sorj Chalandon, a great writer, lover and defender of Ireland and just causes, sent by French newspaper Lib\u00e9ration, was also in Belfast at the same time, and he offered us a text written in 2004 and published in Lib\u00e9ration, on this intense moment.<\/p>\n<p><img loading=\"lazy\" decoding=\"async\" class=\"alignnone wp-image-8137 size-full\" src=\"https:\/\/www.andrefrereditions.com\/wp-content\/uploads\/2018\/04\/bobby-sands-yan-morvan-6-andre-frere-editions.jpg\" alt=\"bobby-sands-yan-morvan-6-andre-frere-editions\" width=\"430\" height=\"281\" srcset=\"https:\/\/www.andrefrereditions.com\/wp-content\/uploads\/2018\/04\/bobby-sands-yan-morvan-6-andre-frere-editions.jpg 430w, https:\/\/www.andrefrereditions.com\/wp-content\/uploads\/2018\/04\/bobby-sands-yan-morvan-6-andre-frere-editions-420x274.jpg 420w, https:\/\/www.andrefrereditions.com\/wp-content\/uploads\/2018\/04\/bobby-sands-yan-morvan-6-andre-frere-editions-300x196.jpg 300w\" sizes=\"auto, (max-width: 430px) 100vw, 430px\" \/><\/p>\n<p>Extract:<br \/>\n\u201cRespect the silence\u201d, said our guide. It was the night of May 7, 1981. We were in Twinbrook, a Catholic district in south-west Belfast. On street corners, in little gardens, against walls, leaning against the orange streetlights, sitting in groups of four in gloomy cars, women and men were keeping watch. IRA fighters, friends, kids with tears in their eyes, young clenched teeth, mothers in bathrobes, neighbours. The Sandses\u2019 house was made of brick. Just like the others. With a black ribbon hanging over the doorstep.<br \/>\n\u201cDon\u2019t talk\u201d, said the man. He knocked on the door. A tiny wallpapered entrance, and a staircase leading to the rooms. Warmth, home. These familiar places where we think we have life ahead of us. Doors, then more doors afterwards, and rooms that always end up crossing paths with death. And we will have time. Time to do it. All the time. And then the living room doors open. And then Bobby Sands is there.<br \/>\nWhat do we know about him? In fact, nothing. Or very little.<\/p>\n<p><img loading=\"lazy\" decoding=\"async\" class=\"alignnone wp-image-8139 size-full\" src=\"https:\/\/www.andrefrereditions.com\/wp-content\/uploads\/2018\/04\/bobby-sands-yan-morvan-7-andre-frere-editions.jpg\" alt=\"bobby-sands-yan-morvan-7-andre-frere-editions\" width=\"430\" height=\"281\" srcset=\"https:\/\/www.andrefrereditions.com\/wp-content\/uploads\/2018\/04\/bobby-sands-yan-morvan-7-andre-frere-editions.jpg 430w, https:\/\/www.andrefrereditions.com\/wp-content\/uploads\/2018\/04\/bobby-sands-yan-morvan-7-andre-frere-editions-420x274.jpg 420w, https:\/\/www.andrefrereditions.com\/wp-content\/uploads\/2018\/04\/bobby-sands-yan-morvan-7-andre-frere-editions-300x196.jpg 300w\" sizes=\"auto, (max-width: 430px) 100vw, 430px\" \/><\/p>\n<p><img loading=\"lazy\" decoding=\"async\" class=\"alignnone wp-image-8141 size-full\" src=\"https:\/\/www.andrefrereditions.com\/wp-content\/uploads\/2018\/04\/bobby-sands-yan-morvan-8-andre-frere-editions.jpg\" alt=\"bobby-sands-yan-morvan-8-andre-frere-editions\" width=\"430\" height=\"281\" srcset=\"https:\/\/www.andrefrereditions.com\/wp-content\/uploads\/2018\/04\/bobby-sands-yan-morvan-8-andre-frere-editions.jpg 430w, https:\/\/www.andrefrereditions.com\/wp-content\/uploads\/2018\/04\/bobby-sands-yan-morvan-8-andre-frere-editions-420x274.jpg 420w, https:\/\/www.andrefrereditions.com\/wp-content\/uploads\/2018\/04\/bobby-sands-yan-morvan-8-andre-frere-editions-300x196.jpg 300w\" sizes=\"auto, (max-width: 430px) 100vw, 430px\" \/><\/p>\n","protected":false},"excerpt":{"rendered":"<p>Photographs: Yan Morvan Texts: Bobby Sands, Yan Morvan et Sorj Chalandon Design: Lo\u00efc Vincent 236 pages 24 x 30 cm 125 duotone pictures Hardcover French \/ English \u20ac44.50 \u2013 \u20ac 350 A special edition Each Piezo picture, made by Jean-Pascal Laux under Yann Morvan&#8217;s control is avalaible in 10 exemplaries each, format 19 x 28,5 [&hellip;]<\/p>\n","protected":false},"featured_media":9798,"template":"","meta":[],"product_brand":[],"product_cat":[37],"product_tag":[],"class_list":{"0":"post-8239","1":"product","2":"type-product","3":"status-publish","4":"has-post-thumbnail","6":"product_cat-photography","7":"product_shipping_class-c3-en","9":"first","10":"instock","11":"shipping-taxable","12":"purchasable","13":"product-type-variable"},"yoast_head":"<!-- This site is optimized with the Yoast SEO plugin v27.5 - https:\/\/yoast.com\/product\/yoast-seo-wordpress\/ -->\n<title>Bobby Sands | Andr\u00e9 Fr\u00e8re \u00c9ditions<\/title>\n<meta name=\"description\" content=\"Bobby Sands par Yan Morvan dans la cat\u00e9gorie Photography. Publi\u00e9 par Andr\u00e9 Fr\u00e8re \u00c9ditions.\" \/>\n<meta name=\"robots\" content=\"index, follow, max-snippet:-1, max-image-preview:large, max-video-preview:-1\" \/>\n<link rel=\"canonical\" href=\"https:\/\/www.andrefrereditions.com\/en\/books\/photography\/bobby-sands\/\" \/>\n<meta property=\"og:locale\" content=\"en_US\" \/>\n<meta property=\"og:type\" content=\"article\" \/>\n<meta property=\"og:title\" content=\"Bobby Sands | Andr\u00e9 Fr\u00e8re \u00c9ditions\" \/>\n<meta property=\"og:description\" content=\"Bobby Sands par Yan Morvan dans la cat\u00e9gorie Photography. Publi\u00e9 par Andr\u00e9 Fr\u00e8re \u00c9ditions.\" \/>\n<meta property=\"og:url\" content=\"https:\/\/www.andrefrereditions.com\/en\/books\/photography\/bobby-sands\/\" \/>\n<meta property=\"og:site_name\" content=\"Andr\u00e9 Fr\u00e8re \u00c9ditions\" \/>\n<meta property=\"article:modified_time\" content=\"2025-06-26T09:18:50+00:00\" \/>\n<meta property=\"og:image\" content=\"https:\/\/www.andrefrereditions.com\/wp-content\/uploads\/2013\/11\/bobby-sands-yan-morvan-andre-frere-editions-couv.jpg\" \/>\n\t<meta property=\"og:image:width\" content=\"322\" \/>\n\t<meta property=\"og:image:height\" content=\"420\" \/>\n\t<meta property=\"og:image:type\" content=\"image\/jpeg\" \/>\n<meta name=\"twitter:label1\" content=\"Est. reading time\" \/>\n\t<meta name=\"twitter:data1\" content=\"6 minutes\" \/>\n<script type=\"application\/ld+json\" class=\"yoast-schema-graph\">{\"@context\":\"https:\\\/\\\/schema.org\",\"@graph\":[{\"@type\":\"WebPage\",\"@id\":\"https:\\\/\\\/www.andrefrereditions.com\\\/en\\\/books\\\/photography\\\/bobby-sands\\\/\",\"url\":\"https:\\\/\\\/www.andrefrereditions.com\\\/en\\\/books\\\/photography\\\/bobby-sands\\\/\",\"name\":\"Bobby Sands | Andr\u00e9 Fr\u00e8re \u00c9ditions\",\"isPartOf\":{\"@id\":\"https:\\\/\\\/www.andrefrereditions.com\\\/en\\\/#website\"},\"primaryImageOfPage\":{\"@id\":\"https:\\\/\\\/www.andrefrereditions.com\\\/en\\\/books\\\/photography\\\/bobby-sands\\\/#primaryimage\"},\"image\":{\"@id\":\"https:\\\/\\\/www.andrefrereditions.com\\\/en\\\/books\\\/photography\\\/bobby-sands\\\/#primaryimage\"},\"thumbnailUrl\":\"https:\\\/\\\/www.andrefrereditions.com\\\/wp-content\\\/uploads\\\/2013\\\/11\\\/bobby-sands-yan-morvan-andre-frere-editions-couv.jpg\",\"datePublished\":\"2018-08-20T12:45:50+00:00\",\"dateModified\":\"2025-06-26T09:18:50+00:00\",\"description\":\"Bobby Sands par Yan Morvan dans la cat\u00e9gorie Photography. Publi\u00e9 par Andr\u00e9 Fr\u00e8re \u00c9ditions.\",\"breadcrumb\":{\"@id\":\"https:\\\/\\\/www.andrefrereditions.com\\\/en\\\/books\\\/photography\\\/bobby-sands\\\/#breadcrumb\"},\"inLanguage\":\"en-US\",\"potentialAction\":[{\"@type\":\"ReadAction\",\"target\":[\"https:\\\/\\\/www.andrefrereditions.com\\\/en\\\/books\\\/photography\\\/bobby-sands\\\/\"]}]},{\"@type\":\"ImageObject\",\"inLanguage\":\"en-US\",\"@id\":\"https:\\\/\\\/www.andrefrereditions.com\\\/en\\\/books\\\/photography\\\/bobby-sands\\\/#primaryimage\",\"url\":\"https:\\\/\\\/www.andrefrereditions.com\\\/wp-content\\\/uploads\\\/2013\\\/11\\\/bobby-sands-yan-morvan-andre-frere-editions-couv.jpg\",\"contentUrl\":\"https:\\\/\\\/www.andrefrereditions.com\\\/wp-content\\\/uploads\\\/2013\\\/11\\\/bobby-sands-yan-morvan-andre-frere-editions-couv.jpg\",\"width\":322,\"height\":420},{\"@type\":\"BreadcrumbList\",\"@id\":\"https:\\\/\\\/www.andrefrereditions.com\\\/en\\\/books\\\/photography\\\/bobby-sands\\\/#breadcrumb\",\"itemListElement\":[{\"@type\":\"ListItem\",\"position\":1,\"name\":\"Home\",\"item\":\"https:\\\/\\\/www.andrefrereditions.com\\\/en\\\/\"},{\"@type\":\"ListItem\",\"position\":2,\"name\":\"Books\",\"item\":\"https:\\\/\\\/www.andrefrereditions.com\\\/en\\\/books\\\/\"},{\"@type\":\"ListItem\",\"position\":3,\"name\":\"Bobby Sands\"}]},{\"@type\":\"WebSite\",\"@id\":\"https:\\\/\\\/www.andrefrereditions.com\\\/en\\\/#website\",\"url\":\"https:\\\/\\\/www.andrefrereditions.com\\\/en\\\/\",\"name\":\"Andr\u00e9 Fr\u00e8re \u00c9ditions\",\"description\":\"\u00c9dition ind\u00e9pendante de photographie et d\u2019art\",\"publisher\":{\"@id\":\"https:\\\/\\\/www.andrefrereditions.com\\\/en\\\/#organization\"},\"potentialAction\":[{\"@type\":\"SearchAction\",\"target\":{\"@type\":\"EntryPoint\",\"urlTemplate\":\"https:\\\/\\\/www.andrefrereditions.com\\\/en\\\/?s={search_term_string}\"},\"query-input\":{\"@type\":\"PropertyValueSpecification\",\"valueRequired\":true,\"valueName\":\"search_term_string\"}}],\"inLanguage\":\"en-US\"},{\"@type\":\"Organization\",\"@id\":\"https:\\\/\\\/www.andrefrereditions.com\\\/en\\\/#organization\",\"name\":\"Andr\u00e9 Fr\u00e8re \u00c9ditions\",\"url\":\"https:\\\/\\\/www.andrefrereditions.com\\\/en\\\/\",\"logo\":{\"@type\":\"ImageObject\",\"inLanguage\":\"en-US\",\"@id\":\"https:\\\/\\\/www.andrefrereditions.com\\\/en\\\/#\\\/schema\\\/logo\\\/image\\\/\",\"url\":\"https:\\\/\\\/www.andrefrereditions.com\\\/wp-content\\\/uploads\\\/2014\\\/12\\\/andre-frere-editions-logo.png\",\"contentUrl\":\"https:\\\/\\\/www.andrefrereditions.com\\\/wp-content\\\/uploads\\\/2014\\\/12\\\/andre-frere-editions-logo.png\",\"width\":80,\"height\":79,\"caption\":\"Andr\u00e9 Fr\u00e8re \u00c9ditions\"},\"image\":{\"@id\":\"https:\\\/\\\/www.andrefrereditions.com\\\/en\\\/#\\\/schema\\\/logo\\\/image\\\/\"}}]}<\/script>\n<!-- \/ Yoast SEO plugin. -->","yoast_head_json":{"title":"Bobby Sands | Andr\u00e9 Fr\u00e8re \u00c9ditions","description":"Bobby Sands par Yan Morvan dans la cat\u00e9gorie Photography. Publi\u00e9 par Andr\u00e9 Fr\u00e8re \u00c9ditions.","robots":{"index":"index","follow":"follow","max-snippet":"max-snippet:-1","max-image-preview":"max-image-preview:large","max-video-preview":"max-video-preview:-1"},"canonical":"https:\/\/www.andrefrereditions.com\/en\/books\/photography\/bobby-sands\/","og_locale":"en_US","og_type":"article","og_title":"Bobby Sands | Andr\u00e9 Fr\u00e8re \u00c9ditions","og_description":"Bobby Sands par Yan Morvan dans la cat\u00e9gorie Photography. Publi\u00e9 par Andr\u00e9 Fr\u00e8re \u00c9ditions.","og_url":"https:\/\/www.andrefrereditions.com\/en\/books\/photography\/bobby-sands\/","og_site_name":"Andr\u00e9 Fr\u00e8re \u00c9ditions","article_modified_time":"2025-06-26T09:18:50+00:00","og_image":[{"width":322,"height":420,"url":"https:\/\/www.andrefrereditions.com\/wp-content\/uploads\/2013\/11\/bobby-sands-yan-morvan-andre-frere-editions-couv.jpg","type":"image\/jpeg"}],"twitter_misc":{"Est. reading time":"6 minutes"},"schema":{"@context":"https:\/\/schema.org","@graph":[{"@type":"WebPage","@id":"https:\/\/www.andrefrereditions.com\/en\/books\/photography\/bobby-sands\/","url":"https:\/\/www.andrefrereditions.com\/en\/books\/photography\/bobby-sands\/","name":"Bobby Sands | Andr\u00e9 Fr\u00e8re \u00c9ditions","isPartOf":{"@id":"https:\/\/www.andrefrereditions.com\/en\/#website"},"primaryImageOfPage":{"@id":"https:\/\/www.andrefrereditions.com\/en\/books\/photography\/bobby-sands\/#primaryimage"},"image":{"@id":"https:\/\/www.andrefrereditions.com\/en\/books\/photography\/bobby-sands\/#primaryimage"},"thumbnailUrl":"https:\/\/www.andrefrereditions.com\/wp-content\/uploads\/2013\/11\/bobby-sands-yan-morvan-andre-frere-editions-couv.jpg","datePublished":"2018-08-20T12:45:50+00:00","dateModified":"2025-06-26T09:18:50+00:00","description":"Bobby Sands par Yan Morvan dans la cat\u00e9gorie Photography. Publi\u00e9 par Andr\u00e9 Fr\u00e8re \u00c9ditions.","breadcrumb":{"@id":"https:\/\/www.andrefrereditions.com\/en\/books\/photography\/bobby-sands\/#breadcrumb"},"inLanguage":"en-US","potentialAction":[{"@type":"ReadAction","target":["https:\/\/www.andrefrereditions.com\/en\/books\/photography\/bobby-sands\/"]}]},{"@type":"ImageObject","inLanguage":"en-US","@id":"https:\/\/www.andrefrereditions.com\/en\/books\/photography\/bobby-sands\/#primaryimage","url":"https:\/\/www.andrefrereditions.com\/wp-content\/uploads\/2013\/11\/bobby-sands-yan-morvan-andre-frere-editions-couv.jpg","contentUrl":"https:\/\/www.andrefrereditions.com\/wp-content\/uploads\/2013\/11\/bobby-sands-yan-morvan-andre-frere-editions-couv.jpg","width":322,"height":420},{"@type":"BreadcrumbList","@id":"https:\/\/www.andrefrereditions.com\/en\/books\/photography\/bobby-sands\/#breadcrumb","itemListElement":[{"@type":"ListItem","position":1,"name":"Home","item":"https:\/\/www.andrefrereditions.com\/en\/"},{"@type":"ListItem","position":2,"name":"Books","item":"https:\/\/www.andrefrereditions.com\/en\/books\/"},{"@type":"ListItem","position":3,"name":"Bobby Sands"}]},{"@type":"WebSite","@id":"https:\/\/www.andrefrereditions.com\/en\/#website","url":"https:\/\/www.andrefrereditions.com\/en\/","name":"Andr\u00e9 Fr\u00e8re \u00c9ditions","description":"\u00c9dition ind\u00e9pendante de photographie et d\u2019art","publisher":{"@id":"https:\/\/www.andrefrereditions.com\/en\/#organization"},"potentialAction":[{"@type":"SearchAction","target":{"@type":"EntryPoint","urlTemplate":"https:\/\/www.andrefrereditions.com\/en\/?s={search_term_string}"},"query-input":{"@type":"PropertyValueSpecification","valueRequired":true,"valueName":"search_term_string"}}],"inLanguage":"en-US"},{"@type":"Organization","@id":"https:\/\/www.andrefrereditions.com\/en\/#organization","name":"Andr\u00e9 Fr\u00e8re \u00c9ditions","url":"https:\/\/www.andrefrereditions.com\/en\/","logo":{"@type":"ImageObject","inLanguage":"en-US","@id":"https:\/\/www.andrefrereditions.com\/en\/#\/schema\/logo\/image\/","url":"https:\/\/www.andrefrereditions.com\/wp-content\/uploads\/2014\/12\/andre-frere-editions-logo.png","contentUrl":"https:\/\/www.andrefrereditions.com\/wp-content\/uploads\/2014\/12\/andre-frere-editions-logo.png","width":80,"height":79,"caption":"Andr\u00e9 Fr\u00e8re \u00c9ditions"},"image":{"@id":"https:\/\/www.andrefrereditions.com\/en\/#\/schema\/logo\/image\/"}}]}},"_links":{"self":[{"href":"https:\/\/www.andrefrereditions.com\/en\/wp-json\/wp\/v2\/product\/8239","targetHints":{"allow":["GET"]}}],"collection":[{"href":"https:\/\/www.andrefrereditions.com\/en\/wp-json\/wp\/v2\/product"}],"about":[{"href":"https:\/\/www.andrefrereditions.com\/en\/wp-json\/wp\/v2\/types\/product"}],"wp:featuredmedia":[{"embeddable":true,"href":"https:\/\/www.andrefrereditions.com\/en\/wp-json\/wp\/v2\/media\/9798"}],"wp:attachment":[{"href":"https:\/\/www.andrefrereditions.com\/en\/wp-json\/wp\/v2\/media?parent=8239"}],"wp:term":[{"taxonomy":"product_brand","embeddable":true,"href":"https:\/\/www.andrefrereditions.com\/en\/wp-json\/wp\/v2\/product_brand?post=8239"},{"taxonomy":"product_cat","embeddable":true,"href":"https:\/\/www.andrefrereditions.com\/en\/wp-json\/wp\/v2\/product_cat?post=8239"},{"taxonomy":"product_tag","embeddable":true,"href":"https:\/\/www.andrefrereditions.com\/en\/wp-json\/wp\/v2\/product_tag?post=8239"}],"curies":[{"name":"wp","href":"https:\/\/api.w.org\/{rel}","templated":true}]}}