{"id":8471,"date":"2019-02-12T23:29:25","date_gmt":"2019-02-12T21:36:51","guid":{"rendered":"https:\/\/www.andrefrereditions.com\/en\/?post_type=product&#038;p=8471"},"modified":"2025-06-26T11:18:57","modified_gmt":"2025-06-26T09:18:57","slug":"kazal","status":"publish","type":"product","link":"https:\/\/www.andrefrereditions.com\/en\/books\/photography\/kazal\/","title":{"rendered":"Kazal"},"content":{"rendered":"<ul class=\"infos-livre\">\n<li><strong>Memories of a massacre<br \/>\nunder Duvalier:<br \/>\na photographic approach<\/strong><\/li>\n<li>Edited under the direction of <a href=\"http:\/\/www.nicolalocalzo.com\/\" target=\"_blank\">Nicola Lo Calzo<\/a><\/li>\n<li>Photographs and texts\u00a0: <a href=\"https:\/\/www.instagram.com\/edine_celestin\/?hl=fr\" target=\"_blank\">Edine C\u00e9lestin<\/a> &#8211; Fabienne Douce &#8211; <a href=\"https:\/\/www.instagram.com\/raypakle\/?hl=fr\" target=\"_blank\">R\u00e9ginald Louissaint Junior<\/a>\u00a0 &#8211; Mo\u00efse Pierre &#8211; Georges Harry Rouzier &#8211; Mackenson Saint-F\u00e9lix &#8211; <a href=\"http:\/\/www.kolektif2d.com\/\" target=\"_blank\">Kolektif2d<\/a><\/li>\n<li>Texts: Edine C\u00e9lestin \u2013 Edwidge Danticat \u2013 Claudia Girola \u2013 Nicola Lo\u00a0Calzo \u2013 Jacques Roumain<\/li>\n<li>19\u00a0x\u00a027\u00a0cm<\/li>\n<li>200 pages<\/li>\n<li>Hardcover<\/li>\n<li>88 photographs in four and two color process<\/li>\n<li>French \/ Creole\u00a0\/ English<\/li>\n<li>\u20ac29<\/li>\n<li>Release: March 26 2019<\/li>\n<li>ISBN: 979-10-92265-81-1<\/li>\n<li>Co-produced with the Foundation for Knowledge and Liberty &#8211; FOKAL<\/li>\n<\/ul>\n<p>The photographs presented in this book certainly have a common goal\u00a0: to make visible to Haitians as well as the entire world the multiple and contradicting living memories of one of the most tragic and major events in modern Haitian history\u00a0: the Kazal massacre in 1969, under Fran\u00e7ois Duvalier\u2019s dictatorship.<\/p>\n<p><img loading=\"lazy\" decoding=\"async\" class=\"alignnone size-full wp-image-8493\" src=\"https:\/\/www.andrefrereditions.com\/wp-content\/uploads\/2019\/02\/kazal-kolektif2d-andre-frere-editions-1.jpg\" alt=\"kazal-kolektif2d-andre-frere-editions-1\" width=\"430\" height=\"286\" srcset=\"https:\/\/www.andrefrereditions.com\/wp-content\/uploads\/2019\/02\/kazal-kolektif2d-andre-frere-editions-1.jpg 430w, https:\/\/www.andrefrereditions.com\/wp-content\/uploads\/2019\/02\/kazal-kolektif2d-andre-frere-editions-1-420x279.jpg 420w, https:\/\/www.andrefrereditions.com\/wp-content\/uploads\/2019\/02\/kazal-kolektif2d-andre-frere-editions-1-300x200.jpg 300w\" sizes=\"auto, (max-width: 430px) 100vw, 430px\" \/><\/p>\n<p><img loading=\"lazy\" decoding=\"async\" class=\"alignnone size-full wp-image-8495\" src=\"https:\/\/www.andrefrereditions.com\/wp-content\/uploads\/2019\/02\/kazal-kolektif2d-andre-frere-editions-2.jpg\" alt=\"kazal-kolektif2d-andre-frere-editions-2\" width=\"430\" height=\"287\" srcset=\"https:\/\/www.andrefrereditions.com\/wp-content\/uploads\/2019\/02\/kazal-kolektif2d-andre-frere-editions-2.jpg 430w, https:\/\/www.andrefrereditions.com\/wp-content\/uploads\/2019\/02\/kazal-kolektif2d-andre-frere-editions-2-420x280.jpg 420w, https:\/\/www.andrefrereditions.com\/wp-content\/uploads\/2019\/02\/kazal-kolektif2d-andre-frere-editions-2-300x200.jpg 300w\" sizes=\"auto, (max-width: 430px) 100vw, 430px\" \/><\/p>\n<p>These images restore this visibility through the exceptional synergy of a fresh perspective : on one hand the direct and indirect witnesses of facts, the places where these took place and the ways in which their memory is inscribed into the landscape as well as the everyday life of the inhabitants of Kazal, a little place north of Port-au-Prince.<\/p>\n<p><img loading=\"lazy\" decoding=\"async\" class=\"alignnone size-full wp-image-8497\" src=\"https:\/\/www.andrefrereditions.com\/wp-content\/uploads\/2019\/02\/kazal-kolektif2d-andre-frere-editions-3.jpg\" alt=\"kazal-kolektif2d-andre-frere-editions-3\" width=\"430\" height=\"286\" srcset=\"https:\/\/www.andrefrereditions.com\/wp-content\/uploads\/2019\/02\/kazal-kolektif2d-andre-frere-editions-3.jpg 430w, https:\/\/www.andrefrereditions.com\/wp-content\/uploads\/2019\/02\/kazal-kolektif2d-andre-frere-editions-3-420x279.jpg 420w, https:\/\/www.andrefrereditions.com\/wp-content\/uploads\/2019\/02\/kazal-kolektif2d-andre-frere-editions-3-300x200.jpg 300w\" sizes=\"auto, (max-width: 430px) 100vw, 430px\" \/><\/p>\n<p><img loading=\"lazy\" decoding=\"async\" class=\"alignnone size-full wp-image-8499\" src=\"https:\/\/www.andrefrereditions.com\/wp-content\/uploads\/2019\/02\/kazal-kolektif2d-andre-frere-editions-4.jpg\" alt=\"kazal-kolektif2d-andre-frere-editions-4\" width=\"430\" height=\"648\" srcset=\"https:\/\/www.andrefrereditions.com\/wp-content\/uploads\/2019\/02\/kazal-kolektif2d-andre-frere-editions-4.jpg 430w, https:\/\/www.andrefrereditions.com\/wp-content\/uploads\/2019\/02\/kazal-kolektif2d-andre-frere-editions-4-420x633.jpg 420w, https:\/\/www.andrefrereditions.com\/wp-content\/uploads\/2019\/02\/kazal-kolektif2d-andre-frere-editions-4-199x300.jpg 199w\" sizes=\"auto, (max-width: 430px) 100vw, 430px\" \/><\/p>\n<p>On the other hand, the perspective of five Haitian photographers who think, see, and photograph this very same memory, drawing from their own experience as Haitians, all part of the first post-Duvalierist generation.<\/p>\n<p><img loading=\"lazy\" decoding=\"async\" class=\"alignnone size-full wp-image-8501\" src=\"https:\/\/www.andrefrereditions.com\/wp-content\/uploads\/2019\/02\/kazal-kolektif2d-andre-frere-editions-5.jpg\" alt=\"kazal-kolektif2d-andre-frere-editions-5\" width=\"430\" height=\"607\" srcset=\"https:\/\/www.andrefrereditions.com\/wp-content\/uploads\/2019\/02\/kazal-kolektif2d-andre-frere-editions-5.jpg 430w, https:\/\/www.andrefrereditions.com\/wp-content\/uploads\/2019\/02\/kazal-kolektif2d-andre-frere-editions-5-420x593.jpg 420w, https:\/\/www.andrefrereditions.com\/wp-content\/uploads\/2019\/02\/kazal-kolektif2d-andre-frere-editions-5-213x300.jpg 213w\" sizes=\"auto, (max-width: 430px) 100vw, 430px\" \/><\/p>\n<p><img loading=\"lazy\" decoding=\"async\" class=\"alignnone size-full wp-image-8503\" src=\"https:\/\/www.andrefrereditions.com\/wp-content\/uploads\/2019\/02\/kazal-kolektif2d-andre-frere-editions-6.jpg\" alt=\"kazal-kolektif2d-andre-frere-editions-6\" width=\"430\" height=\"644\" srcset=\"https:\/\/www.andrefrereditions.com\/wp-content\/uploads\/2019\/02\/kazal-kolektif2d-andre-frere-editions-6.jpg 430w, https:\/\/www.andrefrereditions.com\/wp-content\/uploads\/2019\/02\/kazal-kolektif2d-andre-frere-editions-6-420x629.jpg 420w, https:\/\/www.andrefrereditions.com\/wp-content\/uploads\/2019\/02\/kazal-kolektif2d-andre-frere-editions-6-200x300.jpg 200w\" sizes=\"auto, (max-width: 430px) 100vw, 430px\" \/><\/p>\n<p>The creative process included stages and degrees, in the framework of a mastser class conducted over 3 years by those named here and coordinated by Maude Malengrez, head of the media program of the Fondation de la Connaissance et Libert\u00e9 \u2013 FOKAL. For the photographers as well as for the photographed subjects, what ensued was a true encounter with Haiti\u2019s troubled history and past that, to this day, has not yet been acknowledged.<\/p>\n<p><img loading=\"lazy\" decoding=\"async\" class=\"alignnone size-full wp-image-8505\" src=\"https:\/\/www.andrefrereditions.com\/wp-content\/uploads\/2019\/02\/kazal-kolektif2d-andre-frere-editions-7.jpg\" alt=\"kazal-kolektif2d-andre-frere-editions-7\" width=\"430\" height=\"648\" srcset=\"https:\/\/www.andrefrereditions.com\/wp-content\/uploads\/2019\/02\/kazal-kolektif2d-andre-frere-editions-7.jpg 430w, https:\/\/www.andrefrereditions.com\/wp-content\/uploads\/2019\/02\/kazal-kolektif2d-andre-frere-editions-7-420x633.jpg 420w, https:\/\/www.andrefrereditions.com\/wp-content\/uploads\/2019\/02\/kazal-kolektif2d-andre-frere-editions-7-199x300.jpg 199w\" sizes=\"auto, (max-width: 430px) 100vw, 430px\" \/><\/p>\n<p><img loading=\"lazy\" decoding=\"async\" class=\"alignnone size-full wp-image-8507\" src=\"https:\/\/www.andrefrereditions.com\/wp-content\/uploads\/2019\/02\/kazal-kolektif2d-andre-frere-editions-8.jpg\" alt=\"kazal-kolektif2d-andre-frere-editions-8\" width=\"430\" height=\"648\" srcset=\"https:\/\/www.andrefrereditions.com\/wp-content\/uploads\/2019\/02\/kazal-kolektif2d-andre-frere-editions-8.jpg 430w, https:\/\/www.andrefrereditions.com\/wp-content\/uploads\/2019\/02\/kazal-kolektif2d-andre-frere-editions-8-420x633.jpg 420w, https:\/\/www.andrefrereditions.com\/wp-content\/uploads\/2019\/02\/kazal-kolektif2d-andre-frere-editions-8-199x300.jpg 199w\" sizes=\"auto, (max-width: 430px) 100vw, 430px\" \/><\/p>\n<p>This feat was also a long and complex personal journey, where the photographers were forced to manipulate social, cultural, and geographical barriers. City dwellers of the capitol went face to face with the people of Kazal, most of them farmers of the earth.<\/p>\n","protected":false},"excerpt":{"rendered":"<p>Memories of a massacre under Duvalier: a photographic approach Edited under the direction of Nicola Lo Calzo Photographs and texts\u00a0: Edine C\u00e9lestin &#8211; Fabienne Douce &#8211; R\u00e9ginald Louissaint Junior\u00a0 &#8211; Mo\u00efse Pierre &#8211; Georges Harry Rouzier &#8211; Mackenson Saint-F\u00e9lix &#8211; Kolektif2d Texts: Edine C\u00e9lestin \u2013 Edwidge Danticat \u2013 Claudia Girola \u2013 Nicola Lo\u00a0Calzo \u2013 Jacques [&hellip;]<\/p>\n","protected":false},"featured_media":8509,"template":"","meta":[],"product_brand":[],"product_cat":[37],"product_tag":[],"class_list":{"0":"post-8471","1":"product","2":"type-product","3":"status-publish","4":"has-post-thumbnail","6":"product_cat-photography","7":"product_shipping_class-c3-en","9":"first","10":"instock","11":"shipping-taxable","12":"purchasable","13":"product-type-simple"},"yoast_head":"<!-- This site is optimized with the Yoast SEO plugin v27.4 - https:\/\/yoast.com\/product\/yoast-seo-wordpress\/ -->\n<title>Kazal | Andr\u00e9 Fr\u00e8re \u00c9ditions<\/title>\n<meta name=\"description\" content=\"Kazal par KOLEKTIF2D dans la cat\u00e9gorie Photography. Publi\u00e9 par Andr\u00e9 Fr\u00e8re \u00c9ditions.\" \/>\n<meta name=\"robots\" content=\"index, follow, max-snippet:-1, max-image-preview:large, max-video-preview:-1\" \/>\n<link rel=\"canonical\" href=\"https:\/\/www.andrefrereditions.com\/en\/books\/photography\/kazal\/\" \/>\n<meta property=\"og:locale\" content=\"en_US\" \/>\n<meta property=\"og:type\" content=\"article\" \/>\n<meta property=\"og:title\" content=\"Kazal | Andr\u00e9 Fr\u00e8re \u00c9ditions\" \/>\n<meta property=\"og:description\" content=\"Kazal par KOLEKTIF2D dans la cat\u00e9gorie Photography. Publi\u00e9 par Andr\u00e9 Fr\u00e8re \u00c9ditions.\" \/>\n<meta property=\"og:url\" content=\"https:\/\/www.andrefrereditions.com\/en\/books\/photography\/kazal\/\" \/>\n<meta property=\"og:site_name\" content=\"Andr\u00e9 Fr\u00e8re \u00c9ditions\" \/>\n<meta property=\"article:modified_time\" content=\"2025-06-26T09:18:57+00:00\" \/>\n<meta property=\"og:image\" content=\"https:\/\/www.andrefrereditions.com\/wp-content\/uploads\/2019\/02\/kazal-kolektif2d-andre-frere-editions.jpg\" \/>\n\t<meta property=\"og:image:width\" content=\"295\" \/>\n\t<meta property=\"og:image:height\" content=\"420\" \/>\n\t<meta property=\"og:image:type\" content=\"image\/jpeg\" \/>\n<meta name=\"twitter:label1\" content=\"Est. reading time\" \/>\n\t<meta name=\"twitter:data1\" content=\"2 minutes\" \/>\n<script type=\"application\/ld+json\" class=\"yoast-schema-graph\">{\"@context\":\"https:\\\/\\\/schema.org\",\"@graph\":[{\"@type\":\"WebPage\",\"@id\":\"https:\\\/\\\/www.andrefrereditions.com\\\/en\\\/books\\\/photography\\\/kazal\\\/\",\"url\":\"https:\\\/\\\/www.andrefrereditions.com\\\/en\\\/books\\\/photography\\\/kazal\\\/\",\"name\":\"Kazal | Andr\u00e9 Fr\u00e8re \u00c9ditions\",\"isPartOf\":{\"@id\":\"https:\\\/\\\/www.andrefrereditions.com\\\/en\\\/#website\"},\"primaryImageOfPage\":{\"@id\":\"https:\\\/\\\/www.andrefrereditions.com\\\/en\\\/books\\\/photography\\\/kazal\\\/#primaryimage\"},\"image\":{\"@id\":\"https:\\\/\\\/www.andrefrereditions.com\\\/en\\\/books\\\/photography\\\/kazal\\\/#primaryimage\"},\"thumbnailUrl\":\"https:\\\/\\\/www.andrefrereditions.com\\\/wp-content\\\/uploads\\\/2019\\\/02\\\/kazal-kolektif2d-andre-frere-editions.jpg\",\"datePublished\":\"2019-02-12T21:36:51+00:00\",\"dateModified\":\"2025-06-26T09:18:57+00:00\",\"description\":\"Kazal par KOLEKTIF2D dans la cat\u00e9gorie Photography. Publi\u00e9 par Andr\u00e9 Fr\u00e8re \u00c9ditions.\",\"breadcrumb\":{\"@id\":\"https:\\\/\\\/www.andrefrereditions.com\\\/en\\\/books\\\/photography\\\/kazal\\\/#breadcrumb\"},\"inLanguage\":\"en-US\",\"potentialAction\":[{\"@type\":\"ReadAction\",\"target\":[\"https:\\\/\\\/www.andrefrereditions.com\\\/en\\\/books\\\/photography\\\/kazal\\\/\"]}]},{\"@type\":\"ImageObject\",\"inLanguage\":\"en-US\",\"@id\":\"https:\\\/\\\/www.andrefrereditions.com\\\/en\\\/books\\\/photography\\\/kazal\\\/#primaryimage\",\"url\":\"https:\\\/\\\/www.andrefrereditions.com\\\/wp-content\\\/uploads\\\/2019\\\/02\\\/kazal-kolektif2d-andre-frere-editions.jpg\",\"contentUrl\":\"https:\\\/\\\/www.andrefrereditions.com\\\/wp-content\\\/uploads\\\/2019\\\/02\\\/kazal-kolektif2d-andre-frere-editions.jpg\",\"width\":295,\"height\":420},{\"@type\":\"BreadcrumbList\",\"@id\":\"https:\\\/\\\/www.andrefrereditions.com\\\/en\\\/books\\\/photography\\\/kazal\\\/#breadcrumb\",\"itemListElement\":[{\"@type\":\"ListItem\",\"position\":1,\"name\":\"Home\",\"item\":\"https:\\\/\\\/www.andrefrereditions.com\\\/en\\\/\"},{\"@type\":\"ListItem\",\"position\":2,\"name\":\"Books\",\"item\":\"https:\\\/\\\/www.andrefrereditions.com\\\/en\\\/books\\\/\"},{\"@type\":\"ListItem\",\"position\":3,\"name\":\"Kazal\"}]},{\"@type\":\"WebSite\",\"@id\":\"https:\\\/\\\/www.andrefrereditions.com\\\/en\\\/#website\",\"url\":\"https:\\\/\\\/www.andrefrereditions.com\\\/en\\\/\",\"name\":\"Andr\u00e9 Fr\u00e8re \u00c9ditions\",\"description\":\"\u00c9dition ind\u00e9pendante de photographie et d\u2019art\",\"publisher\":{\"@id\":\"https:\\\/\\\/www.andrefrereditions.com\\\/en\\\/#organization\"},\"potentialAction\":[{\"@type\":\"SearchAction\",\"target\":{\"@type\":\"EntryPoint\",\"urlTemplate\":\"https:\\\/\\\/www.andrefrereditions.com\\\/en\\\/?s={search_term_string}\"},\"query-input\":{\"@type\":\"PropertyValueSpecification\",\"valueRequired\":true,\"valueName\":\"search_term_string\"}}],\"inLanguage\":\"en-US\"},{\"@type\":\"Organization\",\"@id\":\"https:\\\/\\\/www.andrefrereditions.com\\\/en\\\/#organization\",\"name\":\"Andr\u00e9 Fr\u00e8re \u00c9ditions\",\"url\":\"https:\\\/\\\/www.andrefrereditions.com\\\/en\\\/\",\"logo\":{\"@type\":\"ImageObject\",\"inLanguage\":\"en-US\",\"@id\":\"https:\\\/\\\/www.andrefrereditions.com\\\/en\\\/#\\\/schema\\\/logo\\\/image\\\/\",\"url\":\"https:\\\/\\\/www.andrefrereditions.com\\\/wp-content\\\/uploads\\\/2014\\\/12\\\/andre-frere-editions-logo.png\",\"contentUrl\":\"https:\\\/\\\/www.andrefrereditions.com\\\/wp-content\\\/uploads\\\/2014\\\/12\\\/andre-frere-editions-logo.png\",\"width\":80,\"height\":79,\"caption\":\"Andr\u00e9 Fr\u00e8re \u00c9ditions\"},\"image\":{\"@id\":\"https:\\\/\\\/www.andrefrereditions.com\\\/en\\\/#\\\/schema\\\/logo\\\/image\\\/\"}}]}<\/script>\n<!-- \/ Yoast SEO plugin. -->","yoast_head_json":{"title":"Kazal | Andr\u00e9 Fr\u00e8re \u00c9ditions","description":"Kazal par KOLEKTIF2D dans la cat\u00e9gorie Photography. Publi\u00e9 par Andr\u00e9 Fr\u00e8re \u00c9ditions.","robots":{"index":"index","follow":"follow","max-snippet":"max-snippet:-1","max-image-preview":"max-image-preview:large","max-video-preview":"max-video-preview:-1"},"canonical":"https:\/\/www.andrefrereditions.com\/en\/books\/photography\/kazal\/","og_locale":"en_US","og_type":"article","og_title":"Kazal | Andr\u00e9 Fr\u00e8re \u00c9ditions","og_description":"Kazal par KOLEKTIF2D dans la cat\u00e9gorie Photography. Publi\u00e9 par Andr\u00e9 Fr\u00e8re \u00c9ditions.","og_url":"https:\/\/www.andrefrereditions.com\/en\/books\/photography\/kazal\/","og_site_name":"Andr\u00e9 Fr\u00e8re \u00c9ditions","article_modified_time":"2025-06-26T09:18:57+00:00","og_image":[{"width":295,"height":420,"url":"https:\/\/www.andrefrereditions.com\/wp-content\/uploads\/2019\/02\/kazal-kolektif2d-andre-frere-editions.jpg","type":"image\/jpeg"}],"twitter_misc":{"Est. reading time":"2 minutes"},"schema":{"@context":"https:\/\/schema.org","@graph":[{"@type":"WebPage","@id":"https:\/\/www.andrefrereditions.com\/en\/books\/photography\/kazal\/","url":"https:\/\/www.andrefrereditions.com\/en\/books\/photography\/kazal\/","name":"Kazal | Andr\u00e9 Fr\u00e8re \u00c9ditions","isPartOf":{"@id":"https:\/\/www.andrefrereditions.com\/en\/#website"},"primaryImageOfPage":{"@id":"https:\/\/www.andrefrereditions.com\/en\/books\/photography\/kazal\/#primaryimage"},"image":{"@id":"https:\/\/www.andrefrereditions.com\/en\/books\/photography\/kazal\/#primaryimage"},"thumbnailUrl":"https:\/\/www.andrefrereditions.com\/wp-content\/uploads\/2019\/02\/kazal-kolektif2d-andre-frere-editions.jpg","datePublished":"2019-02-12T21:36:51+00:00","dateModified":"2025-06-26T09:18:57+00:00","description":"Kazal par KOLEKTIF2D dans la cat\u00e9gorie Photography. Publi\u00e9 par Andr\u00e9 Fr\u00e8re \u00c9ditions.","breadcrumb":{"@id":"https:\/\/www.andrefrereditions.com\/en\/books\/photography\/kazal\/#breadcrumb"},"inLanguage":"en-US","potentialAction":[{"@type":"ReadAction","target":["https:\/\/www.andrefrereditions.com\/en\/books\/photography\/kazal\/"]}]},{"@type":"ImageObject","inLanguage":"en-US","@id":"https:\/\/www.andrefrereditions.com\/en\/books\/photography\/kazal\/#primaryimage","url":"https:\/\/www.andrefrereditions.com\/wp-content\/uploads\/2019\/02\/kazal-kolektif2d-andre-frere-editions.jpg","contentUrl":"https:\/\/www.andrefrereditions.com\/wp-content\/uploads\/2019\/02\/kazal-kolektif2d-andre-frere-editions.jpg","width":295,"height":420},{"@type":"BreadcrumbList","@id":"https:\/\/www.andrefrereditions.com\/en\/books\/photography\/kazal\/#breadcrumb","itemListElement":[{"@type":"ListItem","position":1,"name":"Home","item":"https:\/\/www.andrefrereditions.com\/en\/"},{"@type":"ListItem","position":2,"name":"Books","item":"https:\/\/www.andrefrereditions.com\/en\/books\/"},{"@type":"ListItem","position":3,"name":"Kazal"}]},{"@type":"WebSite","@id":"https:\/\/www.andrefrereditions.com\/en\/#website","url":"https:\/\/www.andrefrereditions.com\/en\/","name":"Andr\u00e9 Fr\u00e8re \u00c9ditions","description":"\u00c9dition ind\u00e9pendante de photographie et d\u2019art","publisher":{"@id":"https:\/\/www.andrefrereditions.com\/en\/#organization"},"potentialAction":[{"@type":"SearchAction","target":{"@type":"EntryPoint","urlTemplate":"https:\/\/www.andrefrereditions.com\/en\/?s={search_term_string}"},"query-input":{"@type":"PropertyValueSpecification","valueRequired":true,"valueName":"search_term_string"}}],"inLanguage":"en-US"},{"@type":"Organization","@id":"https:\/\/www.andrefrereditions.com\/en\/#organization","name":"Andr\u00e9 Fr\u00e8re \u00c9ditions","url":"https:\/\/www.andrefrereditions.com\/en\/","logo":{"@type":"ImageObject","inLanguage":"en-US","@id":"https:\/\/www.andrefrereditions.com\/en\/#\/schema\/logo\/image\/","url":"https:\/\/www.andrefrereditions.com\/wp-content\/uploads\/2014\/12\/andre-frere-editions-logo.png","contentUrl":"https:\/\/www.andrefrereditions.com\/wp-content\/uploads\/2014\/12\/andre-frere-editions-logo.png","width":80,"height":79,"caption":"Andr\u00e9 Fr\u00e8re \u00c9ditions"},"image":{"@id":"https:\/\/www.andrefrereditions.com\/en\/#\/schema\/logo\/image\/"}}]}},"_links":{"self":[{"href":"https:\/\/www.andrefrereditions.com\/en\/wp-json\/wp\/v2\/product\/8471","targetHints":{"allow":["GET"]}}],"collection":[{"href":"https:\/\/www.andrefrereditions.com\/en\/wp-json\/wp\/v2\/product"}],"about":[{"href":"https:\/\/www.andrefrereditions.com\/en\/wp-json\/wp\/v2\/types\/product"}],"wp:featuredmedia":[{"embeddable":true,"href":"https:\/\/www.andrefrereditions.com\/en\/wp-json\/wp\/v2\/media\/8509"}],"wp:attachment":[{"href":"https:\/\/www.andrefrereditions.com\/en\/wp-json\/wp\/v2\/media?parent=8471"}],"wp:term":[{"taxonomy":"product_brand","embeddable":true,"href":"https:\/\/www.andrefrereditions.com\/en\/wp-json\/wp\/v2\/product_brand?post=8471"},{"taxonomy":"product_cat","embeddable":true,"href":"https:\/\/www.andrefrereditions.com\/en\/wp-json\/wp\/v2\/product_cat?post=8471"},{"taxonomy":"product_tag","embeddable":true,"href":"https:\/\/www.andrefrereditions.com\/en\/wp-json\/wp\/v2\/product_tag?post=8471"}],"curies":[{"name":"wp","href":"https:\/\/api.w.org\/{rel}","templated":true}]}}