{"id":8616,"date":"2019-04-24T22:06:38","date_gmt":"2019-05-27T20:24:53","guid":{"rendered":"https:\/\/www.andrefrereditions.com\/en\/?post_type=product&#038;p=8616"},"modified":"2025-06-26T11:14:51","modified_gmt":"2025-06-26T09:14:51","slug":"rouge-etait-sa-couleur","status":"publish","type":"product","link":"https:\/\/www.andrefrereditions.com\/en\/books\/photography\/rouge-etait-sa-couleur\/","title":{"rendered":"Rouge \u00e9tait sa couleur"},"content":{"rendered":"<ul class=\"infos-livre\">\n<li>Photographs : <a href=\"http:\/\/colettepourroy.com\/\" target=\"_blank\">Colette Pourroy<\/a><\/li>\n<li>Text : Colette Pourroy, <a href=\"http:\/\/www.michel-meiffren.com\/\" target=\"_blank\">Michel Meiffren<\/a>, <a href=\"https:\/\/fr.linkedin.com\/in\/lauraserani\" target=\"_blank\">Laura Serani<\/a><\/li>\n<li>16,5 x 19,5 cm<\/li>\n<li>64 pages<\/li>\n<li>Hardcover<\/li>\n<li>31 duotones pictures<\/li>\n<li>French \/ English<\/li>\n<li>\u20ac22<\/li>\n<li>To be released 27 august 2019<\/li>\n<li>ISBN : 979-10-92265-8-42<\/li>\n<\/ul>\n<p><img loading=\"lazy\" decoding=\"async\" class=\"alignnone size-full wp-image-8581\" src=\"https:\/\/www.andrefrereditions.com\/wp-content\/uploads\/2019\/04\/rouge-couleur-colette-pourroy-andre-frere-editions-1.jpg\" alt=\"rouge-couleur-colette-pourroy-andre-frere-editions-1\" width=\"430\" height=\"430\" srcset=\"https:\/\/www.andrefrereditions.com\/wp-content\/uploads\/2019\/04\/rouge-couleur-colette-pourroy-andre-frere-editions-1.jpg 430w, https:\/\/www.andrefrereditions.com\/wp-content\/uploads\/2019\/04\/rouge-couleur-colette-pourroy-andre-frere-editions-1-420x420.jpg 420w, https:\/\/www.andrefrereditions.com\/wp-content\/uploads\/2019\/04\/rouge-couleur-colette-pourroy-andre-frere-editions-1-100x100.jpg 100w, https:\/\/www.andrefrereditions.com\/wp-content\/uploads\/2019\/04\/rouge-couleur-colette-pourroy-andre-frere-editions-1-300x300.jpg 300w\" sizes=\"auto, (max-width: 430px) 100vw, 430px\" \/><\/p>\n<p><strong>Red was her color<\/strong><\/p>\n<p>For Colette Pourroy, introspection and artistic exploration are intimately connected. Over time her personal writing has come to impose itself as an artistic statement where photography is the true language for reproducing the real just as much the imagined, events and their echoes. Hidden for a long time, this writing has finally emerged as the specific project of recounting her life story and that of her loved ones. Since then, through both visions and reminiscence, Colette Pourroy has been relentlessly exploring her family saga, their avowed and disavowed stories, pain and nostalgia.<\/p>\n<p>Here the figure of the mother dominates. Under the influence of her magnetic writing, we follow her through a labyrinth of clues, allusions and illusions. Without the narrative thread, only our imagination can help us find our way as we interpret the scattered signs she leaves for us amid these pages.<\/p>\n<p>The shadow of the absent father that traverses the first series, and the uneasiness, the fear and phantoms that surface from the series on her sister all give way here to an omnipresent yet evanescent sense of mystery and fascination for the female body of a mother.<\/p>\n<p><img loading=\"lazy\" decoding=\"async\" class=\"alignnone size-full wp-image-8585\" src=\"https:\/\/www.andrefrereditions.com\/wp-content\/uploads\/2019\/04\/rouge-couleur-colette-pourroy-andre-frere-editions-3.jpg\" alt=\"rouge-couleur-colette-pourroy-andre-frere-editions-3\" width=\"430\" height=\"430\" srcset=\"https:\/\/www.andrefrereditions.com\/wp-content\/uploads\/2019\/04\/rouge-couleur-colette-pourroy-andre-frere-editions-3.jpg 430w, https:\/\/www.andrefrereditions.com\/wp-content\/uploads\/2019\/04\/rouge-couleur-colette-pourroy-andre-frere-editions-3-420x420.jpg 420w, https:\/\/www.andrefrereditions.com\/wp-content\/uploads\/2019\/04\/rouge-couleur-colette-pourroy-andre-frere-editions-3-100x100.jpg 100w, https:\/\/www.andrefrereditions.com\/wp-content\/uploads\/2019\/04\/rouge-couleur-colette-pourroy-andre-frere-editions-3-300x300.jpg 300w\" sizes=\"auto, (max-width: 430px) 100vw, 430px\" \/><\/p>\n<p>The unique poetry of Colette Pourroy\u2019s visual universe feeds on very personal emotions. The portrait of a young woman and the staged appearances of her counterpart reinforce the sensuality, the force and the femininity of the protagonist of this new tale, of this mother who so loved the color red. Her daughter has chosen to translate this into black and white.<\/p>\n<p><img loading=\"lazy\" decoding=\"async\" class=\"alignnone wp-image-8604 size-full\" src=\"https:\/\/www.andrefrereditions.com\/wp-content\/uploads\/2019\/04\/rouge-couleur-colette-pourroy-andre-frere-editions-4-1.jpg\" alt=\"\" width=\"430\" height=\"430\" srcset=\"https:\/\/www.andrefrereditions.com\/wp-content\/uploads\/2019\/04\/rouge-couleur-colette-pourroy-andre-frere-editions-4-1.jpg 430w, https:\/\/www.andrefrereditions.com\/wp-content\/uploads\/2019\/04\/rouge-couleur-colette-pourroy-andre-frere-editions-4-1-420x420.jpg 420w, https:\/\/www.andrefrereditions.com\/wp-content\/uploads\/2019\/04\/rouge-couleur-colette-pourroy-andre-frere-editions-4-1-100x100.jpg 100w, https:\/\/www.andrefrereditions.com\/wp-content\/uploads\/2019\/04\/rouge-couleur-colette-pourroy-andre-frere-editions-4-1-300x300.jpg 300w\" sizes=\"auto, (max-width: 430px) 100vw, 430px\" \/><\/p>\n<p>From the very first images, the tone alludes to a love story overshadowed by a dark presage. The lightness of first loves is quickly darkened by the appearance of closed doors and locked-up bodies.<\/p>\n<p><img loading=\"lazy\" decoding=\"async\" class=\"alignnone size-full wp-image-8589\" src=\"https:\/\/www.andrefrereditions.com\/wp-content\/uploads\/2019\/04\/rouge-couleur-colette-pourroy-andre-frere-editions-5.jpg\" alt=\"rouge-couleur-colette-pourroy-andre-frere-editions-5\" width=\"430\" height=\"430\" srcset=\"https:\/\/www.andrefrereditions.com\/wp-content\/uploads\/2019\/04\/rouge-couleur-colette-pourroy-andre-frere-editions-5.jpg 430w, https:\/\/www.andrefrereditions.com\/wp-content\/uploads\/2019\/04\/rouge-couleur-colette-pourroy-andre-frere-editions-5-420x420.jpg 420w, https:\/\/www.andrefrereditions.com\/wp-content\/uploads\/2019\/04\/rouge-couleur-colette-pourroy-andre-frere-editions-5-100x100.jpg 100w, https:\/\/www.andrefrereditions.com\/wp-content\/uploads\/2019\/04\/rouge-couleur-colette-pourroy-andre-frere-editions-5-300x300.jpg 300w\" sizes=\"auto, (max-width: 430px) 100vw, 430px\" \/><\/p>\n<p>A suitcase, stiletto heels dancing on tiling, a frozen typewriter and flashes in the dark evoke the painful repetition of departures and separations. Loneliness invades these spaces, footsteps in the snow diverge as they drift away, glass walls erect themselves as barriers and a starless night descends over the countryside and into a house.<\/p>\n<p><img loading=\"lazy\" decoding=\"async\" class=\"alignnone size-full wp-image-8591\" src=\"https:\/\/www.andrefrereditions.com\/wp-content\/uploads\/2019\/04\/rouge-couleur-colette-pourroy-andre-frere-editions-6.jpg\" alt=\"rouge-couleur-colette-pourroy-andre-frere-editions-6\" width=\"430\" height=\"430\" srcset=\"https:\/\/www.andrefrereditions.com\/wp-content\/uploads\/2019\/04\/rouge-couleur-colette-pourroy-andre-frere-editions-6.jpg 430w, https:\/\/www.andrefrereditions.com\/wp-content\/uploads\/2019\/04\/rouge-couleur-colette-pourroy-andre-frere-editions-6-420x420.jpg 420w, https:\/\/www.andrefrereditions.com\/wp-content\/uploads\/2019\/04\/rouge-couleur-colette-pourroy-andre-frere-editions-6-100x100.jpg 100w, https:\/\/www.andrefrereditions.com\/wp-content\/uploads\/2019\/04\/rouge-couleur-colette-pourroy-andre-frere-editions-6-300x300.jpg 300w\" sizes=\"auto, (max-width: 430px) 100vw, 430px\" \/><\/p>\n<p>This universe, inhabited by errant souls searching for loved ones or a dream family, exudes desire and its impossibility. Colette Pourroy continues her inner voyage, overturns memories, breaks taboos and repairs\u2026 Over the course of this journey, her singular, spellbinding writing affirms itself as her magic renders visible the invisible.<\/p>\n<p>Laura Serani<\/p>\n<p><img loading=\"lazy\" decoding=\"async\" class=\"alignnone size-full wp-image-8593\" src=\"https:\/\/www.andrefrereditions.com\/wp-content\/uploads\/2019\/04\/rouge-couleur-colette-pourroy-andre-frere-editions-7.jpg\" alt=\"rouge-couleur-colette-pourroy-andre-frere-editions-7\" width=\"430\" height=\"430\" srcset=\"https:\/\/www.andrefrereditions.com\/wp-content\/uploads\/2019\/04\/rouge-couleur-colette-pourroy-andre-frere-editions-7.jpg 430w, https:\/\/www.andrefrereditions.com\/wp-content\/uploads\/2019\/04\/rouge-couleur-colette-pourroy-andre-frere-editions-7-420x420.jpg 420w, https:\/\/www.andrefrereditions.com\/wp-content\/uploads\/2019\/04\/rouge-couleur-colette-pourroy-andre-frere-editions-7-100x100.jpg 100w, https:\/\/www.andrefrereditions.com\/wp-content\/uploads\/2019\/04\/rouge-couleur-colette-pourroy-andre-frere-editions-7-300x300.jpg 300w\" sizes=\"auto, (max-width: 430px) 100vw, 430px\" \/><\/p>\n<p>&nbsp;<\/p>\n<p><img loading=\"lazy\" decoding=\"async\" class=\"alignnone size-full wp-image-8595\" src=\"https:\/\/www.andrefrereditions.com\/wp-content\/uploads\/2019\/04\/rouge-couleur-colette-pourroy-andre-frere-editions-8.jpg\" alt=\"rouge-couleur-colette-pourroy-andre-frere-editions-8\" width=\"430\" height=\"430\" srcset=\"https:\/\/www.andrefrereditions.com\/wp-content\/uploads\/2019\/04\/rouge-couleur-colette-pourroy-andre-frere-editions-8.jpg 430w, https:\/\/www.andrefrereditions.com\/wp-content\/uploads\/2019\/04\/rouge-couleur-colette-pourroy-andre-frere-editions-8-420x420.jpg 420w, https:\/\/www.andrefrereditions.com\/wp-content\/uploads\/2019\/04\/rouge-couleur-colette-pourroy-andre-frere-editions-8-100x100.jpg 100w, https:\/\/www.andrefrereditions.com\/wp-content\/uploads\/2019\/04\/rouge-couleur-colette-pourroy-andre-frere-editions-8-300x300.jpg 300w\" sizes=\"auto, (max-width: 430px) 100vw, 430px\" \/><\/p>\n<p><img loading=\"lazy\" decoding=\"async\" class=\"alignnone size-full wp-image-8597\" src=\"https:\/\/www.andrefrereditions.com\/wp-content\/uploads\/2019\/04\/rouge-couleur-colette-pourroy-andre-frere-editions-9.jpg\" alt=\"rouge-couleur-colette-pourroy-andre-frere-editions-9\" width=\"430\" height=\"430\" srcset=\"https:\/\/www.andrefrereditions.com\/wp-content\/uploads\/2019\/04\/rouge-couleur-colette-pourroy-andre-frere-editions-9.jpg 430w, https:\/\/www.andrefrereditions.com\/wp-content\/uploads\/2019\/04\/rouge-couleur-colette-pourroy-andre-frere-editions-9-420x420.jpg 420w, https:\/\/www.andrefrereditions.com\/wp-content\/uploads\/2019\/04\/rouge-couleur-colette-pourroy-andre-frere-editions-9-100x100.jpg 100w, https:\/\/www.andrefrereditions.com\/wp-content\/uploads\/2019\/04\/rouge-couleur-colette-pourroy-andre-frere-editions-9-300x300.jpg 300w\" sizes=\"auto, (max-width: 430px) 100vw, 430px\" \/><\/p>\n","protected":false},"excerpt":{"rendered":"<p>Photographs : Colette Pourroy Text : Colette Pourroy, Michel Meiffren, Laura Serani 16,5 x 19,5 cm 64 pages Hardcover 31 duotones pictures French \/ English \u20ac22 To be released 27 august 2019 ISBN : 979-10-92265-8-42 Red was her color For Colette Pourroy, introspection and artistic exploration are intimately connected. Over time her personal writing has [&hellip;]<\/p>\n","protected":false},"featured_media":8580,"template":"","meta":[],"product_brand":[],"product_cat":[37],"product_tag":[],"class_list":{"0":"post-8616","1":"product","2":"type-product","3":"status-publish","4":"has-post-thumbnail","6":"product_cat-photography","7":"product_shipping_class-c2-en","9":"first","10":"instock","11":"shipping-taxable","12":"purchasable","13":"product-type-simple"},"yoast_head":"<!-- This site is optimized with the Yoast SEO plugin v27.5 - https:\/\/yoast.com\/product\/yoast-seo-wordpress\/ -->\n<title>Rouge \u00e9tait sa couleur | Andr\u00e9 Fr\u00e8re \u00c9ditions<\/title>\n<meta name=\"description\" content=\"Rouge \u00e9tait sa couleur par Colette Pourroy dans la cat\u00e9gorie Photography. Publi\u00e9 par Andr\u00e9 Fr\u00e8re \u00c9ditions.\" \/>\n<meta name=\"robots\" content=\"index, follow, max-snippet:-1, max-image-preview:large, max-video-preview:-1\" \/>\n<link rel=\"canonical\" href=\"https:\/\/www.andrefrereditions.com\/en\/books\/photography\/rouge-etait-sa-couleur\/\" \/>\n<meta property=\"og:locale\" content=\"en_US\" \/>\n<meta property=\"og:type\" content=\"article\" \/>\n<meta property=\"og:title\" content=\"Rouge \u00e9tait sa couleur | Andr\u00e9 Fr\u00e8re \u00c9ditions\" \/>\n<meta property=\"og:description\" content=\"Rouge \u00e9tait sa couleur par Colette Pourroy dans la cat\u00e9gorie Photography. Publi\u00e9 par Andr\u00e9 Fr\u00e8re \u00c9ditions.\" \/>\n<meta property=\"og:url\" content=\"https:\/\/www.andrefrereditions.com\/en\/books\/photography\/rouge-etait-sa-couleur\/\" \/>\n<meta property=\"og:site_name\" content=\"Andr\u00e9 Fr\u00e8re \u00c9ditions\" \/>\n<meta property=\"article:modified_time\" content=\"2025-06-26T09:14:51+00:00\" \/>\n<meta property=\"og:image\" content=\"https:\/\/www.andrefrereditions.com\/wp-content\/uploads\/2019\/04\/rouge-couleur-colette-pourroy-andre-frere-editions.jpg\" \/>\n\t<meta property=\"og:image:width\" content=\"420\" \/>\n\t<meta property=\"og:image:height\" content=\"496\" \/>\n\t<meta property=\"og:image:type\" content=\"image\/jpeg\" \/>\n<meta name=\"twitter:label1\" content=\"Est. reading time\" \/>\n\t<meta name=\"twitter:data1\" content=\"2 minutes\" \/>\n<script type=\"application\/ld+json\" class=\"yoast-schema-graph\">{\"@context\":\"https:\\\/\\\/schema.org\",\"@graph\":[{\"@type\":\"WebPage\",\"@id\":\"https:\\\/\\\/www.andrefrereditions.com\\\/en\\\/books\\\/photography\\\/rouge-etait-sa-couleur\\\/\",\"url\":\"https:\\\/\\\/www.andrefrereditions.com\\\/en\\\/books\\\/photography\\\/rouge-etait-sa-couleur\\\/\",\"name\":\"Rouge \u00e9tait sa couleur | Andr\u00e9 Fr\u00e8re \u00c9ditions\",\"isPartOf\":{\"@id\":\"https:\\\/\\\/www.andrefrereditions.com\\\/en\\\/#website\"},\"primaryImageOfPage\":{\"@id\":\"https:\\\/\\\/www.andrefrereditions.com\\\/en\\\/books\\\/photography\\\/rouge-etait-sa-couleur\\\/#primaryimage\"},\"image\":{\"@id\":\"https:\\\/\\\/www.andrefrereditions.com\\\/en\\\/books\\\/photography\\\/rouge-etait-sa-couleur\\\/#primaryimage\"},\"thumbnailUrl\":\"https:\\\/\\\/www.andrefrereditions.com\\\/wp-content\\\/uploads\\\/2019\\\/04\\\/rouge-couleur-colette-pourroy-andre-frere-editions.jpg\",\"datePublished\":\"2019-05-27T20:24:53+00:00\",\"dateModified\":\"2025-06-26T09:14:51+00:00\",\"description\":\"Rouge \u00e9tait sa couleur par Colette Pourroy dans la cat\u00e9gorie Photography. Publi\u00e9 par Andr\u00e9 Fr\u00e8re \u00c9ditions.\",\"breadcrumb\":{\"@id\":\"https:\\\/\\\/www.andrefrereditions.com\\\/en\\\/books\\\/photography\\\/rouge-etait-sa-couleur\\\/#breadcrumb\"},\"inLanguage\":\"en-US\",\"potentialAction\":[{\"@type\":\"ReadAction\",\"target\":[\"https:\\\/\\\/www.andrefrereditions.com\\\/en\\\/books\\\/photography\\\/rouge-etait-sa-couleur\\\/\"]}]},{\"@type\":\"ImageObject\",\"inLanguage\":\"en-US\",\"@id\":\"https:\\\/\\\/www.andrefrereditions.com\\\/en\\\/books\\\/photography\\\/rouge-etait-sa-couleur\\\/#primaryimage\",\"url\":\"https:\\\/\\\/www.andrefrereditions.com\\\/wp-content\\\/uploads\\\/2019\\\/04\\\/rouge-couleur-colette-pourroy-andre-frere-editions.jpg\",\"contentUrl\":\"https:\\\/\\\/www.andrefrereditions.com\\\/wp-content\\\/uploads\\\/2019\\\/04\\\/rouge-couleur-colette-pourroy-andre-frere-editions.jpg\",\"width\":420,\"height\":496},{\"@type\":\"BreadcrumbList\",\"@id\":\"https:\\\/\\\/www.andrefrereditions.com\\\/en\\\/books\\\/photography\\\/rouge-etait-sa-couleur\\\/#breadcrumb\",\"itemListElement\":[{\"@type\":\"ListItem\",\"position\":1,\"name\":\"Home\",\"item\":\"https:\\\/\\\/www.andrefrereditions.com\\\/en\\\/\"},{\"@type\":\"ListItem\",\"position\":2,\"name\":\"Books\",\"item\":\"https:\\\/\\\/www.andrefrereditions.com\\\/en\\\/books\\\/\"},{\"@type\":\"ListItem\",\"position\":3,\"name\":\"Rouge \u00e9tait sa couleur\"}]},{\"@type\":\"WebSite\",\"@id\":\"https:\\\/\\\/www.andrefrereditions.com\\\/en\\\/#website\",\"url\":\"https:\\\/\\\/www.andrefrereditions.com\\\/en\\\/\",\"name\":\"Andr\u00e9 Fr\u00e8re \u00c9ditions\",\"description\":\"\u00c9dition ind\u00e9pendante de photographie et d\u2019art\",\"publisher\":{\"@id\":\"https:\\\/\\\/www.andrefrereditions.com\\\/en\\\/#organization\"},\"potentialAction\":[{\"@type\":\"SearchAction\",\"target\":{\"@type\":\"EntryPoint\",\"urlTemplate\":\"https:\\\/\\\/www.andrefrereditions.com\\\/en\\\/?s={search_term_string}\"},\"query-input\":{\"@type\":\"PropertyValueSpecification\",\"valueRequired\":true,\"valueName\":\"search_term_string\"}}],\"inLanguage\":\"en-US\"},{\"@type\":\"Organization\",\"@id\":\"https:\\\/\\\/www.andrefrereditions.com\\\/en\\\/#organization\",\"name\":\"Andr\u00e9 Fr\u00e8re \u00c9ditions\",\"url\":\"https:\\\/\\\/www.andrefrereditions.com\\\/en\\\/\",\"logo\":{\"@type\":\"ImageObject\",\"inLanguage\":\"en-US\",\"@id\":\"https:\\\/\\\/www.andrefrereditions.com\\\/en\\\/#\\\/schema\\\/logo\\\/image\\\/\",\"url\":\"https:\\\/\\\/www.andrefrereditions.com\\\/wp-content\\\/uploads\\\/2014\\\/12\\\/andre-frere-editions-logo.png\",\"contentUrl\":\"https:\\\/\\\/www.andrefrereditions.com\\\/wp-content\\\/uploads\\\/2014\\\/12\\\/andre-frere-editions-logo.png\",\"width\":80,\"height\":79,\"caption\":\"Andr\u00e9 Fr\u00e8re \u00c9ditions\"},\"image\":{\"@id\":\"https:\\\/\\\/www.andrefrereditions.com\\\/en\\\/#\\\/schema\\\/logo\\\/image\\\/\"}}]}<\/script>\n<!-- \/ Yoast SEO plugin. -->","yoast_head_json":{"title":"Rouge \u00e9tait sa couleur | Andr\u00e9 Fr\u00e8re \u00c9ditions","description":"Rouge \u00e9tait sa couleur par Colette Pourroy dans la cat\u00e9gorie Photography. Publi\u00e9 par Andr\u00e9 Fr\u00e8re \u00c9ditions.","robots":{"index":"index","follow":"follow","max-snippet":"max-snippet:-1","max-image-preview":"max-image-preview:large","max-video-preview":"max-video-preview:-1"},"canonical":"https:\/\/www.andrefrereditions.com\/en\/books\/photography\/rouge-etait-sa-couleur\/","og_locale":"en_US","og_type":"article","og_title":"Rouge \u00e9tait sa couleur | Andr\u00e9 Fr\u00e8re \u00c9ditions","og_description":"Rouge \u00e9tait sa couleur par Colette Pourroy dans la cat\u00e9gorie Photography. Publi\u00e9 par Andr\u00e9 Fr\u00e8re \u00c9ditions.","og_url":"https:\/\/www.andrefrereditions.com\/en\/books\/photography\/rouge-etait-sa-couleur\/","og_site_name":"Andr\u00e9 Fr\u00e8re \u00c9ditions","article_modified_time":"2025-06-26T09:14:51+00:00","og_image":[{"width":420,"height":496,"url":"https:\/\/www.andrefrereditions.com\/wp-content\/uploads\/2019\/04\/rouge-couleur-colette-pourroy-andre-frere-editions.jpg","type":"image\/jpeg"}],"twitter_misc":{"Est. reading time":"2 minutes"},"schema":{"@context":"https:\/\/schema.org","@graph":[{"@type":"WebPage","@id":"https:\/\/www.andrefrereditions.com\/en\/books\/photography\/rouge-etait-sa-couleur\/","url":"https:\/\/www.andrefrereditions.com\/en\/books\/photography\/rouge-etait-sa-couleur\/","name":"Rouge \u00e9tait sa couleur | Andr\u00e9 Fr\u00e8re \u00c9ditions","isPartOf":{"@id":"https:\/\/www.andrefrereditions.com\/en\/#website"},"primaryImageOfPage":{"@id":"https:\/\/www.andrefrereditions.com\/en\/books\/photography\/rouge-etait-sa-couleur\/#primaryimage"},"image":{"@id":"https:\/\/www.andrefrereditions.com\/en\/books\/photography\/rouge-etait-sa-couleur\/#primaryimage"},"thumbnailUrl":"https:\/\/www.andrefrereditions.com\/wp-content\/uploads\/2019\/04\/rouge-couleur-colette-pourroy-andre-frere-editions.jpg","datePublished":"2019-05-27T20:24:53+00:00","dateModified":"2025-06-26T09:14:51+00:00","description":"Rouge \u00e9tait sa couleur par Colette Pourroy dans la cat\u00e9gorie Photography. Publi\u00e9 par Andr\u00e9 Fr\u00e8re \u00c9ditions.","breadcrumb":{"@id":"https:\/\/www.andrefrereditions.com\/en\/books\/photography\/rouge-etait-sa-couleur\/#breadcrumb"},"inLanguage":"en-US","potentialAction":[{"@type":"ReadAction","target":["https:\/\/www.andrefrereditions.com\/en\/books\/photography\/rouge-etait-sa-couleur\/"]}]},{"@type":"ImageObject","inLanguage":"en-US","@id":"https:\/\/www.andrefrereditions.com\/en\/books\/photography\/rouge-etait-sa-couleur\/#primaryimage","url":"https:\/\/www.andrefrereditions.com\/wp-content\/uploads\/2019\/04\/rouge-couleur-colette-pourroy-andre-frere-editions.jpg","contentUrl":"https:\/\/www.andrefrereditions.com\/wp-content\/uploads\/2019\/04\/rouge-couleur-colette-pourroy-andre-frere-editions.jpg","width":420,"height":496},{"@type":"BreadcrumbList","@id":"https:\/\/www.andrefrereditions.com\/en\/books\/photography\/rouge-etait-sa-couleur\/#breadcrumb","itemListElement":[{"@type":"ListItem","position":1,"name":"Home","item":"https:\/\/www.andrefrereditions.com\/en\/"},{"@type":"ListItem","position":2,"name":"Books","item":"https:\/\/www.andrefrereditions.com\/en\/books\/"},{"@type":"ListItem","position":3,"name":"Rouge \u00e9tait sa couleur"}]},{"@type":"WebSite","@id":"https:\/\/www.andrefrereditions.com\/en\/#website","url":"https:\/\/www.andrefrereditions.com\/en\/","name":"Andr\u00e9 Fr\u00e8re \u00c9ditions","description":"\u00c9dition ind\u00e9pendante de photographie et d\u2019art","publisher":{"@id":"https:\/\/www.andrefrereditions.com\/en\/#organization"},"potentialAction":[{"@type":"SearchAction","target":{"@type":"EntryPoint","urlTemplate":"https:\/\/www.andrefrereditions.com\/en\/?s={search_term_string}"},"query-input":{"@type":"PropertyValueSpecification","valueRequired":true,"valueName":"search_term_string"}}],"inLanguage":"en-US"},{"@type":"Organization","@id":"https:\/\/www.andrefrereditions.com\/en\/#organization","name":"Andr\u00e9 Fr\u00e8re \u00c9ditions","url":"https:\/\/www.andrefrereditions.com\/en\/","logo":{"@type":"ImageObject","inLanguage":"en-US","@id":"https:\/\/www.andrefrereditions.com\/en\/#\/schema\/logo\/image\/","url":"https:\/\/www.andrefrereditions.com\/wp-content\/uploads\/2014\/12\/andre-frere-editions-logo.png","contentUrl":"https:\/\/www.andrefrereditions.com\/wp-content\/uploads\/2014\/12\/andre-frere-editions-logo.png","width":80,"height":79,"caption":"Andr\u00e9 Fr\u00e8re \u00c9ditions"},"image":{"@id":"https:\/\/www.andrefrereditions.com\/en\/#\/schema\/logo\/image\/"}}]}},"_links":{"self":[{"href":"https:\/\/www.andrefrereditions.com\/en\/wp-json\/wp\/v2\/product\/8616","targetHints":{"allow":["GET"]}}],"collection":[{"href":"https:\/\/www.andrefrereditions.com\/en\/wp-json\/wp\/v2\/product"}],"about":[{"href":"https:\/\/www.andrefrereditions.com\/en\/wp-json\/wp\/v2\/types\/product"}],"wp:featuredmedia":[{"embeddable":true,"href":"https:\/\/www.andrefrereditions.com\/en\/wp-json\/wp\/v2\/media\/8580"}],"wp:attachment":[{"href":"https:\/\/www.andrefrereditions.com\/en\/wp-json\/wp\/v2\/media?parent=8616"}],"wp:term":[{"taxonomy":"product_brand","embeddable":true,"href":"https:\/\/www.andrefrereditions.com\/en\/wp-json\/wp\/v2\/product_brand?post=8616"},{"taxonomy":"product_cat","embeddable":true,"href":"https:\/\/www.andrefrereditions.com\/en\/wp-json\/wp\/v2\/product_cat?post=8616"},{"taxonomy":"product_tag","embeddable":true,"href":"https:\/\/www.andrefrereditions.com\/en\/wp-json\/wp\/v2\/product_tag?post=8616"}],"curies":[{"name":"wp","href":"https:\/\/api.w.org\/{rel}","templated":true}]}}